{"id":125,"date":"2025-09-12T14:47:54","date_gmt":"2025-09-12T18:47:54","guid":{"rendered":"https:\/\/pressbooks.bccampus.ca\/butiliveresourcefrancais\/?post_type=chapter&#038;p=125"},"modified":"2026-04-28T20:50:07","modified_gmt":"2026-04-29T00:50:07","slug":"lholocauste-et-la-geographie","status":"publish","type":"chapter","link":"https:\/\/pressbooks.bccampus.ca\/butiliveresourcefrancais\/chapter\/lholocauste-et-la-geographie\/","title":{"raw":"L\u2019Holocauste et la g\u00e9ographie","rendered":"L\u2019Holocauste et la g\u00e9ographie"},"content":{"raw":"<p style=\"font-weight: 400\">Cette le\u00e7on s\u2019appuie sur la compr\u00e9hension qu\u2019ont les \u00e9l\u00e8ves de l\u2019Holocauste et utilise cette compr\u00e9hension pour \u00e9tablir des liens avec l\u2019impact de la g\u00e9ographie sur les victimes de l\u2019Holocauste.<\/p>\r\n\r\n<div class=\"textbox textbox--learning-objectives\"><header class=\"textbox__header\">\r\n<p style=\"font-weight: 400\">Objectifs d\u2019apprentissage<\/p>\r\n\r\n<\/header>\r\n<div class=\"textbox__content\">\r\n<p style=\"font-weight: 400\">Les \u00e9l\u00e8ves seront capables de\/d\u2019 :<\/p>\r\n\r\n<ul>\r\n \t<li>acqu\u00e9rir les connaissances et les comp\u00e9tences n\u00e9cessaires pour utiliser la g\u00e9ographie comme lorgnette pour explorer les questions li\u00e9es \u00e0 l\u2019Holocauste.<\/li>\r\n \t<li>cr\u00e9er une repr\u00e9sentation visuelle du temps et de l\u2019espace des \u00e9v\u00e8nements importants survenus pendant l\u2019Holocauste.<\/li>\r\n<\/ul>\r\n<\/div>\r\n<\/div>\r\n<h2>Questions directrices<\/h2>\r\n<ul>\r\n \t<li>Comment la g\u00e9ographie physique d\u2019une r\u00e9gion influe-t-elle sur la r\u00e9partition des gens ?<\/li>\r\n \t<li>Comment et pourquoi les Juif\u00b7ves ont-ils\/elles \u00e9t\u00e9 r\u00e9parti\u00b7es comme ils\/elles l\u2019ont \u00e9t\u00e9 \u00e0 travers l\u2019Europe ?<\/li>\r\n<\/ul>\r\n<h2>Pr\u00e9paration<\/h2>\r\n<p style=\"font-weight: 400\">Rassemblez le mat\u00e9riel suppl\u00e9mentaire :<\/p>\r\n\r\n<ul>\r\n \t<li>une carte de l\u2019Europe pendant la Seconde Guerre mondiale<\/li>\r\n \t<li>une frise chronologique simple de l\u2019Holocauste. Cette frise chronologique peut \u00e9galement \u00eatre \u00e9labor\u00e9e collectivement en classe ou tir\u00e9e d\u2019une source fiable.<\/li>\r\n<\/ul>\r\n<h2>Introduction<\/h2>\r\n<p style=\"font-weight: 400\">Projetez une carte de l\u2019Europe pendant la Seconde Guerre mondiale.<\/p>\r\n<p style=\"font-weight: 400\">En petits groupes, invitez les \u00e9l\u00e8ves \u00e0 discuter de la localisation physique de tous les \u00e9v\u00e8nements majeurs connus ou des lieux cl\u00e9s de la Seconde Guerre mondiale sur la carte. Demandez-leur d\u2019analyser les raisons pour lesquelles ces \u00e9v\u00e8nements se sont d\u00e9roul\u00e9s \u00e0 ces endroits. Reliez les analyses des \u00e9l\u00e8ves aux t\u00e9moignages historiques.<\/p>\r\n<p style=\"font-weight: 400\">Note\u00a0:\u00a0Si les \u00e9l\u00e8ves ont des connaissances limit\u00e9es sur la g\u00e9ographie de la Seconde Guerre mondiale, il convient de la pr\u00e9senter avant de poursuivre cette le\u00e7on.<\/p>\r\n\r\n<h2>Activit\u00e9s de la le\u00e7on<\/h2>\r\n<h3 style=\"font-weight: 400\">Cr\u00e9ation d\u2019une frise chronologique de l\u2019antis\u00e9mitisme en Europe<\/h3>\r\n<p style=\"font-weight: 400\">En utilisant des ressources fiables, \u00e9laborez une frise chronologique des \u00e9v\u00e8nements importants de l\u2019histoire de l\u2019antis\u00e9mitisme en Europe, en pla\u00e7ant les principaux \u00e9v\u00e8nements (Inquisition espagnole, peste, Martin Luther, pogroms majeurs, etc.) dans l\u2019ordre chronologique.<\/p>\r\n<p style=\"font-weight: 400\">La chronologie pourrait commencer en 1492 et s\u2019\u00e9tendre jusqu\u2019\u00e0 l\u2019Holocauste, ou autrement se concentrer sur le 20e si\u00e8cle.<\/p>\r\n<p style=\"font-weight: 400\">La frise chronologique pourrait \u00eatre une ligne droite et refl\u00e9ter les changements positifs et n\u00e9gatifs subis par la population juive en Europe. Cela permettra de cr\u00e9er le contexte historique n\u00e9cessaire pour la compr\u00e9hension de la g\u00e9ographie.<\/p>\r\n<p style=\"font-weight: 400\">Les ressources sugg\u00e9r\u00e9es pourraient inclure\u00a0:<\/p>\r\n\r\n<ul style=\"font-weight: 400\">\r\n \t<li><a href=\"https:\/\/vhecprograms.thinkific.com\/courses\/antisemitism-you-can-make-a-difference\">Vancouver Holocaust Education Centre Workshop on Antisemtism - You Can Make a Difference<\/a> (<em>ressource en anglais<\/em>)<\/li>\r\n \t<li><a href=\"https:\/\/encyclopedia.ushmm.org\/content\/fr\/article\/antisemitism-in-history-nazi-antisemitism\">United States Holocaust Memorial Museum<\/a> (<em>voici une option similaire d'un article utile <a href=\"https:\/\/www.ushmm.org\/antisemitism\/what-is-antisemitism\/why-the-jews-history-of-antisemitism\">en anglais<\/a><\/em>)<\/li>\r\n \t<li><a href=\"https:\/\/www.yadvashem.org\/fr\/shoah\/a-propos\/apercu-general-1933-39\/l-antisemitisme.html\">Yad Vashem<\/a><\/li>\r\n<\/ul>\r\n<h3>Accent sur l\u2019antis\u00e9mitisme r\u00e9gional<\/h3>\r\n<p style=\"font-weight: 400\">En utilisant une ressource locale ou en rassemblant des documents collectivement en classe, concentrez-vous sur l\u2019antis\u00e9mitisme r\u00e9gional.<\/p>\r\n<p style=\"font-weight: 400\">Vous pourriez utiliser un outil tel que <a href=\"https:\/\/www.canva.com\/fr_fr\/creer\/frise-chronologique\/\">Canva pour cr\u00e9er la frise chronologique.<\/a><\/p>\r\n\r\n<ul>\r\n \t<li>Par exemple, le kit de ressources du Vancouver Holocaust Education Centre, \u00ab\u00a0Too Close to Home\u00a0:\u00a0Antisemitism and Fascism in Canada 1930s and 1940s\u00a0\u00bb, fournit <a href=\"https:\/\/vhec.org\/wp-content\/uploads\/TCTH-Artefact-Pages.pdf\">un kit d\u2019artefacts et des documents<\/a> avec <a href=\"https:\/\/vhec.org\/wp-content\/uploads\/TCTH-Teachers-Guide.pdf\">des ressources pour les enseignant\u00b7es<\/a> (<em>ressource en anglais<\/em>).<\/li>\r\n<\/ul>\r\n<h3>Conclusion<\/h3>\r\n<h4 style=\"font-weight: 400\">Comparaisons<\/h4>\r\n<p style=\"font-weight: 400\">En utilisant les deux frises chronologiques, faites une comparaison entre l\u2019exp\u00e9rience europ\u00e9enne (en g\u00e9n\u00e9ral) de l\u2019antis\u00e9mitisme et les exp\u00e9riences r\u00e9gionales ou locales de l\u2019antis\u00e9mitisme.<\/p>\r\n\r\n<ul>\r\n \t<li>Revoyez les facteurs cl\u00e9s des d\u00e9placements et de la r\u00e9partition de la population juive en Europe en se basant sur les \u00e9v\u00e8nements significatifs.<\/li>\r\n<\/ul>\r\n<h2>Pour aller plus loin<\/h2>\r\n<p style=\"font-weight: 400\">Prolongez l\u2019engagement des \u00e9l\u00e8ves en leur demandant d\u2019annoter une carte. La classe peut \u00eatre divis\u00e9e en trois groupes. Chaque groupe travaillera \u00e0 la cr\u00e9ation d\u2019une carte couvrant l\u2019un des \u00e9v\u00e8nements\/lieux suivants :<\/p>\r\n\r\n<ul>\r\n \t<li>camps de concentration<\/li>\r\n \t<li>ghettos<\/li>\r\n \t<li>massacres<\/li>\r\n<\/ul>\r\n<p style=\"font-weight: 400\">Pour cr\u00e9er ces cartes, encouragez les \u00e9l\u00e8ves \u00e0 consulter les sites suivants (et d\u2019autres ressources fiables sur l\u2019Holocauste)\u00a0:\u00a0Yad Vashem et United States Holocaust Memorial Museum. Les cartes doivent comporter des renseignements importants tels que les villes, les principales ressources physiques (eau, for\u00eats, etc.), les principaux points d\u2019int\u00e9r\u00eat, les pays et tout autre renseignement pertinent.<\/p>\r\n&nbsp;\r\n<div><span lang=\"FR-CA\">Les \u00e9l\u00e8ves de chaque groupe peuvent expliquer aux autres ce que contient leur carte ainsi que les informations que leur carte fournit sur l\u2019Holocauste. Au cours de leurs discussions, les \u00e9l\u00e8ves doivent examiner la relation entre les m\u00e9thodes d\u2019extermination\/d\u2019\u00e9limination et les lieux et les espaces o\u00f9 les exterminations ont eu lieu. Par exemple, pourquoi les ghettos et les modes de d\u00e9portation \u00e9taient-ils concentr\u00e9s en milieu urbain ? Les groupes d\u2019\u00e9l\u00e8ves devraient pr\u00e9senter des arguments bien raisonn\u00e9s et \u00e9tay\u00e9s pour d\u00e9fendre leurs positions.<\/span><\/div>\r\n<div style=\"font-weight: 400\">\r\n<div>\r\n<div><\/div>\r\n<\/div>\r\n<div><\/div>\r\n<\/div>","rendered":"<p style=\"font-weight: 400\">Cette le\u00e7on s\u2019appuie sur la compr\u00e9hension qu\u2019ont les \u00e9l\u00e8ves de l\u2019Holocauste et utilise cette compr\u00e9hension pour \u00e9tablir des liens avec l\u2019impact de la g\u00e9ographie sur les victimes de l\u2019Holocauste.<\/p>\n<div class=\"textbox textbox--learning-objectives\">\n<header class=\"textbox__header\">\n<p style=\"font-weight: 400\">Objectifs d\u2019apprentissage<\/p>\n<\/header>\n<div class=\"textbox__content\">\n<p style=\"font-weight: 400\">Les \u00e9l\u00e8ves seront capables de\/d\u2019 :<\/p>\n<ul>\n<li>acqu\u00e9rir les connaissances et les comp\u00e9tences n\u00e9cessaires pour utiliser la g\u00e9ographie comme lorgnette pour explorer les questions li\u00e9es \u00e0 l\u2019Holocauste.<\/li>\n<li>cr\u00e9er une repr\u00e9sentation visuelle du temps et de l\u2019espace des \u00e9v\u00e8nements importants survenus pendant l\u2019Holocauste.<\/li>\n<\/ul>\n<\/div>\n<\/div>\n<h2>Questions directrices<\/h2>\n<ul>\n<li>Comment la g\u00e9ographie physique d\u2019une r\u00e9gion influe-t-elle sur la r\u00e9partition des gens ?<\/li>\n<li>Comment et pourquoi les Juif\u00b7ves ont-ils\/elles \u00e9t\u00e9 r\u00e9parti\u00b7es comme ils\/elles l\u2019ont \u00e9t\u00e9 \u00e0 travers l\u2019Europe ?<\/li>\n<\/ul>\n<h2>Pr\u00e9paration<\/h2>\n<p style=\"font-weight: 400\">Rassemblez le mat\u00e9riel suppl\u00e9mentaire :<\/p>\n<ul>\n<li>une carte de l\u2019Europe pendant la Seconde Guerre mondiale<\/li>\n<li>une frise chronologique simple de l\u2019Holocauste. Cette frise chronologique peut \u00e9galement \u00eatre \u00e9labor\u00e9e collectivement en classe ou tir\u00e9e d\u2019une source fiable.<\/li>\n<\/ul>\n<h2>Introduction<\/h2>\n<p style=\"font-weight: 400\">Projetez une carte de l\u2019Europe pendant la Seconde Guerre mondiale.<\/p>\n<p style=\"font-weight: 400\">En petits groupes, invitez les \u00e9l\u00e8ves \u00e0 discuter de la localisation physique de tous les \u00e9v\u00e8nements majeurs connus ou des lieux cl\u00e9s de la Seconde Guerre mondiale sur la carte. Demandez-leur d\u2019analyser les raisons pour lesquelles ces \u00e9v\u00e8nements se sont d\u00e9roul\u00e9s \u00e0 ces endroits. Reliez les analyses des \u00e9l\u00e8ves aux t\u00e9moignages historiques.<\/p>\n<p style=\"font-weight: 400\">Note\u00a0:\u00a0Si les \u00e9l\u00e8ves ont des connaissances limit\u00e9es sur la g\u00e9ographie de la Seconde Guerre mondiale, il convient de la pr\u00e9senter avant de poursuivre cette le\u00e7on.<\/p>\n<h2>Activit\u00e9s de la le\u00e7on<\/h2>\n<h3 style=\"font-weight: 400\">Cr\u00e9ation d\u2019une frise chronologique de l\u2019antis\u00e9mitisme en Europe<\/h3>\n<p style=\"font-weight: 400\">En utilisant des ressources fiables, \u00e9laborez une frise chronologique des \u00e9v\u00e8nements importants de l\u2019histoire de l\u2019antis\u00e9mitisme en Europe, en pla\u00e7ant les principaux \u00e9v\u00e8nements (Inquisition espagnole, peste, Martin Luther, pogroms majeurs, etc.) dans l\u2019ordre chronologique.<\/p>\n<p style=\"font-weight: 400\">La chronologie pourrait commencer en 1492 et s\u2019\u00e9tendre jusqu\u2019\u00e0 l\u2019Holocauste, ou autrement se concentrer sur le 20e si\u00e8cle.<\/p>\n<p style=\"font-weight: 400\">La frise chronologique pourrait \u00eatre une ligne droite et refl\u00e9ter les changements positifs et n\u00e9gatifs subis par la population juive en Europe. Cela permettra de cr\u00e9er le contexte historique n\u00e9cessaire pour la compr\u00e9hension de la g\u00e9ographie.<\/p>\n<p style=\"font-weight: 400\">Les ressources sugg\u00e9r\u00e9es pourraient inclure\u00a0:<\/p>\n<ul style=\"font-weight: 400\">\n<li><a href=\"https:\/\/vhecprograms.thinkific.com\/courses\/antisemitism-you-can-make-a-difference\">Vancouver Holocaust Education Centre Workshop on Antisemtism &#8211; You Can Make a Difference<\/a> (<em>ressource en anglais<\/em>)<\/li>\n<li><a href=\"https:\/\/encyclopedia.ushmm.org\/content\/fr\/article\/antisemitism-in-history-nazi-antisemitism\">United States Holocaust Memorial Museum<\/a> (<em>voici une option similaire d&rsquo;un article utile <a href=\"https:\/\/www.ushmm.org\/antisemitism\/what-is-antisemitism\/why-the-jews-history-of-antisemitism\">en anglais<\/a><\/em>)<\/li>\n<li><a href=\"https:\/\/www.yadvashem.org\/fr\/shoah\/a-propos\/apercu-general-1933-39\/l-antisemitisme.html\">Yad Vashem<\/a><\/li>\n<\/ul>\n<h3>Accent sur l\u2019antis\u00e9mitisme r\u00e9gional<\/h3>\n<p style=\"font-weight: 400\">En utilisant une ressource locale ou en rassemblant des documents collectivement en classe, concentrez-vous sur l\u2019antis\u00e9mitisme r\u00e9gional.<\/p>\n<p style=\"font-weight: 400\">Vous pourriez utiliser un outil tel que <a href=\"https:\/\/www.canva.com\/fr_fr\/creer\/frise-chronologique\/\">Canva pour cr\u00e9er la frise chronologique.<\/a><\/p>\n<ul>\n<li>Par exemple, le kit de ressources du Vancouver Holocaust Education Centre, \u00ab\u00a0Too Close to Home\u00a0:\u00a0Antisemitism and Fascism in Canada 1930s and 1940s\u00a0\u00bb, fournit <a href=\"https:\/\/vhec.org\/wp-content\/uploads\/TCTH-Artefact-Pages.pdf\">un kit d\u2019artefacts et des documents<\/a> avec <a href=\"https:\/\/vhec.org\/wp-content\/uploads\/TCTH-Teachers-Guide.pdf\">des ressources pour les enseignant\u00b7es<\/a> (<em>ressource en anglais<\/em>).<\/li>\n<\/ul>\n<h3>Conclusion<\/h3>\n<h4 style=\"font-weight: 400\">Comparaisons<\/h4>\n<p style=\"font-weight: 400\">En utilisant les deux frises chronologiques, faites une comparaison entre l\u2019exp\u00e9rience europ\u00e9enne (en g\u00e9n\u00e9ral) de l\u2019antis\u00e9mitisme et les exp\u00e9riences r\u00e9gionales ou locales de l\u2019antis\u00e9mitisme.<\/p>\n<ul>\n<li>Revoyez les facteurs cl\u00e9s des d\u00e9placements et de la r\u00e9partition de la population juive en Europe en se basant sur les \u00e9v\u00e8nements significatifs.<\/li>\n<\/ul>\n<h2>Pour aller plus loin<\/h2>\n<p style=\"font-weight: 400\">Prolongez l\u2019engagement des \u00e9l\u00e8ves en leur demandant d\u2019annoter une carte. La classe peut \u00eatre divis\u00e9e en trois groupes. Chaque groupe travaillera \u00e0 la cr\u00e9ation d\u2019une carte couvrant l\u2019un des \u00e9v\u00e8nements\/lieux suivants :<\/p>\n<ul>\n<li>camps de concentration<\/li>\n<li>ghettos<\/li>\n<li>massacres<\/li>\n<\/ul>\n<p style=\"font-weight: 400\">Pour cr\u00e9er ces cartes, encouragez les \u00e9l\u00e8ves \u00e0 consulter les sites suivants (et d\u2019autres ressources fiables sur l\u2019Holocauste)\u00a0:\u00a0Yad Vashem et United States Holocaust Memorial Museum. Les cartes doivent comporter des renseignements importants tels que les villes, les principales ressources physiques (eau, for\u00eats, etc.), les principaux points d\u2019int\u00e9r\u00eat, les pays et tout autre renseignement pertinent.<\/p>\n<p>&nbsp;<\/p>\n<div><span lang=\"FR-CA\">Les \u00e9l\u00e8ves de chaque groupe peuvent expliquer aux autres ce que contient leur carte ainsi que les informations que leur carte fournit sur l\u2019Holocauste. Au cours de leurs discussions, les \u00e9l\u00e8ves doivent examiner la relation entre les m\u00e9thodes d\u2019extermination\/d\u2019\u00e9limination et les lieux et les espaces o\u00f9 les exterminations ont eu lieu. Par exemple, pourquoi les ghettos et les modes de d\u00e9portation \u00e9taient-ils concentr\u00e9s en milieu urbain ? Les groupes d\u2019\u00e9l\u00e8ves devraient pr\u00e9senter des arguments bien raisonn\u00e9s et \u00e9tay\u00e9s pour d\u00e9fendre leurs positions.<\/span><\/div>\n<div style=\"font-weight: 400\">\n<div>\n<div><\/div>\n<\/div>\n<div><\/div>\n<\/div>\n","protected":false},"author":2542,"menu_order":2,"template":"","meta":{"pb_show_title":"on","pb_short_title":"","pb_subtitle":"","pb_authors":[],"pb_section_license":""},"chapter-type":[49],"contributor":[],"license":[],"class_list":["post-125","chapter","type-chapter","status-publish","hentry","chapter-type-numberless"],"part":120,"_links":{"self":[{"href":"https:\/\/pressbooks.bccampus.ca\/butiliveresourcefrancais\/wp-json\/pressbooks\/v2\/chapters\/125","targetHints":{"allow":["GET"]}}],"collection":[{"href":"https:\/\/pressbooks.bccampus.ca\/butiliveresourcefrancais\/wp-json\/pressbooks\/v2\/chapters"}],"about":[{"href":"https:\/\/pressbooks.bccampus.ca\/butiliveresourcefrancais\/wp-json\/wp\/v2\/types\/chapter"}],"author":[{"embeddable":true,"href":"https:\/\/pressbooks.bccampus.ca\/butiliveresourcefrancais\/wp-json\/wp\/v2\/users\/2542"}],"version-history":[{"count":9,"href":"https:\/\/pressbooks.bccampus.ca\/butiliveresourcefrancais\/wp-json\/pressbooks\/v2\/chapters\/125\/revisions"}],"predecessor-version":[{"id":888,"href":"https:\/\/pressbooks.bccampus.ca\/butiliveresourcefrancais\/wp-json\/pressbooks\/v2\/chapters\/125\/revisions\/888"}],"part":[{"href":"https:\/\/pressbooks.bccampus.ca\/butiliveresourcefrancais\/wp-json\/pressbooks\/v2\/parts\/120"}],"metadata":[{"href":"https:\/\/pressbooks.bccampus.ca\/butiliveresourcefrancais\/wp-json\/pressbooks\/v2\/chapters\/125\/metadata\/"}],"wp:attachment":[{"href":"https:\/\/pressbooks.bccampus.ca\/butiliveresourcefrancais\/wp-json\/wp\/v2\/media?parent=125"}],"wp:term":[{"taxonomy":"chapter-type","embeddable":true,"href":"https:\/\/pressbooks.bccampus.ca\/butiliveresourcefrancais\/wp-json\/pressbooks\/v2\/chapter-type?post=125"},{"taxonomy":"contributor","embeddable":true,"href":"https:\/\/pressbooks.bccampus.ca\/butiliveresourcefrancais\/wp-json\/wp\/v2\/contributor?post=125"},{"taxonomy":"license","embeddable":true,"href":"https:\/\/pressbooks.bccampus.ca\/butiliveresourcefrancais\/wp-json\/wp\/v2\/license?post=125"}],"curies":[{"name":"wp","href":"https:\/\/api.w.org\/{rel}","templated":true}]}}