{"id":256,"date":"2026-01-21T16:06:02","date_gmt":"2026-01-21T21:06:02","guid":{"rendered":"https:\/\/pressbooks.bccampus.ca\/butiliveresourcefrancais\/?post_type=chapter&#038;p=256"},"modified":"2026-04-18T18:24:19","modified_gmt":"2026-04-18T22:24:19","slug":"la-resistance-des-femmes","status":"publish","type":"chapter","link":"https:\/\/pressbooks.bccampus.ca\/butiliveresourcefrancais\/chapter\/la-resistance-des-femmes\/","title":{"raw":"La r\u00e9sistance des femmes","rendered":"La r\u00e9sistance des femmes"},"content":{"raw":"<p style=\"font-weight: 400\">Cette le\u00e7on examine les histoires de femmes qui ont aid\u00e9 des autres pendant l\u2019Holocauste. Nous aborderons les th\u00e8mes de la r\u00e9sistance, de la narration personnelle et de l\u2019intersectionnalit\u00e9.<\/p>\r\n&nbsp;\r\n<div class=\"textbox textbox--learning-objectives\"><header class=\"textbox__header\">\r\n<p class=\"textbox__title\">Objectifs d\u2019apprentissage<\/p>\r\n\r\n<\/header>\r\n<div class=\"textbox__content\">\r\n<p style=\"font-weight: 400\">Les \u00e9l\u00e8ves seront capables de\/d\u2019 :<\/p>\r\n\r\n<ul>\r\n \t<li>identifier les fa\u00e7ons dont les femmes ont r\u00e9sist\u00e9 pendant l\u2019Holocauste.<\/li>\r\n \t<li>discuter la fa\u00e7on dont l\u2019apprentissage de la r\u00e9sistance am\u00e9liore notre compr\u00e9hension de l\u2019Holocauste.<\/li>\r\n<\/ul>\r\n<\/div>\r\n<\/div>\r\n<h2>Questions directrices<\/h2>\r\n<ul>\r\n \t<li>Comment les femmes ont-elles r\u00e9sist\u00e9 pendant l\u2019Holocauste ?<\/li>\r\n \t<li>Comment la compr\u00e9hension de la r\u00e9sistance \u00e9largit-elle notre connaissance de l\u2019Holocauste ?<\/li>\r\n<\/ul>\r\n<h2>Introduction<\/h2>\r\n<p style=\"font-weight: 400\">Commencez par un sujet de discussion de type \u00ab\u00a0penser-pr\u00e9parer-partager\u00a0\u00bb.<\/p>\r\n\r\n<ul>\r\n \t<li>Comment les femmes ont-elles eu un impact positif sur les victimes de l\u2019Holocauste ?<\/li>\r\n<\/ul>\r\n<p style=\"font-weight: 400\">Pr\u00e9parez quelques id\u00e9es de discussion au cas o\u00f9 les \u00e9l\u00e8ves \u00e9prouveraient des difficult\u00e9s.<\/p>\r\n\r\n<h2>Activit\u00e9s de la le\u00e7on<\/h2>\r\n<h3 style=\"font-weight: 400\">Lena K\u00fcchler-Silberman<\/h3>\r\n<p style=\"font-weight: 400\">Demandez aux \u00e9l\u00e8ves de lire l\u2019histoire de Lena par deux ou en petits groupes. Les \u00e9l\u00e8ves doivent discuter des questions apr\u00e8s la lecture, en se pr\u00e9parant \u00e0 partager leurs id\u00e9es avec la classe.<\/p>\r\n\r\n<ul>\r\n \t<li>En quoi l\u2019histoire de Lena vous permet-elle d\u2019en savoir plus sur la vie des femmes pendant l\u2019Holocauste ?<\/li>\r\n \t<li>Comment Lena incarne-t-elle et combat-elle les notions de f\u00e9minit\u00e9 au milieu du XXe si\u00e8cle ?<\/li>\r\n \t<li>Pourquoi est-il important que le public connaisse l\u2019histoire de Lena ?<\/li>\r\n \t<li>Comment l\u2019histoire de Lena met-elle en lumi\u00e8re la r\u00e9sistance des femmes juives pendant l\u2019Holocauste ?<\/li>\r\n \t<li>Pourquoi est-il important que nous apprenions ce que sont la r\u00e9sistance et la victimisation pendant l\u2019Holocauste ?<\/li>\r\n<\/ul>\r\n<h3 style=\"font-weight: 400\">Terminer l\u2019infographie<\/h3>\r\n<p style=\"font-weight: 400\">Les \u00e9l\u00e8ves ajouteront des \u00e9l\u00e9ments \u00e0 leur infographie, en se concentrant sur la mani\u00e8re dont les femmes ont r\u00e9sist\u00e9 \u00e0 l\u2019Holocauste. Les \u00e9l\u00e8ves incluront leurs nouvelles connaissances sur la fa\u00e7on dont la r\u00e9sistance peut combattre la victimisation \u00e0 cause de l\u2019intersection d\u2019identit\u00e9s marginalis\u00e9es. Faites r\u00e9f\u00e9rence au mod\u00e8le d\u2019infographie pour que les \u00e9l\u00e8ves sachent ce qui est attendu d\u2019eux.<\/p>\r\n\r\n<h3>Conclusion<\/h3>\r\n<p style=\"font-weight: 400\">Les \u00e9l\u00e8ves d\u00e9velopperont les id\u00e9es pr\u00e9sent\u00e9es dans leur infographie en r\u00e9digeant un article d\u2019opinion ou un \u00ab\u00a0op-ed\u00a0\u00bb.<\/p>\r\n<p style=\"font-weight: 400\">Un article d\u2019opinion est une forme d\u2019essai personnel dans lequel on utilise des arguments pour convaincre le public de la justesse de son opinion afin de modifier ses comportements et ses croyances. Dans un article d\u2019opinion, on essaie de faire appel aux \u00e9motions, \u00e0 l\u2019intellect et aux convictions profondes du public. \u00c9tant donn\u00e9 qu\u2019un article d\u2019opinion pr\u00e9sente vos propres croyances, il doit \u00eatre r\u00e9dig\u00e9 de votre point de vue.<\/p>\r\n<p style=\"font-weight: 400\">Dans cet article d\u2019opinion, les \u00e9l\u00e8ves doivent aborder les trois th\u00e8mes principaux de la section\u00a0:\u00a0l\u2019histoire d\u2019Emmie, l\u2019intersectionnalit\u00e9 et la r\u00e9sistance des femmes. Comment ces trois sujets mettent-ils en lumi\u00e8re de nouvelles compr\u00e9hensions de l\u2019Holocauste ?<\/p>\r\n<p style=\"font-weight: 400\">Les \u00e9l\u00e8ves doivent s\u2019efforcer de r\u00e9diger un texte de 400 \u00e0 500 mots sur ce sujet. Cela repr\u00e9sente environ une page dactylographi\u00e9e. Les \u00e9l\u00e8ves doivent \u00eatre efficaces et concis\u00b7es dans leurs arguments.<\/p>\r\n\r\n<h2>Ressources<\/h2>\r\n<a href=\"https:\/\/pressbooks.bccampus.ca\/butiliveresourcefrancais\/wp-content\/uploads\/sites\/2420\/2026\/01\/4-Document-dappui-Lena-Kuchler-Silberman.pdf\">Document d'appui : Lena K\u00fcchler-Silberman<\/a>\r\n\r\n<a href=\"https:\/\/pressbooks.bccampus.ca\/butiliveresourcefrancais\/wp-content\/uploads\/sites\/2420\/2026\/01\/4-Document-dappui-infographie-sur-lintersectionnalite-1.pdf\">Document d'appui : infographie sur l'intersectionnalit\u00e9<\/a>\r\n<p style=\"font-weight: 400\"><a href=\"https:\/\/pressbooks.bccampus.ca\/butiliveresourcefrancais\/wp-content\/uploads\/sites\/2420\/2026\/01\/4-Document-dappui-plan-dune-presentation-sur-les-femmes-dans-lHolocauste.pptx\">Document d'appui : plan d'une pr\u00e9sentation sur les femmes dans l'Holocauste<\/a> (optionnel)<\/p>","rendered":"<p style=\"font-weight: 400\">Cette le\u00e7on examine les histoires de femmes qui ont aid\u00e9 des autres pendant l\u2019Holocauste. Nous aborderons les th\u00e8mes de la r\u00e9sistance, de la narration personnelle et de l\u2019intersectionnalit\u00e9.<\/p>\n<p>&nbsp;<\/p>\n<div class=\"textbox textbox--learning-objectives\">\n<header class=\"textbox__header\">\n<p class=\"textbox__title\">Objectifs d\u2019apprentissage<\/p>\n<\/header>\n<div class=\"textbox__content\">\n<p style=\"font-weight: 400\">Les \u00e9l\u00e8ves seront capables de\/d\u2019 :<\/p>\n<ul>\n<li>identifier les fa\u00e7ons dont les femmes ont r\u00e9sist\u00e9 pendant l\u2019Holocauste.<\/li>\n<li>discuter la fa\u00e7on dont l\u2019apprentissage de la r\u00e9sistance am\u00e9liore notre compr\u00e9hension de l\u2019Holocauste.<\/li>\n<\/ul>\n<\/div>\n<\/div>\n<h2>Questions directrices<\/h2>\n<ul>\n<li>Comment les femmes ont-elles r\u00e9sist\u00e9 pendant l\u2019Holocauste ?<\/li>\n<li>Comment la compr\u00e9hension de la r\u00e9sistance \u00e9largit-elle notre connaissance de l\u2019Holocauste ?<\/li>\n<\/ul>\n<h2>Introduction<\/h2>\n<p style=\"font-weight: 400\">Commencez par un sujet de discussion de type \u00ab\u00a0penser-pr\u00e9parer-partager\u00a0\u00bb.<\/p>\n<ul>\n<li>Comment les femmes ont-elles eu un impact positif sur les victimes de l\u2019Holocauste ?<\/li>\n<\/ul>\n<p style=\"font-weight: 400\">Pr\u00e9parez quelques id\u00e9es de discussion au cas o\u00f9 les \u00e9l\u00e8ves \u00e9prouveraient des difficult\u00e9s.<\/p>\n<h2>Activit\u00e9s de la le\u00e7on<\/h2>\n<h3 style=\"font-weight: 400\">Lena K\u00fcchler-Silberman<\/h3>\n<p style=\"font-weight: 400\">Demandez aux \u00e9l\u00e8ves de lire l\u2019histoire de Lena par deux ou en petits groupes. Les \u00e9l\u00e8ves doivent discuter des questions apr\u00e8s la lecture, en se pr\u00e9parant \u00e0 partager leurs id\u00e9es avec la classe.<\/p>\n<ul>\n<li>En quoi l\u2019histoire de Lena vous permet-elle d\u2019en savoir plus sur la vie des femmes pendant l\u2019Holocauste ?<\/li>\n<li>Comment Lena incarne-t-elle et combat-elle les notions de f\u00e9minit\u00e9 au milieu du XXe si\u00e8cle ?<\/li>\n<li>Pourquoi est-il important que le public connaisse l\u2019histoire de Lena ?<\/li>\n<li>Comment l\u2019histoire de Lena met-elle en lumi\u00e8re la r\u00e9sistance des femmes juives pendant l\u2019Holocauste ?<\/li>\n<li>Pourquoi est-il important que nous apprenions ce que sont la r\u00e9sistance et la victimisation pendant l\u2019Holocauste ?<\/li>\n<\/ul>\n<h3 style=\"font-weight: 400\">Terminer l\u2019infographie<\/h3>\n<p style=\"font-weight: 400\">Les \u00e9l\u00e8ves ajouteront des \u00e9l\u00e9ments \u00e0 leur infographie, en se concentrant sur la mani\u00e8re dont les femmes ont r\u00e9sist\u00e9 \u00e0 l\u2019Holocauste. Les \u00e9l\u00e8ves incluront leurs nouvelles connaissances sur la fa\u00e7on dont la r\u00e9sistance peut combattre la victimisation \u00e0 cause de l\u2019intersection d\u2019identit\u00e9s marginalis\u00e9es. Faites r\u00e9f\u00e9rence au mod\u00e8le d\u2019infographie pour que les \u00e9l\u00e8ves sachent ce qui est attendu d\u2019eux.<\/p>\n<h3>Conclusion<\/h3>\n<p style=\"font-weight: 400\">Les \u00e9l\u00e8ves d\u00e9velopperont les id\u00e9es pr\u00e9sent\u00e9es dans leur infographie en r\u00e9digeant un article d\u2019opinion ou un \u00ab\u00a0op-ed\u00a0\u00bb.<\/p>\n<p style=\"font-weight: 400\">Un article d\u2019opinion est une forme d\u2019essai personnel dans lequel on utilise des arguments pour convaincre le public de la justesse de son opinion afin de modifier ses comportements et ses croyances. Dans un article d\u2019opinion, on essaie de faire appel aux \u00e9motions, \u00e0 l\u2019intellect et aux convictions profondes du public. \u00c9tant donn\u00e9 qu\u2019un article d\u2019opinion pr\u00e9sente vos propres croyances, il doit \u00eatre r\u00e9dig\u00e9 de votre point de vue.<\/p>\n<p style=\"font-weight: 400\">Dans cet article d\u2019opinion, les \u00e9l\u00e8ves doivent aborder les trois th\u00e8mes principaux de la section\u00a0:\u00a0l\u2019histoire d\u2019Emmie, l\u2019intersectionnalit\u00e9 et la r\u00e9sistance des femmes. Comment ces trois sujets mettent-ils en lumi\u00e8re de nouvelles compr\u00e9hensions de l\u2019Holocauste ?<\/p>\n<p style=\"font-weight: 400\">Les \u00e9l\u00e8ves doivent s\u2019efforcer de r\u00e9diger un texte de 400 \u00e0 500 mots sur ce sujet. Cela repr\u00e9sente environ une page dactylographi\u00e9e. Les \u00e9l\u00e8ves doivent \u00eatre efficaces et concis\u00b7es dans leurs arguments.<\/p>\n<h2>Ressources<\/h2>\n<p><a href=\"https:\/\/pressbooks.bccampus.ca\/butiliveresourcefrancais\/wp-content\/uploads\/sites\/2420\/2026\/01\/4-Document-dappui-Lena-Kuchler-Silberman.pdf\">Document d&rsquo;appui : Lena K\u00fcchler-Silberman<\/a><\/p>\n<p><a href=\"https:\/\/pressbooks.bccampus.ca\/butiliveresourcefrancais\/wp-content\/uploads\/sites\/2420\/2026\/01\/4-Document-dappui-infographie-sur-lintersectionnalite-1.pdf\">Document d&rsquo;appui : infographie sur l&rsquo;intersectionnalit\u00e9<\/a><\/p>\n<p style=\"font-weight: 400\"><a href=\"https:\/\/pressbooks.bccampus.ca\/butiliveresourcefrancais\/wp-content\/uploads\/sites\/2420\/2026\/01\/4-Document-dappui-plan-dune-presentation-sur-les-femmes-dans-lHolocauste.pptx\">Document d&rsquo;appui : plan d&rsquo;une pr\u00e9sentation sur les femmes dans l&rsquo;Holocauste<\/a> (optionnel)<\/p>\n","protected":false},"author":2542,"menu_order":3,"template":"","meta":{"pb_show_title":"on","pb_short_title":"","pb_subtitle":"","pb_authors":[],"pb_section_license":""},"chapter-type":[49],"contributor":[],"license":[],"class_list":["post-256","chapter","type-chapter","status-publish","hentry","chapter-type-numberless"],"part":240,"_links":{"self":[{"href":"https:\/\/pressbooks.bccampus.ca\/butiliveresourcefrancais\/wp-json\/pressbooks\/v2\/chapters\/256","targetHints":{"allow":["GET"]}}],"collection":[{"href":"https:\/\/pressbooks.bccampus.ca\/butiliveresourcefrancais\/wp-json\/pressbooks\/v2\/chapters"}],"about":[{"href":"https:\/\/pressbooks.bccampus.ca\/butiliveresourcefrancais\/wp-json\/wp\/v2\/types\/chapter"}],"author":[{"embeddable":true,"href":"https:\/\/pressbooks.bccampus.ca\/butiliveresourcefrancais\/wp-json\/wp\/v2\/users\/2542"}],"version-history":[{"count":10,"href":"https:\/\/pressbooks.bccampus.ca\/butiliveresourcefrancais\/wp-json\/pressbooks\/v2\/chapters\/256\/revisions"}],"predecessor-version":[{"id":833,"href":"https:\/\/pressbooks.bccampus.ca\/butiliveresourcefrancais\/wp-json\/pressbooks\/v2\/chapters\/256\/revisions\/833"}],"part":[{"href":"https:\/\/pressbooks.bccampus.ca\/butiliveresourcefrancais\/wp-json\/pressbooks\/v2\/parts\/240"}],"metadata":[{"href":"https:\/\/pressbooks.bccampus.ca\/butiliveresourcefrancais\/wp-json\/pressbooks\/v2\/chapters\/256\/metadata\/"}],"wp:attachment":[{"href":"https:\/\/pressbooks.bccampus.ca\/butiliveresourcefrancais\/wp-json\/wp\/v2\/media?parent=256"}],"wp:term":[{"taxonomy":"chapter-type","embeddable":true,"href":"https:\/\/pressbooks.bccampus.ca\/butiliveresourcefrancais\/wp-json\/pressbooks\/v2\/chapter-type?post=256"},{"taxonomy":"contributor","embeddable":true,"href":"https:\/\/pressbooks.bccampus.ca\/butiliveresourcefrancais\/wp-json\/wp\/v2\/contributor?post=256"},{"taxonomy":"license","embeddable":true,"href":"https:\/\/pressbooks.bccampus.ca\/butiliveresourcefrancais\/wp-json\/wp\/v2\/license?post=256"}],"curies":[{"name":"wp","href":"https:\/\/api.w.org\/{rel}","templated":true}]}}