{"id":273,"date":"2026-01-30T18:49:51","date_gmt":"2026-01-30T23:49:51","guid":{"rendered":"https:\/\/pressbooks.bccampus.ca\/butiliveresourcefrancais\/?post_type=chapter&#038;p=273"},"modified":"2026-04-18T18:38:35","modified_gmt":"2026-04-18T22:38:35","slug":"enseigner-ce-quest-lart-narratif","status":"publish","type":"chapter","link":"https:\/\/pressbooks.bccampus.ca\/butiliveresourcefrancais\/chapter\/enseigner-ce-quest-lart-narratif\/","title":{"raw":"Enseigner ce qu\u2019est l\u2019art narratif","rendered":"Enseigner ce qu\u2019est l\u2019art narratif"},"content":{"raw":"<p style=\"font-weight: 400\">Cette unit\u00e9 introduira les \u00e9l\u00e8ves au concept de l\u2019art narratif avec une courte vue d\u2019ensemble de l\u2019unit\u00e9 et une orientation de la classe.<\/p>\r\n\r\n<div class=\"textbox textbox--learning-objectives\"><header class=\"textbox__header\">\r\n<p style=\"font-weight: 400\">Objectifs d\u2019apprentissage<\/p>\r\n\r\n<\/header>\r\n<div class=\"textbox__content\">\r\n<p style=\"font-weight: 400\">Les \u00e9l\u00e8ves seront capables de\/d\u2019 :<\/p>\r\n\r\n<ul>\r\n \t<li>expliquer ce qu\u2019est l\u2019art narratif.<\/li>\r\n \t<li>analyser comment l\u2019art narratif peut transmettre des r\u00e9cits personnels et enseigner l\u2019histoire.<\/li>\r\n \t<li>mener une r\u00e9flexion sur leur apprentissage avec des amorces d\u2019\u00e9criture dans un journal.<\/li>\r\n<\/ul>\r\n<\/div>\r\n<\/div>\r\n<h2>Introduction<\/h2>\r\n<p style=\"font-weight: 400\">Pr\u00e9sentez aux \u00e9l\u00e8ves le concept de l\u2019art narratif en leur faisant un \u00a0r\u00e9sum\u00e9 rapide de l\u2019unit\u00e9 et en leur expliquant vers quoi se dirige la classe.<\/p>\r\n\r\n<h2>Activit\u00e9s de la le\u00e7on<\/h2>\r\n<h3 style=\"font-weight: 400\">Visionnage de la vid\u00e9o<\/h3>\r\n<p style=\"font-weight: 400\">Montrez la vid\u00e9o sur l\u2019art narratif.<\/p>\r\n<p style=\"font-weight: 400\">La vid\u00e9o peut \u00eatre interrompue \u00e0 tout moment pour pr\u00e9senter les concepts cl\u00e9s ou pour permettre aux \u00e9l\u00e8vesde r\u00e9pondre aux questions du document d\u2019appui.<\/p>\r\n<p style=\"font-weight: 400\"><em>(Cette vid\u00e9o est en anglais, mais elle comporte des sous-titres fran\u00e7ais g\u00e9n\u00e9r\u00e9s automatiquement. Cliquer \u00ab\u00a0settings\u00a0\u00bb &gt; \u00ab\u00a0Subtitles\/CC\u00a0\u00bb &gt; \u00ab\u00a0Auto-translate\u00a0\u00bb &gt; \u00ab\u00a0French\u00a0\u00bb)<\/em><\/p>\r\nhttps:\/\/youtu.be\/7eppkhJbvjM?si=u-dmvu4W3g0l5qq1\r\n<h3 style=\"font-weight: 400\">Expliquez le devoir final<\/h3>\r\n<p style=\"font-weight: 400\"><strong>Devoir\u00a0: page de r\u00e9ponse sous forme de r\u00e9cit graphique<\/strong><\/p>\r\n<p style=\"font-weight: 400\">Les \u00e9l\u00e8ves \u00e9tudieront l\u2019art de la narration et de la mise en r\u00e9cit ainsi que la fa\u00e7on dont ceux-ci peuvent nous aider \u00e0 comprendre l\u2019histoire plus en profondeur, et plus particuli\u00e8rement l\u2019Holocauste. En lisant et en \u00e9coutant des t\u00e9moignages de survivant\u00b7es \u00a0sous forme de vid\u00e9os et de r\u00e9cits graphiques, les \u00e9l\u00e8vesr\u00e9fl\u00e9chiront et cr\u00e9eront leur propre style de page de r\u00e9cit graphique. Cette page leur permettra d\u2019approfondir leur propre compr\u00e9hension et leurs liens avec les histoires entendues ou lues.<\/p>\r\n&nbsp;\r\n<p style=\"font-weight: 400\">L\u2019objectif de ce devoir est d\u2019enseigner aux \u00e9l\u00e8ves la valeur de l\u2019histoire personnelle et de la narration. Il s\u2019agit de leur apprendre comment l\u2019art peut nous enseigner l\u2019histoire et de leur faire saisir l\u2019importance de l\u2019art narratif pour raconter des faits et favoriser la compr\u00e9hension.<\/p>\r\n\r\n<div style=\"font-weight: 400\">\r\n<div>\r\n<div><\/div>\r\n<\/div>\r\n<div>\r\n<div>\r\n<p style=\"font-weight: 400\">Chaque \u00e9l\u00e8ve, en utilisant la technique de son choix, cr\u00e9era un r\u00e9cit graphique donnant lieu \u00e0 une r\u00e9flexion personnelle. Cette r\u00e9flexion se fera sur 1 \u00e0 2 pages, avec un minimum de 6 cases.<\/p>\r\n\r\n<\/div>\r\n<\/div>\r\n<\/div>\r\n<div style=\"font-weight: 400\">\r\n<div>\r\n<h3>Conclusion<\/h3>\r\n<p style=\"font-weight: 400\">Journal intime\u00a0: les \u00e9l\u00e8ves devront prendre 5 \u00e0 10 minutes pour r\u00e9diger une courte r\u00e9flexion sur les exp\u00e9riences v\u00e9cues en classe. Nous reviendrons sur nos r\u00e9flexions pour cr\u00e9er nos r\u00e9ponses personnalis\u00e9es sous forme de r\u00e9cit graphique.<\/p>\r\n\r\n<\/div>\r\n<p style=\"font-weight: 400\"><strong>Amorces<\/strong><strong> pour le journal \u00e0 la fin de la le\u00e7on<\/strong><\/p>\r\n<p style=\"font-weight: 400\">Avec chaque le\u00e7on de cette unit\u00e9, les \u00e9l\u00e8ves auront l\u2019occasion de r\u00e9fl\u00e9chir en r\u00e9digeant un journal. Cette pratique s\u2019inscrit dans le cadre d\u2019une approche de l\u2019enseignement de l\u2019Holocauste fond\u00e9e sur une connaissance du traumatisme. \u00c0 la fin de chaque le\u00e7on, les amorces d\u2019autor\u00e9flexion permettront aux \u00e9l\u00e8ves d\u2019analyser leurs sentiments et de r\u00e9fl\u00e9chir \u00e0 ce que le cours leur a appris, \u00e0 ce qui les intrigue et ainsi de suite. L\u2019occasion d\u2019une autor\u00e9flexion encourage les \u00e9l\u00e8ves \u00e0 se plonger dans leurs sentiments et \u00e0 cr\u00e9er des espaces de courage en \u00e9crivant leurs pens\u00e9es et leurs raisonnements.<\/p>\r\n<p style=\"font-weight: 400\">Si l\u2019\u00e9criture leur pose des probl\u00e8mes, les \u00e9l\u00e8ves pourront s\u2019inspirer des amorces suivantes pour r\u00e9diger leurs r\u00e9flexions. Ces amorces sont d\u00e9taill\u00e9es afin que les \u00e9l\u00e8ves puissent r\u00e9diger des r\u00e9flexions approfondies.<\/p>\r\n\r\n<ul>\r\n \t<li>Parlez d\u2019un aspect de cette le\u00e7on qui a suscit\u00e9 votre int\u00e9r\u00eat. S\u2019agit-il de quelque chose de nouveau pour vous\u2009? S\u2019agit-il de quelque chose sur lequel vous vous posiez des questions apr\u00e8s la le\u00e7on\u2009?<\/li>\r\n \t<li>Quelles sont vos questions apr\u00e8s cette le\u00e7on\u2009? Y a-t-il quelque chose qui vous intrigue encore\u2009?<\/li>\r\n \t<li>Qu\u2019avez-vous ressenti par rapport \u00e0 ce que vous avez appris aujourd\u2019hui\u2009? D\u00e9crivez vos \u00e9motions en d\u00e9tail.<\/li>\r\n \t<li>Est-ce que certains \u00e9l\u00e9ments de la le\u00e7on d\u2019aujourd\u2019hui vous ont profond\u00e9ment touch\u00e9\u00b7e \u00e0 un niveau personnel\u2009? Pourquoi ou pourquoi pas\u2009?<\/li>\r\n<\/ul>\r\n<h2>Ressources<\/h2>\r\n<p style=\"font-weight: 400\"><a href=\"https:\/\/youtu.be\/7eppkhJbvjM?si=h8FA-j2SHor9ukC9\"><span style=\"color: #000000\">Vid\u00e9o sur l\u2019art narratif <\/span><\/a><span style=\"color: #000000\"><em>(en anglais avec des sous-titres en fran\u00e7ais)<\/em><\/span><\/p>\r\n<a href=\"https:\/\/pressbooks.bccampus.ca\/butiliveresourcefrancais\/wp-content\/uploads\/sites\/2420\/2026\/01\/5-et-6-Feuille-de-travail-questions-sur-la-video-x22Whos-Truthx3f-The-Narrative-in-Artx22.pdf\">Feuille de travail : questions sur la vid\u00e9o \u00ab Who's Truth ? The Narrative in Art \u00bb<\/a>\r\n<p style=\"font-weight: 400\"><a href=\"https:\/\/pressbooks.bccampus.ca\/butiliveresourcefrancais\/wp-content\/uploads\/sites\/2420\/2026\/01\/5-Feuille-de-travail-des-amorces-pour-le-journal-a-la-fin-de-la-lecon.pdf\">Feuille de travail : des amorces pour le journal \u00e0 la fin de la le\u00e7on<\/a><\/p>\r\n\r\n<div style=\"font-weight: 400\">\r\n<div>\r\n<div><\/div>\r\n<\/div>\r\n<\/div>\r\n<\/div>","rendered":"<p style=\"font-weight: 400\">Cette unit\u00e9 introduira les \u00e9l\u00e8ves au concept de l\u2019art narratif avec une courte vue d\u2019ensemble de l\u2019unit\u00e9 et une orientation de la classe.<\/p>\n<div class=\"textbox textbox--learning-objectives\">\n<header class=\"textbox__header\">\n<p style=\"font-weight: 400\">Objectifs d\u2019apprentissage<\/p>\n<\/header>\n<div class=\"textbox__content\">\n<p style=\"font-weight: 400\">Les \u00e9l\u00e8ves seront capables de\/d\u2019 :<\/p>\n<ul>\n<li>expliquer ce qu\u2019est l\u2019art narratif.<\/li>\n<li>analyser comment l\u2019art narratif peut transmettre des r\u00e9cits personnels et enseigner l\u2019histoire.<\/li>\n<li>mener une r\u00e9flexion sur leur apprentissage avec des amorces d\u2019\u00e9criture dans un journal.<\/li>\n<\/ul>\n<\/div>\n<\/div>\n<h2>Introduction<\/h2>\n<p style=\"font-weight: 400\">Pr\u00e9sentez aux \u00e9l\u00e8ves le concept de l\u2019art narratif en leur faisant un \u00a0r\u00e9sum\u00e9 rapide de l\u2019unit\u00e9 et en leur expliquant vers quoi se dirige la classe.<\/p>\n<h2>Activit\u00e9s de la le\u00e7on<\/h2>\n<h3 style=\"font-weight: 400\">Visionnage de la vid\u00e9o<\/h3>\n<p style=\"font-weight: 400\">Montrez la vid\u00e9o sur l\u2019art narratif.<\/p>\n<p style=\"font-weight: 400\">La vid\u00e9o peut \u00eatre interrompue \u00e0 tout moment pour pr\u00e9senter les concepts cl\u00e9s ou pour permettre aux \u00e9l\u00e8vesde r\u00e9pondre aux questions du document d\u2019appui.<\/p>\n<p style=\"font-weight: 400\"><em>(Cette vid\u00e9o est en anglais, mais elle comporte des sous-titres fran\u00e7ais g\u00e9n\u00e9r\u00e9s automatiquement. Cliquer \u00ab\u00a0settings\u00a0\u00bb &gt; \u00ab\u00a0Subtitles\/CC\u00a0\u00bb &gt; \u00ab\u00a0Auto-translate\u00a0\u00bb &gt; \u00ab\u00a0French\u00a0\u00bb)<\/em><\/p>\n<p><iframe loading=\"lazy\" id=\"oembed-1\" title=\"Whose truth? The Narrative in Art\" width=\"500\" height=\"281\" src=\"https:\/\/www.youtube.com\/embed\/7eppkhJbvjM?feature=oembed&#38;rel=0\" frameborder=\"0\" allowfullscreen=\"allowfullscreen\"><\/iframe><\/p>\n<h3 style=\"font-weight: 400\">Expliquez le devoir final<\/h3>\n<p style=\"font-weight: 400\"><strong>Devoir\u00a0: page de r\u00e9ponse sous forme de r\u00e9cit graphique<\/strong><\/p>\n<p style=\"font-weight: 400\">Les \u00e9l\u00e8ves \u00e9tudieront l\u2019art de la narration et de la mise en r\u00e9cit ainsi que la fa\u00e7on dont ceux-ci peuvent nous aider \u00e0 comprendre l\u2019histoire plus en profondeur, et plus particuli\u00e8rement l\u2019Holocauste. En lisant et en \u00e9coutant des t\u00e9moignages de survivant\u00b7es \u00a0sous forme de vid\u00e9os et de r\u00e9cits graphiques, les \u00e9l\u00e8vesr\u00e9fl\u00e9chiront et cr\u00e9eront leur propre style de page de r\u00e9cit graphique. Cette page leur permettra d\u2019approfondir leur propre compr\u00e9hension et leurs liens avec les histoires entendues ou lues.<\/p>\n<p>&nbsp;<\/p>\n<p style=\"font-weight: 400\">L\u2019objectif de ce devoir est d\u2019enseigner aux \u00e9l\u00e8ves la valeur de l\u2019histoire personnelle et de la narration. Il s\u2019agit de leur apprendre comment l\u2019art peut nous enseigner l\u2019histoire et de leur faire saisir l\u2019importance de l\u2019art narratif pour raconter des faits et favoriser la compr\u00e9hension.<\/p>\n<div style=\"font-weight: 400\">\n<div>\n<div><\/div>\n<\/div>\n<div>\n<div>\n<p style=\"font-weight: 400\">Chaque \u00e9l\u00e8ve, en utilisant la technique de son choix, cr\u00e9era un r\u00e9cit graphique donnant lieu \u00e0 une r\u00e9flexion personnelle. Cette r\u00e9flexion se fera sur 1 \u00e0 2 pages, avec un minimum de 6 cases.<\/p>\n<\/div>\n<\/div>\n<\/div>\n<div style=\"font-weight: 400\">\n<div>\n<h3>Conclusion<\/h3>\n<p style=\"font-weight: 400\">Journal intime\u00a0: les \u00e9l\u00e8ves devront prendre 5 \u00e0 10 minutes pour r\u00e9diger une courte r\u00e9flexion sur les exp\u00e9riences v\u00e9cues en classe. Nous reviendrons sur nos r\u00e9flexions pour cr\u00e9er nos r\u00e9ponses personnalis\u00e9es sous forme de r\u00e9cit graphique.<\/p>\n<\/div>\n<p style=\"font-weight: 400\"><strong>Amorces<\/strong><strong> pour le journal \u00e0 la fin de la le\u00e7on<\/strong><\/p>\n<p style=\"font-weight: 400\">Avec chaque le\u00e7on de cette unit\u00e9, les \u00e9l\u00e8ves auront l\u2019occasion de r\u00e9fl\u00e9chir en r\u00e9digeant un journal. Cette pratique s\u2019inscrit dans le cadre d\u2019une approche de l\u2019enseignement de l\u2019Holocauste fond\u00e9e sur une connaissance du traumatisme. \u00c0 la fin de chaque le\u00e7on, les amorces d\u2019autor\u00e9flexion permettront aux \u00e9l\u00e8ves d\u2019analyser leurs sentiments et de r\u00e9fl\u00e9chir \u00e0 ce que le cours leur a appris, \u00e0 ce qui les intrigue et ainsi de suite. L\u2019occasion d\u2019une autor\u00e9flexion encourage les \u00e9l\u00e8ves \u00e0 se plonger dans leurs sentiments et \u00e0 cr\u00e9er des espaces de courage en \u00e9crivant leurs pens\u00e9es et leurs raisonnements.<\/p>\n<p style=\"font-weight: 400\">Si l\u2019\u00e9criture leur pose des probl\u00e8mes, les \u00e9l\u00e8ves pourront s\u2019inspirer des amorces suivantes pour r\u00e9diger leurs r\u00e9flexions. Ces amorces sont d\u00e9taill\u00e9es afin que les \u00e9l\u00e8ves puissent r\u00e9diger des r\u00e9flexions approfondies.<\/p>\n<ul>\n<li>Parlez d\u2019un aspect de cette le\u00e7on qui a suscit\u00e9 votre int\u00e9r\u00eat. S\u2019agit-il de quelque chose de nouveau pour vous\u2009? S\u2019agit-il de quelque chose sur lequel vous vous posiez des questions apr\u00e8s la le\u00e7on\u2009?<\/li>\n<li>Quelles sont vos questions apr\u00e8s cette le\u00e7on\u2009? Y a-t-il quelque chose qui vous intrigue encore\u2009?<\/li>\n<li>Qu\u2019avez-vous ressenti par rapport \u00e0 ce que vous avez appris aujourd\u2019hui\u2009? D\u00e9crivez vos \u00e9motions en d\u00e9tail.<\/li>\n<li>Est-ce que certains \u00e9l\u00e9ments de la le\u00e7on d\u2019aujourd\u2019hui vous ont profond\u00e9ment touch\u00e9\u00b7e \u00e0 un niveau personnel\u2009? Pourquoi ou pourquoi pas\u2009?<\/li>\n<\/ul>\n<h2>Ressources<\/h2>\n<p style=\"font-weight: 400\"><a href=\"https:\/\/youtu.be\/7eppkhJbvjM?si=h8FA-j2SHor9ukC9\"><span style=\"color: #000000\">Vid\u00e9o sur l\u2019art narratif <\/span><\/a><span style=\"color: #000000\"><em>(en anglais avec des sous-titres en fran\u00e7ais)<\/em><\/span><\/p>\n<p><a href=\"https:\/\/pressbooks.bccampus.ca\/butiliveresourcefrancais\/wp-content\/uploads\/sites\/2420\/2026\/01\/5-et-6-Feuille-de-travail-questions-sur-la-video-x22Whos-Truthx3f-The-Narrative-in-Artx22.pdf\">Feuille de travail : questions sur la vid\u00e9o \u00ab Who&rsquo;s Truth ? The Narrative in Art \u00bb<\/a><\/p>\n<p style=\"font-weight: 400\"><a href=\"https:\/\/pressbooks.bccampus.ca\/butiliveresourcefrancais\/wp-content\/uploads\/sites\/2420\/2026\/01\/5-Feuille-de-travail-des-amorces-pour-le-journal-a-la-fin-de-la-lecon.pdf\">Feuille de travail : des amorces pour le journal \u00e0 la fin de la le\u00e7on<\/a><\/p>\n<div style=\"font-weight: 400\">\n<div>\n<div><\/div>\n<\/div>\n<\/div>\n<\/div>\n","protected":false},"author":2542,"menu_order":1,"template":"","meta":{"pb_show_title":"on","pb_short_title":"","pb_subtitle":"","pb_authors":[],"pb_section_license":""},"chapter-type":[49],"contributor":[],"license":[],"class_list":["post-273","chapter","type-chapter","status-publish","hentry","chapter-type-numberless"],"part":269,"_links":{"self":[{"href":"https:\/\/pressbooks.bccampus.ca\/butiliveresourcefrancais\/wp-json\/pressbooks\/v2\/chapters\/273","targetHints":{"allow":["GET"]}}],"collection":[{"href":"https:\/\/pressbooks.bccampus.ca\/butiliveresourcefrancais\/wp-json\/pressbooks\/v2\/chapters"}],"about":[{"href":"https:\/\/pressbooks.bccampus.ca\/butiliveresourcefrancais\/wp-json\/wp\/v2\/types\/chapter"}],"author":[{"embeddable":true,"href":"https:\/\/pressbooks.bccampus.ca\/butiliveresourcefrancais\/wp-json\/wp\/v2\/users\/2542"}],"version-history":[{"count":17,"href":"https:\/\/pressbooks.bccampus.ca\/butiliveresourcefrancais\/wp-json\/pressbooks\/v2\/chapters\/273\/revisions"}],"predecessor-version":[{"id":836,"href":"https:\/\/pressbooks.bccampus.ca\/butiliveresourcefrancais\/wp-json\/pressbooks\/v2\/chapters\/273\/revisions\/836"}],"part":[{"href":"https:\/\/pressbooks.bccampus.ca\/butiliveresourcefrancais\/wp-json\/pressbooks\/v2\/parts\/269"}],"metadata":[{"href":"https:\/\/pressbooks.bccampus.ca\/butiliveresourcefrancais\/wp-json\/pressbooks\/v2\/chapters\/273\/metadata\/"}],"wp:attachment":[{"href":"https:\/\/pressbooks.bccampus.ca\/butiliveresourcefrancais\/wp-json\/wp\/v2\/media?parent=273"}],"wp:term":[{"taxonomy":"chapter-type","embeddable":true,"href":"https:\/\/pressbooks.bccampus.ca\/butiliveresourcefrancais\/wp-json\/pressbooks\/v2\/chapter-type?post=273"},{"taxonomy":"contributor","embeddable":true,"href":"https:\/\/pressbooks.bccampus.ca\/butiliveresourcefrancais\/wp-json\/wp\/v2\/contributor?post=273"},{"taxonomy":"license","embeddable":true,"href":"https:\/\/pressbooks.bccampus.ca\/butiliveresourcefrancais\/wp-json\/wp\/v2\/license?post=273"}],"curies":[{"name":"wp","href":"https:\/\/api.w.org\/{rel}","templated":true}]}}