{"id":120,"date":"2025-09-12T14:29:57","date_gmt":"2025-09-12T18:29:57","guid":{"rendered":"https:\/\/pressbooks.bccampus.ca\/butiliveresourcefrancais\/?post_type=part&#038;p=120"},"modified":"2026-04-27T13:48:42","modified_gmt":"2026-04-27T17:48:42","slug":"une-approche-fondee-sur-la-geographie-humaine","status":"publish","type":"part","link":"https:\/\/pressbooks.bccampus.ca\/butiliveresourcefrancais\/part\/thirteen-secrets-nico-et-rolf-kamp-et-gilad-seliktar\/une-approche-fondee-sur-la-geographie-humaine\/","title":{"raw":"Une approche fond\u00e9e sur la g\u00e9ographie humaine","rendered":"Une approche fond\u00e9e sur la g\u00e9ographie humaine"},"content":{"raw":"<p style=\"font-weight: 400\"><strong>Pourquoi la g\u00e9ographie ?<\/strong><\/p>\r\n<p style=\"font-weight: 400\">Il est important que les enseignant\u00b7es et les \u00e9l\u00e8ves comprennent que l\u2019Holocauste est une situation complexe qui comprend des \u00e9l\u00e9ments qui interagissent et changent. Bien qu\u2019il soit important de comprendre les \u00e9v\u00e8nements historiques \u00e0 l\u2019origine de l\u2019Holocauste, la compr\u00e9hension des aspects culturels, spatiaux et psychologiques permet de dresser un tableau plus complet. Comprendre la g\u00e9ographie de l\u2019Holocauste nous permet d\u2019appr\u00e9hender l\u2019ampleur de cet \u00e9v\u00e8nement et de comprendre la diversit\u00e9 des exp\u00e9riences de l\u2019Holocauste. Les Juif\u00b7ves des villes et les Juif\u00b7ves des campagnes n\u2019ont pas v\u00e9cu les m\u00eames exp\u00e9riences : la survie et la r\u00e9sistance ont pris des formes diff\u00e9rentes en fonction de la g\u00e9ographie, tout comme la perp\u00e9tration et la complicit\u00e9. Il est facile d\u2019essentialiser et de simplifier l\u2019Holocauste, mais nous devrions nous efforcer de faire comprendre aux \u00e9l\u00e8ves que l\u2019Holocauste n\u2019est pas un seul r\u00e9cit, mais plut\u00f4t un ensemble de plusieurs r\u00e9cits. En utilisant la g\u00e9ographie comme une lorgnette, nous pouvons commencer \u00e0 comprendre la complexit\u00e9 et la variabilit\u00e9 des exp\u00e9riences de l\u2019Holocauste.<\/p>\r\n\r\n<div class=\"textbox textbox--learning-objectives\"><header class=\"textbox__header\">\r\n<p style=\"font-weight: 400\">Objectifs d\u2019apprentissage<\/p>\r\n\r\n<\/header>\r\n<div class=\"textbox__content\">\r\n<p style=\"font-weight: 400\">Les \u00e9l\u00e8ves seront capables de\/d\u2019 :<\/p>\r\n\r\n<ul>\r\n \t<li>comprendre comment la g\u00e9ographie influence les cons\u00e9quences d\u2019\u00e9v\u00e8nements importants.<\/li>\r\n \t<li>r\u00e9fl\u00e9chir aux diff\u00e9rents contextes et influences qui ont cr\u00e9\u00e9 des exp\u00e9riences diff\u00e9rentes pour les personnes qui ont v\u00e9cu l\u2019Holocauste.<\/li>\r\n \t<li>lire et d\u2019analyser des cartes relatives \u00e0 l\u2019Holocauste.<\/li>\r\n<\/ul>\r\n<\/div>\r\n<\/div>\r\n<h2>Questions directrices<\/h2>\r\n<ul>\r\n \t<li>Comment l\u2019Holocauste a-t-il \u00e9t\u00e9 perp\u00e9tr\u00e9 diff\u00e9remment par les nazi\u00b7es selon les r\u00e9gions ? Comment a-t-il \u00e9t\u00e9 v\u00e9cu diff\u00e9remment par le peuple juif selon les endroits ?<\/li>\r\n \t<li>De quelle mani\u00e8re le t\u00e9moignage de Nico et Rolf Kamp a-t-il \u00e9t\u00e9 fa\u00e7onn\u00e9 par la g\u00e9ographie ?<\/li>\r\n<\/ul>","rendered":"<p style=\"font-weight: 400\"><strong>Pourquoi la g\u00e9ographie ?<\/strong><\/p>\n<p style=\"font-weight: 400\">Il est important que les enseignant\u00b7es et les \u00e9l\u00e8ves comprennent que l\u2019Holocauste est une situation complexe qui comprend des \u00e9l\u00e9ments qui interagissent et changent. Bien qu\u2019il soit important de comprendre les \u00e9v\u00e8nements historiques \u00e0 l\u2019origine de l\u2019Holocauste, la compr\u00e9hension des aspects culturels, spatiaux et psychologiques permet de dresser un tableau plus complet. Comprendre la g\u00e9ographie de l\u2019Holocauste nous permet d\u2019appr\u00e9hender l\u2019ampleur de cet \u00e9v\u00e8nement et de comprendre la diversit\u00e9 des exp\u00e9riences de l\u2019Holocauste. Les Juif\u00b7ves des villes et les Juif\u00b7ves des campagnes n\u2019ont pas v\u00e9cu les m\u00eames exp\u00e9riences : la survie et la r\u00e9sistance ont pris des formes diff\u00e9rentes en fonction de la g\u00e9ographie, tout comme la perp\u00e9tration et la complicit\u00e9. Il est facile d\u2019essentialiser et de simplifier l\u2019Holocauste, mais nous devrions nous efforcer de faire comprendre aux \u00e9l\u00e8ves que l\u2019Holocauste n\u2019est pas un seul r\u00e9cit, mais plut\u00f4t un ensemble de plusieurs r\u00e9cits. En utilisant la g\u00e9ographie comme une lorgnette, nous pouvons commencer \u00e0 comprendre la complexit\u00e9 et la variabilit\u00e9 des exp\u00e9riences de l\u2019Holocauste.<\/p>\n<div class=\"textbox textbox--learning-objectives\">\n<header class=\"textbox__header\">\n<p style=\"font-weight: 400\">Objectifs d\u2019apprentissage<\/p>\n<\/header>\n<div class=\"textbox__content\">\n<p style=\"font-weight: 400\">Les \u00e9l\u00e8ves seront capables de\/d\u2019 :<\/p>\n<ul>\n<li>comprendre comment la g\u00e9ographie influence les cons\u00e9quences d\u2019\u00e9v\u00e8nements importants.<\/li>\n<li>r\u00e9fl\u00e9chir aux diff\u00e9rents contextes et influences qui ont cr\u00e9\u00e9 des exp\u00e9riences diff\u00e9rentes pour les personnes qui ont v\u00e9cu l\u2019Holocauste.<\/li>\n<li>lire et d\u2019analyser des cartes relatives \u00e0 l\u2019Holocauste.<\/li>\n<\/ul>\n<\/div>\n<\/div>\n<h2>Questions directrices<\/h2>\n<ul>\n<li>Comment l\u2019Holocauste a-t-il \u00e9t\u00e9 perp\u00e9tr\u00e9 diff\u00e9remment par les nazi\u00b7es selon les r\u00e9gions ? Comment a-t-il \u00e9t\u00e9 v\u00e9cu diff\u00e9remment par le peuple juif selon les endroits ?<\/li>\n<li>De quelle mani\u00e8re le t\u00e9moignage de Nico et Rolf Kamp a-t-il \u00e9t\u00e9 fa\u00e7onn\u00e9 par la g\u00e9ographie ?<\/li>\n<\/ul>\n","protected":false},"parent":111,"menu_order":2,"template":"","meta":{"pb_part_invisible":false,"pb_part_invisible_string":""},"contributor":[],"license":[],"class_list":["post-120","part","type-part","status-publish","hentry"],"_links":{"self":[{"href":"https:\/\/pressbooks.bccampus.ca\/butiliveresourcefrancais\/wp-json\/pressbooks\/v2\/parts\/120","targetHints":{"allow":["GET"]}}],"collection":[{"href":"https:\/\/pressbooks.bccampus.ca\/butiliveresourcefrancais\/wp-json\/pressbooks\/v2\/parts"}],"about":[{"href":"https:\/\/pressbooks.bccampus.ca\/butiliveresourcefrancais\/wp-json\/wp\/v2\/types\/part"}],"version-history":[{"count":5,"href":"https:\/\/pressbooks.bccampus.ca\/butiliveresourcefrancais\/wp-json\/pressbooks\/v2\/parts\/120\/revisions"}],"predecessor-version":[{"id":886,"href":"https:\/\/pressbooks.bccampus.ca\/butiliveresourcefrancais\/wp-json\/pressbooks\/v2\/parts\/120\/revisions\/886"}],"up":[{"embeddable":true,"href":"https:\/\/pressbooks.bccampus.ca\/butiliveresourcefrancais\/wp-json\/pressbooks\/v2\/parts\/111"}],"wp:attachment":[{"href":"https:\/\/pressbooks.bccampus.ca\/butiliveresourcefrancais\/wp-json\/wp\/v2\/media?parent=120"}],"wp:term":[{"taxonomy":"contributor","embeddable":true,"href":"https:\/\/pressbooks.bccampus.ca\/butiliveresourcefrancais\/wp-json\/wp\/v2\/contributor?post=120"},{"taxonomy":"license","embeddable":true,"href":"https:\/\/pressbooks.bccampus.ca\/butiliveresourcefrancais\/wp-json\/wp\/v2\/license?post=120"}],"curies":[{"name":"wp","href":"https:\/\/api.w.org\/{rel}","templated":true}]}}