{"id":321,"date":"2026-02-05T18:11:00","date_gmt":"2026-02-05T23:11:00","guid":{"rendered":"https:\/\/pressbooks.bccampus.ca\/butiliveresourcefrancais\/?post_type=part&#038;p=321"},"modified":"2026-04-09T15:59:58","modified_gmt":"2026-04-09T19:59:58","slug":"6-2","status":"publish","type":"part","link":"https:\/\/pressbooks.bccampus.ca\/butiliveresourcefrancais\/part\/6-2\/","title":{"raw":"6. Ressources suppl\u00e9mentaires pour les enseignant\u00b7es","rendered":"6. Ressources suppl\u00e9mentaires pour les enseignant\u00b7es"},"content":{"raw":"<p style=\"font-weight: 400\">Les ressources pr\u00e9sent\u00e9es dans cette section ont pour but d'aider les enseignant\u00b7es qui abordent pour la premi\u00e8re fois l'enseignement des r\u00e9cits graphiques, de la pens\u00e9e historique et de l'Holocauste. Ces ressources ne sont pas exhaustives, mais constituent un point de d\u00e9part.<\/p>\r\n\r\n<ul>\r\n \t<li><a href=\"https:\/\/pressbooks.bccampus.ca\/butiliveresourcefrancais\/chapter\/ressources-pour-la-lecture-et-lenseignement-des-recits-graphiques-des-bandes-dessinees-et-des-romans\/\"><span style=\"color: #000000\">Ressources pour la lecture et l'enseignement des r\u00e9cits graphiques, des bandes dessin\u00e9es et des romans<\/span><\/a><\/li>\r\n \t<li><a href=\"https:\/\/pressbooks.bccampus.ca\/butiliveresourcefrancais\/chapter\/leducation-aux-droits-de-la-personne-et-a-lholocauste\/\"><span style=\"color: #000000\">L'\u00e9ducation aux droits de la personne et \u00e0 l'Holocauste<\/span><\/a><\/li>\r\n \t<li><a href=\"https:\/\/pressbooks.bccampus.ca\/butiliveresourcefrancais\/chapter\/la-pensee-historique\/\"><span style=\"color: #000000\">La pens\u00e9e historique<\/span><\/a><\/li>\r\n \t<li><a href=\"https:\/\/pressbooks.bccampus.ca\/butiliveresourcefrancais\/chapter\/les-concepts-de-la-pensee-geographique\/\">Les concepts de la pens\u00e9e g\u00e9ographique<\/a><\/li>\r\n<\/ul>","rendered":"<p style=\"font-weight: 400\">Les ressources pr\u00e9sent\u00e9es dans cette section ont pour but d&rsquo;aider les enseignant\u00b7es qui abordent pour la premi\u00e8re fois l&rsquo;enseignement des r\u00e9cits graphiques, de la pens\u00e9e historique et de l&rsquo;Holocauste. Ces ressources ne sont pas exhaustives, mais constituent un point de d\u00e9part.<\/p>\n<ul>\n<li><a href=\"https:\/\/pressbooks.bccampus.ca\/butiliveresourcefrancais\/chapter\/ressources-pour-la-lecture-et-lenseignement-des-recits-graphiques-des-bandes-dessinees-et-des-romans\/\"><span style=\"color: #000000\">Ressources pour la lecture et l&rsquo;enseignement des r\u00e9cits graphiques, des bandes dessin\u00e9es et des romans<\/span><\/a><\/li>\n<li><a href=\"https:\/\/pressbooks.bccampus.ca\/butiliveresourcefrancais\/chapter\/leducation-aux-droits-de-la-personne-et-a-lholocauste\/\"><span style=\"color: #000000\">L&rsquo;\u00e9ducation aux droits de la personne et \u00e0 l&rsquo;Holocauste<\/span><\/a><\/li>\n<li><a href=\"https:\/\/pressbooks.bccampus.ca\/butiliveresourcefrancais\/chapter\/la-pensee-historique\/\"><span style=\"color: #000000\">La pens\u00e9e historique<\/span><\/a><\/li>\n<li><a href=\"https:\/\/pressbooks.bccampus.ca\/butiliveresourcefrancais\/chapter\/les-concepts-de-la-pensee-geographique\/\">Les concepts de la pens\u00e9e g\u00e9ographique<\/a><\/li>\n<\/ul>\n","protected":false},"parent":0,"menu_order":12,"template":"","meta":{"pb_part_invisible":false,"pb_part_invisible_string":""},"contributor":[],"license":[],"class_list":["post-321","part","type-part","status-publish","hentry"],"_links":{"self":[{"href":"https:\/\/pressbooks.bccampus.ca\/butiliveresourcefrancais\/wp-json\/pressbooks\/v2\/parts\/321","targetHints":{"allow":["GET"]}}],"collection":[{"href":"https:\/\/pressbooks.bccampus.ca\/butiliveresourcefrancais\/wp-json\/pressbooks\/v2\/parts"}],"about":[{"href":"https:\/\/pressbooks.bccampus.ca\/butiliveresourcefrancais\/wp-json\/wp\/v2\/types\/part"}],"version-history":[{"count":11,"href":"https:\/\/pressbooks.bccampus.ca\/butiliveresourcefrancais\/wp-json\/pressbooks\/v2\/parts\/321\/revisions"}],"predecessor-version":[{"id":786,"href":"https:\/\/pressbooks.bccampus.ca\/butiliveresourcefrancais\/wp-json\/pressbooks\/v2\/parts\/321\/revisions\/786"}],"wp:attachment":[{"href":"https:\/\/pressbooks.bccampus.ca\/butiliveresourcefrancais\/wp-json\/wp\/v2\/media?parent=321"}],"wp:term":[{"taxonomy":"contributor","embeddable":true,"href":"https:\/\/pressbooks.bccampus.ca\/butiliveresourcefrancais\/wp-json\/wp\/v2\/contributor?post=321"},{"taxonomy":"license","embeddable":true,"href":"https:\/\/pressbooks.bccampus.ca\/butiliveresourcefrancais\/wp-json\/wp\/v2\/license?post=321"}],"curies":[{"name":"wp","href":"https:\/\/api.w.org\/{rel}","templated":true}]}}