{"id":70,"date":"2024-03-06T18:42:41","date_gmt":"2024-03-06T23:42:41","guid":{"rendered":"https:\/\/pressbooks.bccampus.ca\/frenchoer2\/?post_type=chapter&#038;p=70"},"modified":"2024-03-08T18:24:57","modified_gmt":"2024-03-08T23:24:57","slug":"8-3-recits-legendaires","status":"publish","type":"chapter","link":"https:\/\/pressbooks.bccampus.ca\/frenchoer2\/chapter\/8-3-recits-legendaires\/","title":{"raw":"8.3: R\u00e9cits l\u00e9gendaires","rendered":"8.3: R\u00e9cits l\u00e9gendaires"},"content":{"raw":"\n<p class=\"lt-human-104290\">In this section, you will learn how to tell a legendary tale using the <strong>pass\u00e9 compos\u00e9<\/strong> and direct object pronouns.<\/p>\n<\/div>\n\n<div class=\"mt-section\" id=\"section_1\"><span id=\"On_.C3.A9tudie_!\"><\/span><h2 class=\"editable\">On \u00e9tudie !<\/h2>\n\n<figure><img alt=\"Jack and the beantsalk\" style=\"width: 429px;height: 317px\" width=\"429px\" height=\"317px\" class=\"internal\" loading=\"lazy\" src=\"https:\/\/human.libretexts.org\/@api\/deki\/files\/72033\/jack-and-the-beanstalk-5279521_1280_(1).png?revision=1&amp;size=bestfit&amp;width=429&amp;height=317\">\n<figcaption><span class=\"mt-font-size-11\"><a target=\"_blank\" href=\"https:\/\/pixabay.com\/fr\/vectors\/jack-et-le-haricot-magique-5279521\/\" rel=\"external noopener nofollow\" class=\"link-https\">\"This work\"<\/a> by <a target=\"_blank\" href=\"https:\/\/pixabay.com\/fr\/users\/gdj-1086657\/?utm_source=link-attribution&amp;utm_medium=referral&amp;utm_campaign=image&amp;utm_content=5279521\" rel=\"external noopener nofollow\" class=\"link-https\">GDJ<\/a>, <a target=\"_blank\" href=\"http:\/\/pexels.com\/\" rel=\"external noopener nofollow\" class=\"external\">Pexels<\/a> is in the <a target=\"_blank\" href=\"http:\/\/creativecommons.org\/publicdomain\/zero\/1.0\/\" rel=\"external noopener nofollow\" class=\"external\">Public Domain, CC0<\/a><\/span><\/figcaption>\n<\/figure>\n\n<p class=\"lt-human-120672\">&nbsp;<\/p>\n\n<div class=\"box-structure\">\n<div class=\"mt-section\"><span id=\"Structure_:_Accord_des_participes_pass.C3.A9s_avec_.C3.AAtre\"><\/span><h3 class=\"box-legend lt-human-120672 editable\"><span class=\"lt-icon-default\">Structure : Accord des participes pass\u00e9s avec <strong>\u00eatre<\/strong><\/span><\/h3>\n\n<table class=\"mt-responsive-table\">\n    <caption>Agreement with past participles in the pass\u00e9 compos\u00e9 with <strong>\u00eatre<\/strong><\/caption>\n    <thead>\n        <tr>\n            <th class=\"mt-align-center\" scope=\"col\">Sujet + verbe auxiliaire (<strong>\u00eatre<\/strong>)<\/th>\n            <th class=\"mt-align-center\" scope=\"col\">Accord du participe pass\u00e9<\/th>\n        <\/tr>\n    <\/thead>\n    <tbody>\n        <tr>\n            <td class=\"lt-human-120672\" data-th=\"Sujet + verbe auxiliaire (\u00eatre)\"><strong>il<\/strong> est<\/td>\n            <td class=\"lt-human-120672\" data-th=\"Accord du participe pass\u00e9\"><strong>parti<\/strong><\/td>\n        <\/tr>\n        <tr>\n            <td class=\"lt-human-120672\" data-th=\"Sujet + verbe auxiliaire (\u00eatre)\"><strong>elle<\/strong> est<\/td>\n            <td class=\"lt-human-120672\" data-th=\"Accord du participe pass\u00e9\"><strong>partie<\/strong><\/td>\n        <\/tr>\n        <tr>\n            <td class=\"lt-human-120672\" data-th=\"Sujet + verbe auxiliaire (\u00eatre)\"><strong>ils<\/strong> sont<\/td>\n            <td class=\"lt-human-120672\" data-th=\"Accord du participe pass\u00e9\"><strong>partis<\/strong><\/td>\n        <\/tr>\n        <tr>\n            <td class=\"lt-human-120672\" data-th=\"Sujet + verbe auxiliaire (\u00eatre)\"><strong>elles<\/strong> sont<\/td>\n            <td class=\"lt-human-120672\" data-th=\"Accord du participe pass\u00e9\"><strong>parties<\/strong><\/td>\n        <\/tr>\n    <\/tbody>\n<\/table>\n\n<p class=\"lt-human-120672\">Pour en <a title=\"6.12: Structure - Pass\u00e9 compos\u00e9 avec \u00eatre\" href=\"https:\/\/human.libretexts.org\/Bookshelves\/Languages\/French\/French_OER_1_(Carrasco_Zahedi_and_Parrish)\/06%3A_Unite_6_-_La_maison_et_le_quartier\/6.12%3A_Structure_-_Passe_compose_avec_etre\" rel=\"internal\">savoir plus<\/a>.<\/p>\n<\/div><\/div>\n\n<\/div><div class=\"mt-section\" id=\"section_2\"><span id=\"On_pratique_!\"><\/span><h2 class=\"editable\">On pratique !<\/h2>\n\n<div class=\"mt-section\" id=\"section_3\"><span id=\"Activit.C3.A9_A\"><\/span><h3 class=\"editable\"><strong>Activit\u00e9 A<\/strong><\/h3>\n\n<p class=\"lt-human-120672\">R\u00e9pondez aux questions.<\/p>\n\n<p class=\"lt-human-120672\">Mod\u00e8le : O\u00f9&nbsp;est-ce que le Petit Chaperon Rouge <strong>est all\u00e9e<\/strong>&nbsp;?&nbsp; =&gt;&nbsp; Elle <strong>est all\u00e9e<\/strong> chez sa grand-m\u00e8re.<\/p>\n\n<ol>\n    <li class=\"lt-human-120672\">Comment est-ce que Jacques est mont\u00e9&nbsp;dans les nuages ?<\/li>\n    <li class=\"lt-human-120672\">Avec qui est-ce que Blanche-Neige est rest\u00e9e dans la for\u00eat ?<\/li>\n    <li class=\"lt-human-120672\">Comment Cendrillon est-elle all\u00e9e&nbsp;au bal ?<\/li>\n    <li class=\"lt-human-120672\">Qui est venu au bal avec elle ?<\/li>\n    <li class=\"lt-human-120672\">Pourquoi est-ce que Cendrillon est partie du bal \u00e0 minuit ?<\/li>\n    <li class=\"lt-human-120672\">Qui est tomb\u00e9&nbsp;du ciel&nbsp;dans Jacques etle Haricot&nbsp;Magique&nbsp;?<\/li>\n<\/ol>\n\n<div class=\"box-structure\">\n<div class=\"mt-section\"><span id=\"Structure_:_Objets_directs\"><\/span><h4 class=\"box-legend lt-human-120672 editable\"><span class=\"lt-icon-default\">Structure : Objets directs<\/span><\/h4>\n\n<table class=\"mt-responsive-table\">\n    <caption>Pronoms d'objet direct<\/caption>\n    <thead>\n        <tr>\n            <th class=\"mt-align-center\" scope=\"col\">Fran\u00e7ais<\/th>\n            <th class=\"mt-align-center\" scope=\"col\">Anglais<\/th>\n        <\/tr>\n        <tr>\n            <td class=\"lt-human-120672\" data-th=\"Fran\u00e7ais\"><strong>me, m\u2019 <\/strong><\/td>\n            <td class=\"lt-human-120672\" data-th=\"Anglais\">me<\/td>\n        <\/tr>\n        <tr>\n            <td class=\"lt-human-120672\" data-th=\"Fran\u00e7ais\"><strong>te, t\u2019 <\/strong><\/td>\n            <td class=\"lt-human-120672\" data-th=\"Anglais\">you<\/td>\n        <\/tr>\n        <tr>\n            <td class=\"lt-human-120672\" data-th=\"Fran\u00e7ais\"><strong>le, l\u2019 <\/strong><\/td>\n            <td class=\"lt-human-120672\" data-th=\"Anglais\">him, it<\/td>\n        <\/tr>\n        <tr>\n            <td class=\"lt-human-120672\" data-th=\"Fran\u00e7ais\"><strong>la, l\u2019 <\/strong><\/td>\n            <td class=\"lt-human-120672\" data-th=\"Anglais\">her, it<\/td>\n        <\/tr>\n        <tr>\n            <td class=\"lt-human-120672\" data-th=\"Fran\u00e7ais\"><strong>nous<\/strong><\/td>\n            <td class=\"lt-human-120672\" data-th=\"Anglais\">us<\/td>\n        <\/tr>\n        <tr>\n            <td class=\"lt-human-120672\" data-th=\"Fran\u00e7ais\"><strong>vous<\/strong><\/td>\n            <td class=\"lt-human-120672\" data-th=\"Anglais\">you<\/td>\n        <\/tr>\n        <tr>\n            <td class=\"lt-human-120672\" data-th=\"Fran\u00e7ais\"><strong>les<\/strong><\/td>\n            <td class=\"lt-human-120672\" data-th=\"Anglais\">them<\/td>\n        <\/tr>\n    <\/thead>\n<\/table>\n\n<p class=\"lt-human-120672\">Pour en <a title=\"8.7: Structure - Pronoms objets directs\" href=\"https:\/\/human.libretexts.org\/Bookshelves\/Languages\/French\/French_OER_2_(Carrasco_Zahedi_and_Parrish)\/08%3A_Unite_8_-_Qu'est-ce_qui_s'est_passe\/8.07%3A_Structure_-_Pronoms_objets_directs\" rel=\"internal\">savoir plus<\/a>.<\/p>\n<\/div><\/div>\n\n<\/div><div class=\"mt-section\" id=\"section_4\"><span id=\"Activit.C3.A9_B\"><\/span><h3 class=\"editable\"><strong>Activit\u00e9 B<\/strong><\/h3>\n\n<p class=\"lt-human-120672\">R\u00e9pondez aux questions au pr\u00e9sent avec des pronoms d'objet direct.<\/p>\n\n<p class=\"lt-human-120672\">Mod\u00e8le : Est-ce que le Petit Chaperon Rouge porte sa cape rouge ? =&gt; Oui, elle <strong>la<\/strong> porte.<\/p>\n\n<ol>\n    <li class=\"lt-human-120672\">Est-ce que Blanche-Neige mange la pomme ?<\/li>\n    <li class=\"lt-human-120672\">Est-ce que le loup d\u00e9vore la grand-m\u00e8re ?<\/li>\n    <li class=\"lt-human-120672\">Est-ce que le prince trouve la chaussure de Cendrillon ?<\/li>\n    <li class=\"lt-human-120672\">Est-ce que le Petit Chaperon rencontre le loup dans la for\u00eat ?<\/li>\n    <li class=\"lt-human-120672\">O\u00f9 est-ce que Jacques obtient les haricots magiques ?<\/li>\n<\/ol>\n\n<div class=\"box-structure\">\n<div class=\"mt-section\"><span id=\"Structure_:_Accord_des_participes_pass.C3.A9s_avec_avoir\"><\/span><h4 class=\"box-legend lt-human-120672 editable\"><span class=\"lt-icon-default\">Structure : Accord des participes pass\u00e9s avec <strong>avoir<\/strong><\/span><\/h4>\n\n<table class=\"mt-responsive-table\">\n    <caption>Agreement with past participles in the <strong>pass\u00e9 compos\u00e9<\/strong> with <strong>avoir<\/strong><\/caption>\n    <thead>\n        <tr>\n            <th class=\"mt-align-center\" scope=\"col\">L'objet suit le verbe<\/th>\n            <th class=\"mt-align-center\" scope=\"col\">Genre et nombre de l'objet direct<\/th>\n            <th class=\"mt-align-center\" scope=\"col\">L'objet pr\u00e9c\u00e8de le verbe<\/th>\n        <\/tr>\n    <\/thead>\n    <tbody>\n        <tr>\n            <td class=\"lt-human-120672\" data-th=\"L'objet suit le verbe\">Raoul a mang\u00e9 <strong>le<\/strong><strong> croissant<\/strong><\/td>\n            <td class=\"lt-human-120672\" data-th=\"Genre et nombre de l'objet direct\"><strong>le croissant<\/strong> = m., sing.<\/td>\n            <td class=\"lt-human-120672\" data-th=\"L'objet pr\u00e9c\u00e8de le verbe\">Raoul <strong>l\u2019<\/strong>a mang<strong>\u00e9<\/strong>. [l' = le croissant]<\/td>\n        <\/tr>\n        <tr>\n            <td class=\"lt-human-120672\" data-th=\"L'objet suit le verbe\">Raoul a mang\u00e9 <strong>la pomme<\/strong><\/td>\n            <td class=\"lt-human-120672\" data-th=\"Genre et nombre de l'objet direct\"><strong>la pomme<\/strong> = f., sing.<\/td>\n            <td class=\"lt-human-120672\" data-th=\"L'objet pr\u00e9c\u00e8de le verbe\">Raoul <strong>l\u2019<\/strong>a mang<strong>\u00e9e<\/strong>. [l' = la pomme]<\/td>\n        <\/tr>\n        <tr>\n            <td class=\"lt-human-120672\" data-th=\"L'objet suit le verbe\">Raoul a mang\u00e9 <strong>les croissants<\/strong><\/td>\n            <td class=\"lt-human-120672\" data-th=\"Genre et nombre de l'objet direct\"><strong>les croissants<\/strong> = m., pl.<\/td>\n            <td class=\"lt-human-120672\" data-th=\"L'objet pr\u00e9c\u00e8de le verbe\">Raoul <strong>les<\/strong> a mang<strong>\u00e9s<\/strong>. [les = les croissants]<\/td>\n        <\/tr>\n        <tr>\n            <td class=\"lt-human-120672\" data-th=\"L'objet suit le verbe\">Raoul a mang\u00e9 <strong>les pommes<\/strong><\/td>\n            <td class=\"lt-human-120672\" data-th=\"Genre et nombre de l'objet direct\"><strong>les pommes<\/strong> = f.,&nbsp;pl.<\/td>\n            <td class=\"lt-human-120672\" data-th=\"L'objet pr\u00e9c\u00e8de le verbe\">Raoul <strong>les<\/strong> a mang<strong>\u00e9es<\/strong>. [les = les pommes]<\/td>\n        <\/tr>\n    <\/tbody>\n<\/table>\n\n<p class=\"lt-human-120672\">Pour en <a title=\"8.8: Structure - Accord des participes pass\u00e9s au pass\u00e9 compos\u00e9 avec avoir\" href=\"https:\/\/human.libretexts.org\/Bookshelves\/Languages\/French\/French_OER_2_(Carrasco_Zahedi_and_Parrish)\/08%3A_Unite_8_-_Qu'est-ce_qui_s'est_passe\/8.08%3A_Structure_-_Accord_des_participes_passes_au_passe_compose_avec_avoir\" rel=\"internal\">savoir plus<\/a>.<\/p>\n<\/div><\/div>\n\n<\/div><div class=\"mt-section\" id=\"section_5\"><span id=\"Activit.C3.A9_C\"><\/span><h3 class=\"editable\"><strong>Activit\u00e9 C<\/strong><\/h3>\n\n<p class=\"lt-human-120672\">R\u00e9pondez aux questions au pass\u00e9 compos\u00e9 en utilisant les pronoms objets directs.<strong> <\/strong><\/p>\n\n<p class=\"lt-human-120672\">Mod\u00e8le : Est-ce que tu as mis tes cl\u00e9s dans ta poche ? =&gt; Oui je les ai mises dans ma poche. Non, je ne les ai pas mises dans ma poche.<\/p>\n\n<ol>\n    <li class=\"lt-human-120672\">Est-ce que tu as d\u00e9j\u00e0 entendu l'histoire de Cendrillon ? =&gt; Oui, je l'ai entendue. Non, je ne l'ai jamais entendue.<\/li>\n    <li class=\"lt-human-120672\">Est-ce que le Petit Chaperon rouge a rencontr\u00e9 le loup avant d'arriver chez sa grand-m\u00e8re ?<\/li>\n    <li class=\"lt-human-120672\">Est-ce que Belle a re\u00e7u&nbsp;une rose de la B\u00eate ?<\/li>\n    <li class=\"lt-human-120672\">O\u00f9 est-ce que Jacques a trouv\u00e9 les haricots magiques ?<\/li>\n    <li class=\"lt-human-120672\">Est-ce que Blanche-Neige a mang\u00e9 la pomme ?<\/li>\n<\/ol>\n\n<\/div><div class=\"mt-section\" id=\"section_6\"><span id=\"Activit.C3.A9_D\"><\/span><h3 class=\"editable\"><strong>Activit\u00e9 D<\/strong><\/h3>\n\n<p class=\"lt-human-120672\">Racontez l'histoire :<\/p>\n\n<ol>\n    <li class=\"lt-human-120672\">Petit Chaperon Rouge<\/li>\n    <li class=\"lt-human-120672\">Cendrillon<\/li>\n    <li class=\"lt-human-120672\"><a title=\"https:\/\/www.thefablecottage.com\/french\/jack-et-les-haricots-magiques\" href=\"https:\/\/www.thefablecottage.com\/french\/jack-et-les-haricots-magiques\" target=\"_blank\" rel=\"external noopener nofollow\" class=\"link-https\">Jacques et les Haricots Magiques<\/a><\/li>\n    <li class=\"lt-human-120672\">La Belle et la B\u00eate<\/li>\n    <li class=\"lt-human-120672\"><a title=\"https:\/\/www.myfrenchlife.org\/2012\/11\/08\/peau-dane-the-most-fabulous-french-fairytale-of-all\/\" href=\"https:\/\/www.myfrenchlife.org\/2012\/11\/08\/peau-dane-the-most-fabulous-french-fairytale-of-all\/\" target=\"_blank\" rel=\"external noopener nofollow\" class=\"link-https\">Peau d'\u00e2ne<\/a><\/li>\n    <li class=\"lt-human-120672\">Blanche-Neige<\/li>\n    <li class=\"lt-human-120672\">La Belle au bois dormant<\/li>\n<\/ol>\n\n<\/div><\/div><div class=\"mt-section\" id=\"section_7\"><span id=\"On_approfondit_!\"><\/span><h2 class=\"editable\">On approfondit !<\/h2>\n\n<div class=\"box-definition\">\n<div class=\"mt-section\"><span id=\"Ressources_en_ligne\"><\/span><h3 class=\"box-legend lt-human-104348 editable\"><span class=\"lt-icon-default\">Ressources&nbsp;en ligne<\/span><\/h3>\n\n<p class=\"lt-human-104333\">Use the following resources&nbsp;to&nbsp;type accents and\/or search for words:<\/p>\n\n<ul>\n    <li><a target=\"_blank\" href=\"https:\/\/french.typeit.org\/\" rel=\"external noopener nofollow\" class=\"link-https\">Accents<\/a>:&nbsp;\u00e7,&nbsp;\u00e0,&nbsp;\u00e9,&nbsp;\u00e8,&nbsp;\u00e2,&nbsp;\u00ea,&nbsp;\u00ee,&nbsp;\u00f4,&nbsp;\u00fb,&nbsp;\u00f9,&nbsp;\u00eb,&nbsp;\u00ef,&nbsp;\u00fc&nbsp;<\/li>\n    <li><a target=\"_blank\" href=\"https:\/\/www.wordreference.com\/\" rel=\"external noopener nofollow\" class=\"link-https\">Dictionnaire<\/a>&nbsp;fran\u00e7ais-anglais<\/li>\n<\/ul>\n<\/div><\/div>\n\n<div class=\"mt-section\" id=\"section_8\"><span id=\"Exercice_1_:_pronoms_objets_directs\"><\/span><h3 class=\"editable\"><strong>Exercice&nbsp;1 : <\/strong><strong>p<\/strong>ronoms objets directs<\/h3>\n\n[embed]https:\/\/studio.libretexts.org\/h5p\/4199\/embed[\/embed]\n\n<\/div><div class=\"mt-section\" id=\"section_9\"><span id=\"Exercice_2_:_pass.C3.A9_Compos.C3.A9_(avoir)_avec_les_pronoms_objets_directs\"><\/span><h3 class=\"editable\">Exercice 2 : pass\u00e9 Compos\u00e9 (avoir) avec&nbsp;les pronoms&nbsp;objets&nbsp;directs<\/h3>\n\n[embed]https:\/\/studio.libretexts.org\/h5p\/5835\/embed[\/embed]\n<\/div><\/div><!-- pb_fixme -->\n","rendered":"<p class=\"lt-human-104290\">In this section, you will learn how to tell a legendary tale using the <strong>pass\u00e9 compos\u00e9<\/strong> and direct object pronouns.<\/p>\n<div class=\"mt-section\" id=\"section_1\"><span id=\"On_.C3.A9tudie_!\"><\/span><\/p>\n<h2 class=\"editable\">On \u00e9tudie !<\/h2>\n<figure><img decoding=\"async\" alt=\"Jack and the beantsalk\" style=\"width: 429px;height: 317px\" width=\"429px\" height=\"317px\" class=\"internal\" src=\"https:\/\/human.libretexts.org\/@api\/deki\/files\/72033\/jack-and-the-beanstalk-5279521_1280_(1).png?revision=1&amp;size=bestfit&amp;width=429&amp;height=317\" \/><figcaption><span class=\"mt-font-size-11\"><a target=\"_blank\" href=\"https:\/\/pixabay.com\/fr\/vectors\/jack-et-le-haricot-magique-5279521\/\" rel=\"external noopener nofollow\" class=\"link-https\">&#8220;This work&#8221;<\/a> by <a target=\"_blank\" href=\"https:\/\/pixabay.com\/fr\/users\/gdj-1086657\/?utm_source=link-attribution&amp;utm_medium=referral&amp;utm_campaign=image&amp;utm_content=5279521\" rel=\"external noopener nofollow\" class=\"link-https\">GDJ<\/a>, <a target=\"_blank\" href=\"http:\/\/pexels.com\/\" rel=\"external noopener nofollow\" class=\"external\">Pexels<\/a> is in the <a target=\"_blank\" href=\"http:\/\/creativecommons.org\/publicdomain\/zero\/1.0\/\" rel=\"external noopener nofollow\" class=\"external\">Public Domain, CC0<\/a><\/span><\/figcaption><\/figure>\n<p class=\"lt-human-120672\">&nbsp;<\/p>\n<div class=\"box-structure\">\n<div class=\"mt-section\"><span id=\"Structure_:_Accord_des_participes_pass.C3.A9s_avec_.C3.AAtre\"><\/span><\/p>\n<h3 class=\"box-legend lt-human-120672 editable\"><span class=\"lt-icon-default\">Structure : Accord des participes pass\u00e9s avec <strong>\u00eatre<\/strong><\/span><\/h3>\n<table class=\"mt-responsive-table\">\n<caption>Agreement with past participles in the pass\u00e9 compos\u00e9 with <strong>\u00eatre<\/strong><\/caption>\n<thead>\n<tr>\n<th class=\"mt-align-center\" scope=\"col\">Sujet + verbe auxiliaire (<strong>\u00eatre<\/strong>)<\/th>\n<th class=\"mt-align-center\" scope=\"col\">Accord du participe pass\u00e9<\/th>\n<\/tr>\n<\/thead>\n<tbody>\n<tr>\n<td class=\"lt-human-120672\" data-th=\"Sujet + verbe auxiliaire (\u00eatre)\"><strong>il<\/strong> est<\/td>\n<td class=\"lt-human-120672\" data-th=\"Accord du participe pass\u00e9\"><strong>parti<\/strong><\/td>\n<\/tr>\n<tr>\n<td class=\"lt-human-120672\" data-th=\"Sujet + verbe auxiliaire (\u00eatre)\"><strong>elle<\/strong> est<\/td>\n<td class=\"lt-human-120672\" data-th=\"Accord du participe pass\u00e9\"><strong>partie<\/strong><\/td>\n<\/tr>\n<tr>\n<td class=\"lt-human-120672\" data-th=\"Sujet + verbe auxiliaire (\u00eatre)\"><strong>ils<\/strong> sont<\/td>\n<td class=\"lt-human-120672\" data-th=\"Accord du participe pass\u00e9\"><strong>partis<\/strong><\/td>\n<\/tr>\n<tr>\n<td class=\"lt-human-120672\" data-th=\"Sujet + verbe auxiliaire (\u00eatre)\"><strong>elles<\/strong> sont<\/td>\n<td class=\"lt-human-120672\" data-th=\"Accord du participe pass\u00e9\"><strong>parties<\/strong><\/td>\n<\/tr>\n<\/tbody>\n<\/table>\n<p class=\"lt-human-120672\">Pour en <a title=\"6.12: Structure - Pass\u00e9 compos\u00e9 avec \u00eatre\" href=\"https:\/\/human.libretexts.org\/Bookshelves\/Languages\/French\/French_OER_1_(Carrasco_Zahedi_and_Parrish)\/06%3A_Unite_6_-_La_maison_et_le_quartier\/6.12%3A_Structure_-_Passe_compose_avec_etre\" rel=\"internal\">savoir plus<\/a>.<\/p>\n<\/div>\n<\/div>\n<\/div>\n<div class=\"mt-section\" id=\"section_2\"><span id=\"On_pratique_!\"><\/span><\/p>\n<h2 class=\"editable\">On pratique !<\/h2>\n<div class=\"mt-section\" id=\"section_3\"><span id=\"Activit.C3.A9_A\"><\/span><\/p>\n<h3 class=\"editable\"><strong>Activit\u00e9 A<\/strong><\/h3>\n<p class=\"lt-human-120672\">R\u00e9pondez aux questions.<\/p>\n<p class=\"lt-human-120672\">Mod\u00e8le : O\u00f9&nbsp;est-ce que le Petit Chaperon Rouge <strong>est all\u00e9e<\/strong>&nbsp;?&nbsp; =&gt;&nbsp; Elle <strong>est all\u00e9e<\/strong> chez sa grand-m\u00e8re.<\/p>\n<ol>\n<li class=\"lt-human-120672\">Comment est-ce que Jacques est mont\u00e9&nbsp;dans les nuages ?<\/li>\n<li class=\"lt-human-120672\">Avec qui est-ce que Blanche-Neige est rest\u00e9e dans la for\u00eat ?<\/li>\n<li class=\"lt-human-120672\">Comment Cendrillon est-elle all\u00e9e&nbsp;au bal ?<\/li>\n<li class=\"lt-human-120672\">Qui est venu au bal avec elle ?<\/li>\n<li class=\"lt-human-120672\">Pourquoi est-ce que Cendrillon est partie du bal \u00e0 minuit ?<\/li>\n<li class=\"lt-human-120672\">Qui est tomb\u00e9&nbsp;du ciel&nbsp;dans Jacques etle Haricot&nbsp;Magique&nbsp;?<\/li>\n<\/ol>\n<div class=\"box-structure\">\n<div class=\"mt-section\"><span id=\"Structure_:_Objets_directs\"><\/span><\/p>\n<h4 class=\"box-legend lt-human-120672 editable\"><span class=\"lt-icon-default\">Structure : Objets directs<\/span><\/h4>\n<table class=\"mt-responsive-table\">\n<caption>Pronoms d&#8217;objet direct<\/caption>\n<thead>\n<tr>\n<th class=\"mt-align-center\" scope=\"col\">Fran\u00e7ais<\/th>\n<th class=\"mt-align-center\" scope=\"col\">Anglais<\/th>\n<\/tr>\n<tr>\n<td class=\"lt-human-120672\" data-th=\"Fran\u00e7ais\"><strong>me, m\u2019 <\/strong><\/td>\n<td class=\"lt-human-120672\" data-th=\"Anglais\">me<\/td>\n<\/tr>\n<tr>\n<td class=\"lt-human-120672\" data-th=\"Fran\u00e7ais\"><strong>te, t\u2019 <\/strong><\/td>\n<td class=\"lt-human-120672\" data-th=\"Anglais\">you<\/td>\n<\/tr>\n<tr>\n<td class=\"lt-human-120672\" data-th=\"Fran\u00e7ais\"><strong>le, l\u2019 <\/strong><\/td>\n<td class=\"lt-human-120672\" data-th=\"Anglais\">him, it<\/td>\n<\/tr>\n<tr>\n<td class=\"lt-human-120672\" data-th=\"Fran\u00e7ais\"><strong>la, l\u2019 <\/strong><\/td>\n<td class=\"lt-human-120672\" data-th=\"Anglais\">her, it<\/td>\n<\/tr>\n<tr>\n<td class=\"lt-human-120672\" data-th=\"Fran\u00e7ais\"><strong>nous<\/strong><\/td>\n<td class=\"lt-human-120672\" data-th=\"Anglais\">us<\/td>\n<\/tr>\n<tr>\n<td class=\"lt-human-120672\" data-th=\"Fran\u00e7ais\"><strong>vous<\/strong><\/td>\n<td class=\"lt-human-120672\" data-th=\"Anglais\">you<\/td>\n<\/tr>\n<tr>\n<td class=\"lt-human-120672\" data-th=\"Fran\u00e7ais\"><strong>les<\/strong><\/td>\n<td class=\"lt-human-120672\" data-th=\"Anglais\">them<\/td>\n<\/tr>\n<\/thead>\n<\/table>\n<p class=\"lt-human-120672\">Pour en <a title=\"8.7: Structure - Pronoms objets directs\" href=\"https:\/\/human.libretexts.org\/Bookshelves\/Languages\/French\/French_OER_2_(Carrasco_Zahedi_and_Parrish)\/08%3A_Unite_8_-_Qu'est-ce_qui_s'est_passe\/8.07%3A_Structure_-_Pronoms_objets_directs\" rel=\"internal\">savoir plus<\/a>.<\/p>\n<\/div>\n<\/div>\n<\/div>\n<div class=\"mt-section\" id=\"section_4\"><span id=\"Activit.C3.A9_B\"><\/span><\/p>\n<h3 class=\"editable\"><strong>Activit\u00e9 B<\/strong><\/h3>\n<p class=\"lt-human-120672\">R\u00e9pondez aux questions au pr\u00e9sent avec des pronoms d&#8217;objet direct.<\/p>\n<p class=\"lt-human-120672\">Mod\u00e8le : Est-ce que le Petit Chaperon Rouge porte sa cape rouge ? =&gt; Oui, elle <strong>la<\/strong> porte.<\/p>\n<ol>\n<li class=\"lt-human-120672\">Est-ce que Blanche-Neige mange la pomme ?<\/li>\n<li class=\"lt-human-120672\">Est-ce que le loup d\u00e9vore la grand-m\u00e8re ?<\/li>\n<li class=\"lt-human-120672\">Est-ce que le prince trouve la chaussure de Cendrillon ?<\/li>\n<li class=\"lt-human-120672\">Est-ce que le Petit Chaperon rencontre le loup dans la for\u00eat ?<\/li>\n<li class=\"lt-human-120672\">O\u00f9 est-ce que Jacques obtient les haricots magiques ?<\/li>\n<\/ol>\n<div class=\"box-structure\">\n<div class=\"mt-section\"><span id=\"Structure_:_Accord_des_participes_pass.C3.A9s_avec_avoir\"><\/span><\/p>\n<h4 class=\"box-legend lt-human-120672 editable\"><span class=\"lt-icon-default\">Structure : Accord des participes pass\u00e9s avec <strong>avoir<\/strong><\/span><\/h4>\n<table class=\"mt-responsive-table\">\n<caption>Agreement with past participles in the <strong>pass\u00e9 compos\u00e9<\/strong> with <strong>avoir<\/strong><\/caption>\n<thead>\n<tr>\n<th class=\"mt-align-center\" scope=\"col\">L&#8217;objet suit le verbe<\/th>\n<th class=\"mt-align-center\" scope=\"col\">Genre et nombre de l&#8217;objet direct<\/th>\n<th class=\"mt-align-center\" scope=\"col\">L&#8217;objet pr\u00e9c\u00e8de le verbe<\/th>\n<\/tr>\n<\/thead>\n<tbody>\n<tr>\n<td class=\"lt-human-120672\" data-th=\"L'objet suit le verbe\">Raoul a mang\u00e9 <strong>le<\/strong><strong> croissant<\/strong><\/td>\n<td class=\"lt-human-120672\" data-th=\"Genre et nombre de l'objet direct\"><strong>le croissant<\/strong> = m., sing.<\/td>\n<td class=\"lt-human-120672\" data-th=\"L'objet pr\u00e9c\u00e8de le verbe\">Raoul <strong>l\u2019<\/strong>a mang<strong>\u00e9<\/strong>. [l&#8217; = le croissant]<\/td>\n<\/tr>\n<tr>\n<td class=\"lt-human-120672\" data-th=\"L'objet suit le verbe\">Raoul a mang\u00e9 <strong>la pomme<\/strong><\/td>\n<td class=\"lt-human-120672\" data-th=\"Genre et nombre de l'objet direct\"><strong>la pomme<\/strong> = f., sing.<\/td>\n<td class=\"lt-human-120672\" data-th=\"L'objet pr\u00e9c\u00e8de le verbe\">Raoul <strong>l\u2019<\/strong>a mang<strong>\u00e9e<\/strong>. [l&#8217; = la pomme]<\/td>\n<\/tr>\n<tr>\n<td class=\"lt-human-120672\" data-th=\"L'objet suit le verbe\">Raoul a mang\u00e9 <strong>les croissants<\/strong><\/td>\n<td class=\"lt-human-120672\" data-th=\"Genre et nombre de l'objet direct\"><strong>les croissants<\/strong> = m., pl.<\/td>\n<td class=\"lt-human-120672\" data-th=\"L'objet pr\u00e9c\u00e8de le verbe\">Raoul <strong>les<\/strong> a mang<strong>\u00e9s<\/strong>. [les = les croissants]<\/td>\n<\/tr>\n<tr>\n<td class=\"lt-human-120672\" data-th=\"L'objet suit le verbe\">Raoul a mang\u00e9 <strong>les pommes<\/strong><\/td>\n<td class=\"lt-human-120672\" data-th=\"Genre et nombre de l'objet direct\"><strong>les pommes<\/strong> = f.,&nbsp;pl.<\/td>\n<td class=\"lt-human-120672\" data-th=\"L'objet pr\u00e9c\u00e8de le verbe\">Raoul <strong>les<\/strong> a mang<strong>\u00e9es<\/strong>. [les = les pommes]<\/td>\n<\/tr>\n<\/tbody>\n<\/table>\n<p class=\"lt-human-120672\">Pour en <a title=\"8.8: Structure - Accord des participes pass\u00e9s au pass\u00e9 compos\u00e9 avec avoir\" href=\"https:\/\/human.libretexts.org\/Bookshelves\/Languages\/French\/French_OER_2_(Carrasco_Zahedi_and_Parrish)\/08%3A_Unite_8_-_Qu'est-ce_qui_s'est_passe\/8.08%3A_Structure_-_Accord_des_participes_passes_au_passe_compose_avec_avoir\" rel=\"internal\">savoir plus<\/a>.<\/p>\n<\/div>\n<\/div>\n<\/div>\n<div class=\"mt-section\" id=\"section_5\"><span id=\"Activit.C3.A9_C\"><\/span><\/p>\n<h3 class=\"editable\"><strong>Activit\u00e9 C<\/strong><\/h3>\n<p class=\"lt-human-120672\">R\u00e9pondez aux questions au pass\u00e9 compos\u00e9 en utilisant les pronoms objets directs.<strong> <\/strong><\/p>\n<p class=\"lt-human-120672\">Mod\u00e8le : Est-ce que tu as mis tes cl\u00e9s dans ta poche ? =&gt; Oui je les ai mises dans ma poche. Non, je ne les ai pas mises dans ma poche.<\/p>\n<ol>\n<li class=\"lt-human-120672\">Est-ce que tu as d\u00e9j\u00e0 entendu l&#8217;histoire de Cendrillon ? =&gt; Oui, je l&#8217;ai entendue. Non, je ne l&#8217;ai jamais entendue.<\/li>\n<li class=\"lt-human-120672\">Est-ce que le Petit Chaperon rouge a rencontr\u00e9 le loup avant d&#8217;arriver chez sa grand-m\u00e8re ?<\/li>\n<li class=\"lt-human-120672\">Est-ce que Belle a re\u00e7u&nbsp;une rose de la B\u00eate ?<\/li>\n<li class=\"lt-human-120672\">O\u00f9 est-ce que Jacques a trouv\u00e9 les haricots magiques ?<\/li>\n<li class=\"lt-human-120672\">Est-ce que Blanche-Neige a mang\u00e9 la pomme ?<\/li>\n<\/ol>\n<\/div>\n<div class=\"mt-section\" id=\"section_6\"><span id=\"Activit.C3.A9_D\"><\/span><\/p>\n<h3 class=\"editable\"><strong>Activit\u00e9 D<\/strong><\/h3>\n<p class=\"lt-human-120672\">Racontez l&#8217;histoire :<\/p>\n<ol>\n<li class=\"lt-human-120672\">Petit Chaperon Rouge<\/li>\n<li class=\"lt-human-120672\">Cendrillon<\/li>\n<li class=\"lt-human-120672\"><a title=\"https:\/\/www.thefablecottage.com\/french\/jack-et-les-haricots-magiques\" href=\"https:\/\/www.thefablecottage.com\/french\/jack-et-les-haricots-magiques\" target=\"_blank\" rel=\"external noopener nofollow\" class=\"link-https\">Jacques et les Haricots Magiques<\/a><\/li>\n<li class=\"lt-human-120672\">La Belle et la B\u00eate<\/li>\n<li class=\"lt-human-120672\"><a title=\"https:\/\/www.myfrenchlife.org\/2012\/11\/08\/peau-dane-the-most-fabulous-french-fairytale-of-all\/\" href=\"https:\/\/www.myfrenchlife.org\/2012\/11\/08\/peau-dane-the-most-fabulous-french-fairytale-of-all\/\" target=\"_blank\" rel=\"external noopener nofollow\" class=\"link-https\">Peau d&#8217;\u00e2ne<\/a><\/li>\n<li class=\"lt-human-120672\">Blanche-Neige<\/li>\n<li class=\"lt-human-120672\">La Belle au bois dormant<\/li>\n<\/ol>\n<\/div>\n<\/div>\n<div class=\"mt-section\" id=\"section_7\"><span id=\"On_approfondit_!\"><\/span><\/p>\n<h2 class=\"editable\">On approfondit !<\/h2>\n<div class=\"box-definition\">\n<div class=\"mt-section\"><span id=\"Ressources_en_ligne\"><\/span><\/p>\n<h3 class=\"box-legend lt-human-104348 editable\"><span class=\"lt-icon-default\">Ressources&nbsp;en ligne<\/span><\/h3>\n<p class=\"lt-human-104333\">Use the following resources&nbsp;to&nbsp;type accents and\/or search for words:<\/p>\n<ul>\n<li><a target=\"_blank\" href=\"https:\/\/french.typeit.org\/\" rel=\"external noopener nofollow\" class=\"link-https\">Accents<\/a>:&nbsp;\u00e7,&nbsp;\u00e0,&nbsp;\u00e9,&nbsp;\u00e8,&nbsp;\u00e2,&nbsp;\u00ea,&nbsp;\u00ee,&nbsp;\u00f4,&nbsp;\u00fb,&nbsp;\u00f9,&nbsp;\u00eb,&nbsp;\u00ef,&nbsp;\u00fc&nbsp;<\/li>\n<li><a target=\"_blank\" href=\"https:\/\/www.wordreference.com\/\" rel=\"external noopener nofollow\" class=\"link-https\">Dictionnaire<\/a>&nbsp;fran\u00e7ais-anglais<\/li>\n<\/ul>\n<\/div>\n<\/div>\n<div class=\"mt-section\" id=\"section_8\"><span id=\"Exercice_1_:_pronoms_objets_directs\"><\/span><\/p>\n<h3 class=\"editable\"><strong>Exercice&nbsp;1 : <\/strong><strong>p<\/strong>ronoms objets directs<\/h3>\n<p><a href=\"https:\/\/studio.libretexts.org\/h5p\/4199\/embed\">https:\/\/studio.libretexts.org\/h5p\/4199\/embed<\/a><\/p>\n<\/div>\n<div class=\"mt-section\" id=\"section_9\"><span id=\"Exercice_2_:_pass.C3.A9_Compos.C3.A9_(avoir)_avec_les_pronoms_objets_directs\"><\/span><\/p>\n<h3 class=\"editable\">Exercice 2 : pass\u00e9 Compos\u00e9 (avoir) avec&nbsp;les pronoms&nbsp;objets&nbsp;directs<\/h3>\n<p><a href=\"https:\/\/studio.libretexts.org\/h5p\/5835\/embed\">https:\/\/studio.libretexts.org\/h5p\/5835\/embed<\/a>\n<\/div>\n<\/div>\n<p><!-- pb_fixme --><\/p>\n","protected":false},"author":1231,"menu_order":2,"template":"","meta":{"pb_show_title":"on","pb_short_title":"","pb_subtitle":"","pb_authors":[],"pb_section_license":""},"chapter-type":[],"contributor":[],"license":[],"class_list":["post-70","chapter","type-chapter","status-publish","hentry"],"part":64,"_links":{"self":[{"href":"https:\/\/pressbooks.bccampus.ca\/frenchoer2\/wp-json\/pressbooks\/v2\/chapters\/70","targetHints":{"allow":["GET"]}}],"collection":[{"href":"https:\/\/pressbooks.bccampus.ca\/frenchoer2\/wp-json\/pressbooks\/v2\/chapters"}],"about":[{"href":"https:\/\/pressbooks.bccampus.ca\/frenchoer2\/wp-json\/wp\/v2\/types\/chapter"}],"author":[{"embeddable":true,"href":"https:\/\/pressbooks.bccampus.ca\/frenchoer2\/wp-json\/wp\/v2\/users\/1231"}],"version-history":[{"count":2,"href":"https:\/\/pressbooks.bccampus.ca\/frenchoer2\/wp-json\/pressbooks\/v2\/chapters\/70\/revisions"}],"predecessor-version":[{"id":116,"href":"https:\/\/pressbooks.bccampus.ca\/frenchoer2\/wp-json\/pressbooks\/v2\/chapters\/70\/revisions\/116"}],"part":[{"href":"https:\/\/pressbooks.bccampus.ca\/frenchoer2\/wp-json\/pressbooks\/v2\/parts\/64"}],"metadata":[{"href":"https:\/\/pressbooks.bccampus.ca\/frenchoer2\/wp-json\/pressbooks\/v2\/chapters\/70\/metadata\/"}],"wp:attachment":[{"href":"https:\/\/pressbooks.bccampus.ca\/frenchoer2\/wp-json\/wp\/v2\/media?parent=70"}],"wp:term":[{"taxonomy":"chapter-type","embeddable":true,"href":"https:\/\/pressbooks.bccampus.ca\/frenchoer2\/wp-json\/pressbooks\/v2\/chapter-type?post=70"},{"taxonomy":"contributor","embeddable":true,"href":"https:\/\/pressbooks.bccampus.ca\/frenchoer2\/wp-json\/wp\/v2\/contributor?post=70"},{"taxonomy":"license","embeddable":true,"href":"https:\/\/pressbooks.bccampus.ca\/frenchoer2\/wp-json\/wp\/v2\/license?post=70"}],"curies":[{"name":"wp","href":"https:\/\/api.w.org\/{rel}","templated":true}]}}