{"id":74,"date":"2024-03-06T18:43:07","date_gmt":"2024-03-06T23:43:07","guid":{"rendered":"https:\/\/pressbooks.bccampus.ca\/frenchoer2\/?post_type=chapter&#038;p=74"},"modified":"2024-03-08T18:26:51","modified_gmt":"2024-03-08T23:26:51","slug":"8-5-francophonie-points-culturels","status":"publish","type":"chapter","link":"https:\/\/pressbooks.bccampus.ca\/frenchoer2\/chapter\/8-5-francophonie-points-culturels\/","title":{"raw":"8.5: Francophonie - Points culturels","rendered":"8.5: Francophonie &#8211; Points culturels"},"content":{"raw":"\n<p class=\"lt-human-104290\">In this section, you will learn about:<\/p>\n\n<ul>\n    <li>Three regions in France: <strong>L'Occitanie<\/strong>, <strong>La Provence<\/strong> &amp; <strong>Le Pays Basque<\/strong><\/li>\n    <li>The French Academy<\/li>\n    <li>French in the Middle Ages<\/li>\n<\/ul>\n<\/div>\n\n<div class=\"mt-section\" id=\"section_1\"><span id=\"On_d.C3.A9couvre_!\"><\/span><h2 class=\"editable\">On d\u00e9couvre&nbsp;!<\/h2>\n\n<p>&nbsp;<\/p>\n\n<div class=\"row\" role=\"group\">\n<figure>\n<figcaption>\n<p><a target=\"_blank\" href=\"https:\/\/pixabay.com\/fr\/photos\/nature-canal-voyager-tourisme-6752421\/\" rel=\"external noopener nofollow\" class=\"link-https\"><img alt=\"Canal du Midi\" class=\"internal default\" style=\"width: 430px;height: 258px\" width=\"430px\" height=\"258px\" loading=\"lazy\" src=\"https:\/\/human.libretexts.org\/@api\/deki\/files\/76397\/Canal_du_Midi.jpg?revision=1&amp;size=bestfit&amp;width=430&amp;height=258\"><span class=\"mt-font-size-11\">\"Canal du Midi\"<\/span><\/a><span class=\"mt-font-size-11\">&nbsp;by&nbsp;<a target=\"_blank\" href=\"https:\/\/pixabay.com\/fr\/users\/anwic-21500104\/\" rel=\"external noopener nofollow\" class=\"link-https\">Anwic<\/a>&nbsp;is in the&nbsp;<a target=\"_blank\" href=\"https:\/\/wiki.creativecommons.org\/Public_domain\" rel=\"external noopener nofollow\" class=\"link-https\">Public Domain<\/a><\/span><\/p>\n<\/figcaption>\n<\/figure>\n\n<figure>\n<figcaption>\n<p><a target=\"_blank\" href=\"https:\/\/pixabay.com\/fr\/photos\/cloitre-moissac-lot-%c3%a9glise-village-2154637\/\" rel=\"external noopener nofollow\" class=\"link-https\"><img alt=\"A cloister\" class=\"internal default\" style=\"width: 375px;height: 260px\" width=\"375px\" height=\"260px\" loading=\"lazy\" src=\"https:\/\/human.libretexts.org\/@api\/deki\/files\/76398\/cloister-g69ffba493_1280.jpg?revision=1&amp;size=bestfit&amp;width=375&amp;height=260\"><span class=\"mt-font-size-11\">\"Cloitre\"<\/span><\/a><span class=\"mt-font-size-11\">&nbsp;by&nbsp;<a target=\"_blank\" href=\"https:\/\/pixabay.com\/fr\/users\/gtf06-4270080\/\" rel=\"external noopener nofollow\" class=\"link-https\">Lisa Dubois<\/a>&nbsp;is in the&nbsp;<a target=\"_blank\" href=\"https:\/\/wiki.creativecommons.org\/Public_domain\" rel=\"external noopener nofollow\" class=\"link-https\">Public Domain<\/a><\/span><\/p>\n<\/figcaption>\n<\/figure>\n\n<figure>\n<figcaption><a target=\"_blank\" href=\"https:\/\/pixabay.com\/fr\/photos\/lavande-fleur-fleurs-bleu-1275377\/\" rel=\"external noopener nofollow\" class=\"link-https\"><img alt=\"A field of lavendar\" class=\"internal default\" style=\"width: 388px;height: 294px\" width=\"388px\" height=\"294px\" loading=\"lazy\" src=\"https:\/\/human.libretexts.org\/@api\/deki\/files\/76399\/lavender-g4f022d373_1280.jpg?revision=1&amp;size=bestfit&amp;width=388&amp;height=294\"><span class=\"mt-font-size-11\">\"This work\"<\/span><\/a><span class=\"mt-font-size-11\">&nbsp;by&nbsp;<a target=\"_blank\" href=\"https:\/\/pixabay.com\/fr\/users\/hans-2\/\" rel=\"external noopener nofollow\" class=\"link-https\">Hans Braxmeier<\/a>,&nbsp;<a target=\"_blank\" href=\"http:\/\/pixabay.com\/\" rel=\"external noopener nofollow\" class=\"external\">pixabay<\/a>&nbsp;is in the&nbsp;<a target=\"_blank\" href=\"https:\/\/wiki.creativecommons.org\/Public_domain\" rel=\"external noopener nofollow\" class=\"link-https\">Public Domain<\/a><\/span><\/figcaption>\n<\/figure>\n<\/div>\n\n<div class=\"mt-section\" id=\"section_2\"><span id=\"Francophonie\"><\/span><h3 class=\"editable\">Francophonie<\/h3>\n\n<p class=\"lt-human-120674\">Toulouse et L'Occitanie<\/p>\n\n<p class=\"lt-human-120674\">La Provence<\/p>\n\n<p class=\"lt-human-120674\">Le Pays Basque<\/p>\n\n<p class=\"lt-human-120674\">Regardez cette vid\u00e9o sur <a title=\"https:\/\/www.youtube.com\/embed\/0PCEOFx3_zc\" href=\"https:\/\/www.youtube.com\/embed\/0PCEOFx3_zc\" target=\"_blank\" rel=\"external noopener nofollow\" class=\"link-https\">Toulouse<\/a> et mettez les endroits dans le bon ordre.<\/p>\n\n<p class=\"lt-human-120674\">Quelles sont les 10 raisons qui font que Toulouse est \u00ab la meilleure ville de France \u00bb ?<\/p>\n\n<ol>\n    <li class=\"lt-human-120674\"><span aria-label=\"Answer Line\" role=\"img\">________<\/span><\/li>\n    <li class=\"lt-human-120674\"><span aria-label=\"Answer Line\" role=\"img\">________<\/span><\/li>\n    <li class=\"lt-human-120674\"><span aria-label=\"Answer Line\" role=\"img\">________<\/span><\/li>\n    <li class=\"lt-human-120674\"><span aria-label=\"Answer Line\" role=\"img\">________<\/span><\/li>\n    <li class=\"lt-human-120674\"><span aria-label=\"Answer Line\" role=\"img\">________<\/span><\/li>\n    <li class=\"lt-human-120674\"><span aria-label=\"Answer Line\" role=\"img\">________<\/span><\/li>\n    <li class=\"lt-human-120674\"><span aria-label=\"Answer Line\" role=\"img\">________<\/span><\/li>\n    <li class=\"lt-human-120674\"><span aria-label=\"Answer Line\" role=\"img\">________<\/span><\/li>\n    <li class=\"lt-human-120674\"><span aria-label=\"Answer Line\" role=\"img\">________<\/span><\/li>\n    <li class=\"lt-human-120674\"><span aria-label=\"Answer Line\" role=\"img\">________<\/span><\/li>\n<\/ol>\n\n<p class=\"lt-human-120674\"><a title=\"https:\/\/enseigner.tv5monde.com\/fiches-pedagogiques-fle\/languedoc-roussillon-france\" href=\"https:\/\/enseigner.tv5monde.com\/fiches-pedagogiques-fle\/languedoc-roussillon-france\" target=\"_blank\" rel=\"external noopener nofollow\" class=\"link-https\">Visite du Langedoc-Roussillon avec TV5Monde <\/a><\/p>\n\n<p class=\"lt-human-120674\"><a title=\"https:\/\/cabouge.tv5monde.com\/wp-content\/uploads\/2012\/05\/LanguedocA2AppDef.pdf\" href=\"https:\/\/cabouge.tv5monde.com\/wp-content\/uploads\/2012\/05\/LanguedocA2AppDef.pdf\" target=\"_blank\" rel=\"external noopener nofollow\" class=\"link-https\">Compl\u00e9tez les activit\u00e9s 1, 2, et 3 sur cette feuille<\/a>.<\/p>\n\n<hr>\n<\/div><div class=\"mt-section\" id=\"section_3\"><span id=\"La_langue_vivante\"><\/span><h3 class=\"editable\">La langue vivante<\/h3>\n\n<div class=\"mt-section\" id=\"section_4\"><span id=\"The_French_Academy\"><\/span><h4 class=\"editable\">The French Academy<\/h4>\n\n<p class=\"lt-human-120674\"><strong>L\u2019Acad\u00e9mie Fran\u00e7aise<\/strong> (The French Academy) is an institution whose purpose is to standardize the French language. This means that its 40 members are in charge of making sure the rules and proper use (<strong>le bon usage<\/strong>) of the language are taught and respected.<\/p>\n\n<p class=\"lt-human-120674\"><strong>L\u2019Acad\u00e9mie<\/strong> is indeed comprised of 40 members, male or female, informally called the immortals (<strong>les immortels<\/strong>) because they are elected for life. They can be elected from any walk of life, regardless of their education.<\/p>\n\n<p class=\"lt-human-120674\"><strong>L\u2019Acad\u00e9mie<\/strong> publishes an official dictionary of the French language, and it announces new words that make their way into the dictionary. One of the new words was <strong>smiley<\/strong> which entered the dictionary in 2019. The latest edition of the dictionary, the 9th edition, was published in 2012.<\/p>\n\n<p class=\"lt-human-120674\">The French Academy was created in 1634 by a famous cardinal and minister to King Louis XIII, <strong>le cardinal Richelieu<\/strong>. In 1635, it became official by Kind Louis XIII.<\/p>\n\n<p class=\"lt-human-120674\">Some famous <strong>immortels<\/strong> throughout history are Voltaire, Victor Hugo, Alexandre Dumas, Louis Pasteur.<\/p>\n\n<div class=\"box-definition\">\n<div class=\"mt-section\"><span id=\"Ressources_suppl.C3.A9mentaires\"><\/span><h5 class=\"box-legend lt-human-104348 editable\"><span class=\"lt-icon-default\">Ressources&nbsp;suppl\u00e9mentaires<\/span><\/h5>\n\n<p class=\"lt-human-120674\">Here are some additional readings to learn more about the French Academy:<\/p>\n\n<ul>\n    <li class=\"lt-human-120674\"><a title=\"http:\/\/www.academie-francaise.fr\/les-immortels\/les-quarante-aujourdhui\" href=\"http:\/\/www.academie-francaise.fr\/les-immortels\/les-quarante-aujourdhui\" target=\"_blank\" rel=\"external noopener nofollow\" class=\"external\">The 40 new members of the Academy. <\/a><\/li>\n    <li class=\"lt-human-120674\"><a title=\"https:\/\/gallica.bnf.fr\/ark:\/12148\/btv1b541001685.item\" href=\"https:\/\/gallica.bnf.fr\/ark:\/12148\/btv1b541001685.item\" target=\"_blank\" rel=\"external noopener nofollow\" class=\"link-https\"><strong>Les immortels\u2019<\/strong> official uniform. <\/a><\/li>\n    <li class=\"lt-human-120674\"><a title=\"http:\/\/www.academie-francaise.fr\/le-dictionnaire-la-9e-edition\/exemples-de-mots-nouveaux\" href=\"http:\/\/www.academie-francaise.fr\/le-dictionnaire-la-9e-edition\/exemples-de-mots-nouveaux\" target=\"_blank\" rel=\"external noopener nofollow\" class=\"external\">Which new words have recently entered the dictionary.<\/a><\/li>\n<\/ul>\n<\/div><\/div>\n\n<\/div><div class=\"mt-section\" id=\"section_5\"><span id=\"Le_fran.C3.A7ais_du_Moyen_.C3.82ge\"><\/span><h4 class=\"editable\"><span style=\"font-size:1.1rem;font-weight:700\">Le <\/span>fran\u00e7ais<span style=\"font-size:1.1rem;font-weight:700\"> du <\/span>Moyen<span style=\"font-size:1.1rem;font-weight:700\"> <\/span>\u00c2ge<\/h4>\n\n<p class=\"lt-human-120674\">What languages were spoken in France before the <strong>Acad\u00e9mie Fran\u00e7aise<\/strong> came about? And did France have one dominant language before the 17<sup>th<\/sup> century?<\/p>\n\n<p class=\"lt-human-120674\">During the 5<sup>th<\/sup> century B.C., there were three main languages were spoken in France, <strong>le grec<\/strong> (Greek), <strong>le ligure<\/strong> (Ligurian), and <strong>le latin<\/strong> (latin). Then, when the Franks invaded France, their language became intertwined with these three existing languages and that is what brought about the <strong>roman<\/strong> or <strong>gallo-roman<\/strong>, which was a form of vernacular Latin language.<\/p>\n\n<p class=\"lt-human-120674\">The oldest document of written <strong>roman<\/strong> or Old French that has survived is called \"The Oaths of Strasbourg\" (<strong>les Serments de Strasbourg<\/strong>), written in 842 AD. It was a pledge of allegiance between Louis the German (<strong>Louis le Germanique<\/strong>), ruler of East Francia and his half-brother Charles the Bald (<strong>Charles le Chauve<\/strong>), ruler of West Francia against their brother Lothair I (<strong>Lothaire 1er<\/strong>). The two brothers spoke different languages, so the Oaths were written in Medieval Latin (<strong>le latin m\u00e9di\u00e9val<\/strong>), Old French (<strong>le roman<\/strong>), and High German (<strong>le tudesque<\/strong>). It is said that this document gave birth to the French language.<\/p>\n\n<p class=\"lt-human-120674\">In the Middle Ages, the educated spoken classical Latin while the rest of the population a vernacular Latin. During the 10<sup>th<\/sup> century, the king <strong>Hugues Capet<\/strong> was the first to officially use the French language, called <strong>le francien<\/strong> at the time, and to begin nationalizing the French language. But during the Middle Ages, and until the 16<sup>th<\/sup> century, there were many very different dialects of the French language spoken all over France. In the northern region, the language was called <strong>la langue d\u2019o\u00efl<\/strong>, <strong>o\u00efl<\/strong> meaning yes, and in the southern region the language was called <strong>la langue d\u2019oc<\/strong>, <strong>oc<\/strong> also meaning yes. But there were many other regional languages that still exist today. It is said that the <strong>Troubadours<\/strong> (called <strong>Trouv\u00e8res<\/strong> in the north) spread the Old French language throughout the region.<\/p>\n\n<p class=\"lt-human-120674\"><a title=\"https:\/\/pm1.narvii.com\/6940\/37236cc373b49640a919b68661f53b747ee829ddr1-738-819v2_uhq.jpg\" href=\"https:\/\/pm1.narvii.com\/6940\/37236cc373b49640a919b68661f53b747ee829ddr1-738-819v2_uhq.jpg\" target=\"_blank\" rel=\"external noopener nofollow\" class=\"link-https\">Here is a map that shows the different languages and dialects spoken throughout France<\/a>. In 1539 the King <strong>Fran\u00e7ois 1er<\/strong> (Francis I) decided to nationalize the <strong>francien<\/strong> or <strong>Fran\u00e7ois<\/strong> language, also called <strong>le moyen fran\u00e7ais<\/strong> (Middle French), spoken in the <strong>\u00cele de France<\/strong> region (near Paris).<\/p>\n\n<p class=\"lt-human-120674\">Medieval French was drastically different from the French spoken in France today. It was rather similar to Latin, Spanish, and Italian.<\/p>\n\n<p class=\"lt-human-120674\"><a title=\"http:\/\/jacques.prevost.free.fr\/moyen_age\/MariedeFrance_lai_guigemar.htm\" href=\"http:\/\/jacques.prevost.free.fr\/moyen_age\/MariedeFrance_lai_guigemar.htm\" target=\"_blank\" rel=\"external noopener nofollow\" class=\"external\">Here is an example of a text written in Medieval French by author Marie de France<\/a>. On the left side is the modern French translation and on the right side you can see how incomprehensible Old French can be to current French speakers.<\/p>\n\n<\/div><div class=\"mt-section\" id=\"section_6\"><span id=\"On_explore_!\"><\/span><h4 class=\"lt-human-120674 editable\">On explore !<\/h4>\n\n<\/div><\/div><div class=\"mt-section\" id=\"section_7\"><span id=\"Activit.C3.A9\"><\/span><h3 class=\"lt-human-120674 editable\">Activit\u00e9<\/h3>\n\n<p class=\"lt-human-120674\">\u00c9coutez la chanson <a title=\"https:\/\/youtu.be\/dh3kGtGV0-Y\" href=\"https:\/\/youtu.be\/dh3kGtGV0-Y\" target=\"_blank\" rel=\"external noopener nofollow\" class=\"link-https\">La vie en rose<\/a> est remplir les espaces vides avec les mots qui manquent<\/p>\n\n<p><font color=\"#202124\" face=\"Roboto, arial, sans-serif\">La vie en rose<\/font><\/p>\n\n<p>Des yeux qui font baisser les miens<br aria-hidden=\"true\">\nUn _______ qui se perd sur sa bouche<br aria-hidden=\"true\">\nVoil\u00e0 le portrait sans retouches<br aria-hidden=\"true\">\nDe _______ auquel j'appartiens<\/p>\n\n<p>Quand il me prend dans ses bras<br aria-hidden=\"true\">\nIl me ______ tout bas<br aria-hidden=\"true\">\nJe vois la vie en rose<\/p>\n\n<p>Il me dit des mots d\u2019_______<br aria-hidden=\"true\">\nDes mots de tous les jours<br aria-hidden=\"true\">\nEt \u00e7a me fait quelque chose<\/p>\n\n<p>Il est entr\u00e9 dans mon ________<br aria-hidden=\"true\">\nUne part de bonheur<br aria-hidden=\"true\">\nDont je connais la cause<\/p>\n\n<p>C'est lui pour moi, moi pour lui dans la ____<br aria-hidden=\"true\">\nIl me l'a dit, l'a jur\u00e9 pour la vie<\/p>\n\n<p>Et d\u00e8s que je l'aper\u00e7ois<br aria-hidden=\"true\">\nAlors je ______ en moi<br aria-hidden=\"true\">\nMon c\u0153ur qui bat<\/p>\n\n<p>Des nuits d'amour \u00e0 plus finir<br aria-hidden=\"true\">\nUn grand _______ qui prend sa place<br aria-hidden=\"true\">\nDes ennuis, des chagrins s'effacent<br aria-hidden=\"true\">\nHeureux, heureux \u00e0 en ______<\/p>\n\n<p>Quand il me prend dans ses ______<br aria-hidden=\"true\">\nIl me parle tout bas<br aria-hidden=\"true\">\nJe vois la vie en rose<\/p>\n\n<p>Il me dit des mots d'amour<br aria-hidden=\"true\">\nDes _____ de tous les jours<br aria-hidden=\"true\">\nEt \u00e7a me fait quelque chose<\/p>\n\n<p>Il est entr\u00e9 dans mon c\u0153ur<br aria-hidden=\"true\">\nUne part de bonheur<br aria-hidden=\"true\">\nDont je connais la cause<\/p>\n\n<p>C\u2019est _____ pour moi, moi pour toi dans la vie<br aria-hidden=\"true\">\nIl me l'a dit, l'a jur\u00e9 pour la vie<\/p>\n\n<p>Et d\u00e8s que je t'aper\u00e7ois<br aria-hidden=\"true\">\nAlors je sens dans moi<br aria-hidden=\"true\">\nMon c\u0153ur qui bat<br aria-hidden=\"true\">\nLa la, la la, la la<br aria-hidden=\"true\">\nLa la, la la, ah la<br aria-hidden=\"true\">\nLa la la la<\/p>\n\n<\/div><\/div><div class=\"mt-section\" id=\"section_8\"><span id=\"On_approfondit_!\"><\/span><h2 class=\"editable\">On approfondit !<\/h2>\n\n<div class=\"box-definition\">\n<div class=\"mt-section\"><span id=\"Ressources_en_ligne\"><\/span><h3 class=\"box-legend lt-human-104348 editable\"><span class=\"lt-icon-default\">Ressources&nbsp;en ligne<\/span><\/h3>\n\n<p class=\"lt-human-104333\">Use the following resources&nbsp;to&nbsp;type accents and\/or search for words:<\/p>\n\n<ul>\n    <li><a target=\"_blank\" href=\"https:\/\/french.typeit.org\/\" rel=\"external noopener nofollow\" class=\"link-https\">Accents<\/a>:&nbsp;\u00e7,&nbsp;\u00e0,&nbsp;\u00e9,&nbsp;\u00e8,&nbsp;\u00e2,&nbsp;\u00ea,&nbsp;\u00ee,&nbsp;\u00f4,&nbsp;\u00fb,&nbsp;\u00f9,&nbsp;\u00eb,&nbsp;\u00ef,&nbsp;\u00fc&nbsp;<\/li>\n    <li><a target=\"_blank\" href=\"https:\/\/www.wordreference.com\/\" rel=\"external noopener nofollow\" class=\"link-https\">Dictionnaire<\/a>&nbsp;fran\u00e7ais-anglais<\/li>\n<\/ul>\n<\/div><\/div>\n\n<div class=\"mt-section\" id=\"section_9\"><span id=\"Exercice_1_:_Nice\"><\/span><h3 class=\"editable\"><strong>Exercice&nbsp;1 : Nice<\/strong><\/h3>\n\n[embed]https:\/\/studio.libretexts.org\/h5p\/4970\/embed[\/embed]\n<\/div><\/div><!-- pb_fixme -->\n","rendered":"<p class=\"lt-human-104290\">In this section, you will learn about:<\/p>\n<ul>\n<li>Three regions in France: <strong>L&#8217;Occitanie<\/strong>, <strong>La Provence<\/strong> &amp; <strong>Le Pays Basque<\/strong><\/li>\n<li>The French Academy<\/li>\n<li>French in the Middle Ages<\/li>\n<\/ul>\n<div class=\"mt-section\" id=\"section_1\"><span id=\"On_d.C3.A9couvre_!\"><\/span><\/p>\n<h2 class=\"editable\">On d\u00e9couvre&nbsp;!<\/h2>\n<p>&nbsp;<\/p>\n<div class=\"row\" role=\"group\">\n<figure><figcaption>\n<a target=\"_blank\" href=\"https:\/\/pixabay.com\/fr\/photos\/nature-canal-voyager-tourisme-6752421\/\" rel=\"external noopener nofollow\" class=\"link-https\"><img decoding=\"async\" alt=\"Canal du Midi\" class=\"internal default\" style=\"width: 430px;height: 258px\" width=\"430px\" height=\"258px\" src=\"https:\/\/human.libretexts.org\/@api\/deki\/files\/76397\/Canal_du_Midi.jpg?revision=1&amp;size=bestfit&amp;width=430&amp;height=258\" \/><span class=\"mt-font-size-11\">&#8220;Canal du Midi&#8221;<\/span><\/a><span class=\"mt-font-size-11\">&nbsp;by&nbsp;<a target=\"_blank\" href=\"https:\/\/pixabay.com\/fr\/users\/anwic-21500104\/\" rel=\"external noopener nofollow\" class=\"link-https\">Anwic<\/a>&nbsp;is in the&nbsp;<a target=\"_blank\" href=\"https:\/\/wiki.creativecommons.org\/Public_domain\" rel=\"external noopener nofollow\" class=\"link-https\">Public Domain<\/a><\/span><br \/>\n<\/figcaption><\/figure>\n<figure><figcaption>\n<a target=\"_blank\" href=\"https:\/\/pixabay.com\/fr\/photos\/cloitre-moissac-lot-%c3%a9glise-village-2154637\/\" rel=\"external noopener nofollow\" class=\"link-https\"><img decoding=\"async\" alt=\"A cloister\" class=\"internal default\" style=\"width: 375px;height: 260px\" width=\"375px\" height=\"260px\" src=\"https:\/\/human.libretexts.org\/@api\/deki\/files\/76398\/cloister-g69ffba493_1280.jpg?revision=1&amp;size=bestfit&amp;width=375&amp;height=260\" \/><span class=\"mt-font-size-11\">&#8220;Cloitre&#8221;<\/span><\/a><span class=\"mt-font-size-11\">&nbsp;by&nbsp;<a target=\"_blank\" href=\"https:\/\/pixabay.com\/fr\/users\/gtf06-4270080\/\" rel=\"external noopener nofollow\" class=\"link-https\">Lisa Dubois<\/a>&nbsp;is in the&nbsp;<a target=\"_blank\" href=\"https:\/\/wiki.creativecommons.org\/Public_domain\" rel=\"external noopener nofollow\" class=\"link-https\">Public Domain<\/a><\/span><br \/>\n<\/figcaption><\/figure>\n<figure><figcaption><a target=\"_blank\" href=\"https:\/\/pixabay.com\/fr\/photos\/lavande-fleur-fleurs-bleu-1275377\/\" rel=\"external noopener nofollow\" class=\"link-https\"><img decoding=\"async\" alt=\"A field of lavendar\" class=\"internal default\" style=\"width: 388px;height: 294px\" width=\"388px\" height=\"294px\" src=\"https:\/\/human.libretexts.org\/@api\/deki\/files\/76399\/lavender-g4f022d373_1280.jpg?revision=1&amp;size=bestfit&amp;width=388&amp;height=294\" \/><span class=\"mt-font-size-11\">&#8220;This work&#8221;<\/span><\/a><span class=\"mt-font-size-11\">&nbsp;by&nbsp;<a target=\"_blank\" href=\"https:\/\/pixabay.com\/fr\/users\/hans-2\/\" rel=\"external noopener nofollow\" class=\"link-https\">Hans Braxmeier<\/a>,&nbsp;<a target=\"_blank\" href=\"http:\/\/pixabay.com\/\" rel=\"external noopener nofollow\" class=\"external\">pixabay<\/a>&nbsp;is in the&nbsp;<a target=\"_blank\" href=\"https:\/\/wiki.creativecommons.org\/Public_domain\" rel=\"external noopener nofollow\" class=\"link-https\">Public Domain<\/a><\/span><\/figcaption><\/figure>\n<\/div>\n<div class=\"mt-section\" id=\"section_2\"><span id=\"Francophonie\"><\/span><\/p>\n<h3 class=\"editable\">Francophonie<\/h3>\n<p class=\"lt-human-120674\">Toulouse et L&#8217;Occitanie<\/p>\n<p class=\"lt-human-120674\">La Provence<\/p>\n<p class=\"lt-human-120674\">Le Pays Basque<\/p>\n<p class=\"lt-human-120674\">Regardez cette vid\u00e9o sur <a title=\"https:\/\/www.youtube.com\/embed\/0PCEOFx3_zc\" href=\"https:\/\/www.youtube.com\/embed\/0PCEOFx3_zc\" target=\"_blank\" rel=\"external noopener nofollow\" class=\"link-https\">Toulouse<\/a> et mettez les endroits dans le bon ordre.<\/p>\n<p class=\"lt-human-120674\">Quelles sont les 10 raisons qui font que Toulouse est \u00ab la meilleure ville de France \u00bb ?<\/p>\n<ol>\n<li class=\"lt-human-120674\"><span aria-label=\"Answer Line\" role=\"img\">________<\/span><\/li>\n<li class=\"lt-human-120674\"><span aria-label=\"Answer Line\" role=\"img\">________<\/span><\/li>\n<li class=\"lt-human-120674\"><span aria-label=\"Answer Line\" role=\"img\">________<\/span><\/li>\n<li class=\"lt-human-120674\"><span aria-label=\"Answer Line\" role=\"img\">________<\/span><\/li>\n<li class=\"lt-human-120674\"><span aria-label=\"Answer Line\" role=\"img\">________<\/span><\/li>\n<li class=\"lt-human-120674\"><span aria-label=\"Answer Line\" role=\"img\">________<\/span><\/li>\n<li class=\"lt-human-120674\"><span aria-label=\"Answer Line\" role=\"img\">________<\/span><\/li>\n<li class=\"lt-human-120674\"><span aria-label=\"Answer Line\" role=\"img\">________<\/span><\/li>\n<li class=\"lt-human-120674\"><span aria-label=\"Answer Line\" role=\"img\">________<\/span><\/li>\n<li class=\"lt-human-120674\"><span aria-label=\"Answer Line\" role=\"img\">________<\/span><\/li>\n<\/ol>\n<p class=\"lt-human-120674\"><a title=\"https:\/\/enseigner.tv5monde.com\/fiches-pedagogiques-fle\/languedoc-roussillon-france\" href=\"https:\/\/enseigner.tv5monde.com\/fiches-pedagogiques-fle\/languedoc-roussillon-france\" target=\"_blank\" rel=\"external noopener nofollow\" class=\"link-https\">Visite du Langedoc-Roussillon avec TV5Monde <\/a><\/p>\n<p class=\"lt-human-120674\"><a title=\"https:\/\/cabouge.tv5monde.com\/wp-content\/uploads\/2012\/05\/LanguedocA2AppDef.pdf\" href=\"https:\/\/cabouge.tv5monde.com\/wp-content\/uploads\/2012\/05\/LanguedocA2AppDef.pdf\" target=\"_blank\" rel=\"external noopener nofollow\" class=\"link-https\">Compl\u00e9tez les activit\u00e9s 1, 2, et 3 sur cette feuille<\/a>.<\/p>\n<hr \/>\n<\/div>\n<div class=\"mt-section\" id=\"section_3\"><span id=\"La_langue_vivante\"><\/span><\/p>\n<h3 class=\"editable\">La langue vivante<\/h3>\n<div class=\"mt-section\" id=\"section_4\"><span id=\"The_French_Academy\"><\/span><\/p>\n<h4 class=\"editable\">The French Academy<\/h4>\n<p class=\"lt-human-120674\"><strong>L\u2019Acad\u00e9mie Fran\u00e7aise<\/strong> (The French Academy) is an institution whose purpose is to standardize the French language. This means that its 40 members are in charge of making sure the rules and proper use (<strong>le bon usage<\/strong>) of the language are taught and respected.<\/p>\n<p class=\"lt-human-120674\"><strong>L\u2019Acad\u00e9mie<\/strong> is indeed comprised of 40 members, male or female, informally called the immortals (<strong>les immortels<\/strong>) because they are elected for life. They can be elected from any walk of life, regardless of their education.<\/p>\n<p class=\"lt-human-120674\"><strong>L\u2019Acad\u00e9mie<\/strong> publishes an official dictionary of the French language, and it announces new words that make their way into the dictionary. One of the new words was <strong>smiley<\/strong> which entered the dictionary in 2019. The latest edition of the dictionary, the 9th edition, was published in 2012.<\/p>\n<p class=\"lt-human-120674\">The French Academy was created in 1634 by a famous cardinal and minister to King Louis XIII, <strong>le cardinal Richelieu<\/strong>. In 1635, it became official by Kind Louis XIII.<\/p>\n<p class=\"lt-human-120674\">Some famous <strong>immortels<\/strong> throughout history are Voltaire, Victor Hugo, Alexandre Dumas, Louis Pasteur.<\/p>\n<div class=\"box-definition\">\n<div class=\"mt-section\"><span id=\"Ressources_suppl.C3.A9mentaires\"><\/span><\/p>\n<h5 class=\"box-legend lt-human-104348 editable\"><span class=\"lt-icon-default\">Ressources&nbsp;suppl\u00e9mentaires<\/span><\/h5>\n<p class=\"lt-human-120674\">Here are some additional readings to learn more about the French Academy:<\/p>\n<ul>\n<li class=\"lt-human-120674\"><a title=\"http:\/\/www.academie-francaise.fr\/les-immortels\/les-quarante-aujourdhui\" href=\"http:\/\/www.academie-francaise.fr\/les-immortels\/les-quarante-aujourdhui\" target=\"_blank\" rel=\"external noopener nofollow\" class=\"external\">The 40 new members of the Academy. <\/a><\/li>\n<li class=\"lt-human-120674\"><a title=\"https:\/\/gallica.bnf.fr\/ark:\/12148\/btv1b541001685.item\" href=\"https:\/\/gallica.bnf.fr\/ark:\/12148\/btv1b541001685.item\" target=\"_blank\" rel=\"external noopener nofollow\" class=\"link-https\"><strong>Les immortels\u2019<\/strong> official uniform. <\/a><\/li>\n<li class=\"lt-human-120674\"><a title=\"http:\/\/www.academie-francaise.fr\/le-dictionnaire-la-9e-edition\/exemples-de-mots-nouveaux\" href=\"http:\/\/www.academie-francaise.fr\/le-dictionnaire-la-9e-edition\/exemples-de-mots-nouveaux\" target=\"_blank\" rel=\"external noopener nofollow\" class=\"external\">Which new words have recently entered the dictionary.<\/a><\/li>\n<\/ul>\n<\/div>\n<\/div>\n<\/div>\n<div class=\"mt-section\" id=\"section_5\"><span id=\"Le_fran.C3.A7ais_du_Moyen_.C3.82ge\"><\/span><\/p>\n<h4 class=\"editable\"><span style=\"font-size:1.1rem;font-weight:700\">Le <\/span>fran\u00e7ais<span style=\"font-size:1.1rem;font-weight:700\"> du <\/span>Moyen<span style=\"font-size:1.1rem;font-weight:700\"> <\/span>\u00c2ge<\/h4>\n<p class=\"lt-human-120674\">What languages were spoken in France before the <strong>Acad\u00e9mie Fran\u00e7aise<\/strong> came about? And did France have one dominant language before the 17<sup>th<\/sup> century?<\/p>\n<p class=\"lt-human-120674\">During the 5<sup>th<\/sup> century B.C., there were three main languages were spoken in France, <strong>le grec<\/strong> (Greek), <strong>le ligure<\/strong> (Ligurian), and <strong>le latin<\/strong> (latin). Then, when the Franks invaded France, their language became intertwined with these three existing languages and that is what brought about the <strong>roman<\/strong> or <strong>gallo-roman<\/strong>, which was a form of vernacular Latin language.<\/p>\n<p class=\"lt-human-120674\">The oldest document of written <strong>roman<\/strong> or Old French that has survived is called &#8220;The Oaths of Strasbourg&#8221; (<strong>les Serments de Strasbourg<\/strong>), written in 842 AD. It was a pledge of allegiance between Louis the German (<strong>Louis le Germanique<\/strong>), ruler of East Francia and his half-brother Charles the Bald (<strong>Charles le Chauve<\/strong>), ruler of West Francia against their brother Lothair I (<strong>Lothaire 1er<\/strong>). The two brothers spoke different languages, so the Oaths were written in Medieval Latin (<strong>le latin m\u00e9di\u00e9val<\/strong>), Old French (<strong>le roman<\/strong>), and High German (<strong>le tudesque<\/strong>). It is said that this document gave birth to the French language.<\/p>\n<p class=\"lt-human-120674\">In the Middle Ages, the educated spoken classical Latin while the rest of the population a vernacular Latin. During the 10<sup>th<\/sup> century, the king <strong>Hugues Capet<\/strong> was the first to officially use the French language, called <strong>le francien<\/strong> at the time, and to begin nationalizing the French language. But during the Middle Ages, and until the 16<sup>th<\/sup> century, there were many very different dialects of the French language spoken all over France. In the northern region, the language was called <strong>la langue d\u2019o\u00efl<\/strong>, <strong>o\u00efl<\/strong> meaning yes, and in the southern region the language was called <strong>la langue d\u2019oc<\/strong>, <strong>oc<\/strong> also meaning yes. But there were many other regional languages that still exist today. It is said that the <strong>Troubadours<\/strong> (called <strong>Trouv\u00e8res<\/strong> in the north) spread the Old French language throughout the region.<\/p>\n<p class=\"lt-human-120674\"><a title=\"https:\/\/pm1.narvii.com\/6940\/37236cc373b49640a919b68661f53b747ee829ddr1-738-819v2_uhq.jpg\" href=\"https:\/\/pm1.narvii.com\/6940\/37236cc373b49640a919b68661f53b747ee829ddr1-738-819v2_uhq.jpg\" target=\"_blank\" rel=\"external noopener nofollow\" class=\"link-https\">Here is a map that shows the different languages and dialects spoken throughout France<\/a>. In 1539 the King <strong>Fran\u00e7ois 1er<\/strong> (Francis I) decided to nationalize the <strong>francien<\/strong> or <strong>Fran\u00e7ois<\/strong> language, also called <strong>le moyen fran\u00e7ais<\/strong> (Middle French), spoken in the <strong>\u00cele de France<\/strong> region (near Paris).<\/p>\n<p class=\"lt-human-120674\">Medieval French was drastically different from the French spoken in France today. It was rather similar to Latin, Spanish, and Italian.<\/p>\n<p class=\"lt-human-120674\"><a title=\"http:\/\/jacques.prevost.free.fr\/moyen_age\/MariedeFrance_lai_guigemar.htm\" href=\"http:\/\/jacques.prevost.free.fr\/moyen_age\/MariedeFrance_lai_guigemar.htm\" target=\"_blank\" rel=\"external noopener nofollow\" class=\"external\">Here is an example of a text written in Medieval French by author Marie de France<\/a>. On the left side is the modern French translation and on the right side you can see how incomprehensible Old French can be to current French speakers.<\/p>\n<\/div>\n<div class=\"mt-section\" id=\"section_6\"><span id=\"On_explore_!\"><\/span><\/p>\n<h4 class=\"lt-human-120674 editable\">On explore !<\/h4>\n<\/div>\n<\/div>\n<div class=\"mt-section\" id=\"section_7\"><span id=\"Activit.C3.A9\"><\/span><\/p>\n<h3 class=\"lt-human-120674 editable\">Activit\u00e9<\/h3>\n<p class=\"lt-human-120674\">\u00c9coutez la chanson <a title=\"https:\/\/youtu.be\/dh3kGtGV0-Y\" href=\"https:\/\/youtu.be\/dh3kGtGV0-Y\" target=\"_blank\" rel=\"external noopener nofollow\" class=\"link-https\">La vie en rose<\/a> est remplir les espaces vides avec les mots qui manquent<\/p>\n<p><span style=\"color: #202124; font-family: Roboto, arial, sans-serif;\">La vie en rose<\/span><\/p>\n<p>Des yeux qui font baisser les miens<br aria-hidden=\"true\" \/><br \/>\nUn _______ qui se perd sur sa bouche<br aria-hidden=\"true\" \/><br \/>\nVoil\u00e0 le portrait sans retouches<br aria-hidden=\"true\" \/><br \/>\nDe _______ auquel j&#8217;appartiens<\/p>\n<p>Quand il me prend dans ses bras<br aria-hidden=\"true\" \/><br \/>\nIl me ______ tout bas<br aria-hidden=\"true\" \/><br \/>\nJe vois la vie en rose<\/p>\n<p>Il me dit des mots d\u2019_______<br aria-hidden=\"true\" \/><br \/>\nDes mots de tous les jours<br aria-hidden=\"true\" \/><br \/>\nEt \u00e7a me fait quelque chose<\/p>\n<p>Il est entr\u00e9 dans mon ________<br aria-hidden=\"true\" \/><br \/>\nUne part de bonheur<br aria-hidden=\"true\" \/><br \/>\nDont je connais la cause<\/p>\n<p>C&#8217;est lui pour moi, moi pour lui dans la ____<br aria-hidden=\"true\" \/><br \/>\nIl me l&#8217;a dit, l&#8217;a jur\u00e9 pour la vie<\/p>\n<p>Et d\u00e8s que je l&#8217;aper\u00e7ois<br aria-hidden=\"true\" \/><br \/>\nAlors je ______ en moi<br aria-hidden=\"true\" \/><br \/>\nMon c\u0153ur qui bat<\/p>\n<p>Des nuits d&#8217;amour \u00e0 plus finir<br aria-hidden=\"true\" \/><br \/>\nUn grand _______ qui prend sa place<br aria-hidden=\"true\" \/><br \/>\nDes ennuis, des chagrins s&#8217;effacent<br aria-hidden=\"true\" \/><br \/>\nHeureux, heureux \u00e0 en ______<\/p>\n<p>Quand il me prend dans ses ______<br aria-hidden=\"true\" \/><br \/>\nIl me parle tout bas<br aria-hidden=\"true\" \/><br \/>\nJe vois la vie en rose<\/p>\n<p>Il me dit des mots d&#8217;amour<br aria-hidden=\"true\" \/><br \/>\nDes _____ de tous les jours<br aria-hidden=\"true\" \/><br \/>\nEt \u00e7a me fait quelque chose<\/p>\n<p>Il est entr\u00e9 dans mon c\u0153ur<br aria-hidden=\"true\" \/><br \/>\nUne part de bonheur<br aria-hidden=\"true\" \/><br \/>\nDont je connais la cause<\/p>\n<p>C\u2019est _____ pour moi, moi pour toi dans la vie<br aria-hidden=\"true\" \/><br \/>\nIl me l&#8217;a dit, l&#8217;a jur\u00e9 pour la vie<\/p>\n<p>Et d\u00e8s que je t&#8217;aper\u00e7ois<br aria-hidden=\"true\" \/><br \/>\nAlors je sens dans moi<br aria-hidden=\"true\" \/><br \/>\nMon c\u0153ur qui bat<br aria-hidden=\"true\" \/><br \/>\nLa la, la la, la la<br aria-hidden=\"true\" \/><br \/>\nLa la, la la, ah la<br aria-hidden=\"true\" \/><br \/>\nLa la la la<\/p>\n<\/div>\n<\/div>\n<div class=\"mt-section\" id=\"section_8\"><span id=\"On_approfondit_!\"><\/span><\/p>\n<h2 class=\"editable\">On approfondit !<\/h2>\n<div class=\"box-definition\">\n<div class=\"mt-section\"><span id=\"Ressources_en_ligne\"><\/span><\/p>\n<h3 class=\"box-legend lt-human-104348 editable\"><span class=\"lt-icon-default\">Ressources&nbsp;en ligne<\/span><\/h3>\n<p class=\"lt-human-104333\">Use the following resources&nbsp;to&nbsp;type accents and\/or search for words:<\/p>\n<ul>\n<li><a target=\"_blank\" href=\"https:\/\/french.typeit.org\/\" rel=\"external noopener nofollow\" class=\"link-https\">Accents<\/a>:&nbsp;\u00e7,&nbsp;\u00e0,&nbsp;\u00e9,&nbsp;\u00e8,&nbsp;\u00e2,&nbsp;\u00ea,&nbsp;\u00ee,&nbsp;\u00f4,&nbsp;\u00fb,&nbsp;\u00f9,&nbsp;\u00eb,&nbsp;\u00ef,&nbsp;\u00fc&nbsp;<\/li>\n<li><a target=\"_blank\" href=\"https:\/\/www.wordreference.com\/\" rel=\"external noopener nofollow\" class=\"link-https\">Dictionnaire<\/a>&nbsp;fran\u00e7ais-anglais<\/li>\n<\/ul>\n<\/div>\n<\/div>\n<div class=\"mt-section\" id=\"section_9\"><span id=\"Exercice_1_:_Nice\"><\/span><\/p>\n<h3 class=\"editable\"><strong>Exercice&nbsp;1 : Nice<\/strong><\/h3>\n<p><a href=\"https:\/\/studio.libretexts.org\/h5p\/4970\/embed\">https:\/\/studio.libretexts.org\/h5p\/4970\/embed<\/a>\n<\/div>\n<\/div>\n<p><!-- pb_fixme --><\/p>\n","protected":false},"author":1231,"menu_order":4,"template":"","meta":{"pb_show_title":"on","pb_short_title":"","pb_subtitle":"","pb_authors":[],"pb_section_license":""},"chapter-type":[],"contributor":[],"license":[],"class_list":["post-74","chapter","type-chapter","status-publish","hentry"],"part":64,"_links":{"self":[{"href":"https:\/\/pressbooks.bccampus.ca\/frenchoer2\/wp-json\/pressbooks\/v2\/chapters\/74","targetHints":{"allow":["GET"]}}],"collection":[{"href":"https:\/\/pressbooks.bccampus.ca\/frenchoer2\/wp-json\/pressbooks\/v2\/chapters"}],"about":[{"href":"https:\/\/pressbooks.bccampus.ca\/frenchoer2\/wp-json\/wp\/v2\/types\/chapter"}],"author":[{"embeddable":true,"href":"https:\/\/pressbooks.bccampus.ca\/frenchoer2\/wp-json\/wp\/v2\/users\/1231"}],"version-history":[{"count":2,"href":"https:\/\/pressbooks.bccampus.ca\/frenchoer2\/wp-json\/pressbooks\/v2\/chapters\/74\/revisions"}],"predecessor-version":[{"id":118,"href":"https:\/\/pressbooks.bccampus.ca\/frenchoer2\/wp-json\/pressbooks\/v2\/chapters\/74\/revisions\/118"}],"part":[{"href":"https:\/\/pressbooks.bccampus.ca\/frenchoer2\/wp-json\/pressbooks\/v2\/parts\/64"}],"metadata":[{"href":"https:\/\/pressbooks.bccampus.ca\/frenchoer2\/wp-json\/pressbooks\/v2\/chapters\/74\/metadata\/"}],"wp:attachment":[{"href":"https:\/\/pressbooks.bccampus.ca\/frenchoer2\/wp-json\/wp\/v2\/media?parent=74"}],"wp:term":[{"taxonomy":"chapter-type","embeddable":true,"href":"https:\/\/pressbooks.bccampus.ca\/frenchoer2\/wp-json\/pressbooks\/v2\/chapter-type?post=74"},{"taxonomy":"contributor","embeddable":true,"href":"https:\/\/pressbooks.bccampus.ca\/frenchoer2\/wp-json\/wp\/v2\/contributor?post=74"},{"taxonomy":"license","embeddable":true,"href":"https:\/\/pressbooks.bccampus.ca\/frenchoer2\/wp-json\/wp\/v2\/license?post=74"}],"curies":[{"name":"wp","href":"https:\/\/api.w.org\/{rel}","templated":true}]}}