{"id":98,"date":"2024-03-06T18:49:45","date_gmt":"2024-03-06T23:49:45","guid":{"rendered":"https:\/\/pressbooks.bccampus.ca\/frenchoer2\/?post_type=chapter&#038;p=98"},"modified":"2024-03-08T18:43:42","modified_gmt":"2024-03-08T23:43:42","slug":"9-5-francophonie-points-culturels","status":"publish","type":"chapter","link":"https:\/\/pressbooks.bccampus.ca\/frenchoer2\/chapter\/9-5-francophonie-points-culturels\/","title":{"raw":"9.5: Francophonie - Points culturels","rendered":"9.5: Francophonie &#8211; Points culturels"},"content":{"raw":"\n<p class=\"lt-human-104290\">In this section, you will explore the past tenses (<strong>pass\u00e9 compos\u00e9<\/strong> vs. <strong>imparfait<\/strong>) in context.<\/p>\n<\/div>\n\n<div class=\"mt-section\" id=\"section_1\"><span id=\"On_d.C3.A9couvre_!\"><\/span><h2 class=\"editable\">On d\u00e9couvre&nbsp;!<\/h2>\n\n<div class=\"mt-section\" id=\"section_2\"><span id=\"Francophonie\"><\/span><h3 class=\"editable\">Francophonie<\/h3>\n\n<\/div><div class=\"mt-section\" id=\"section_3\"><span id=\"Activit.C3.A9_A\"><\/span><h3 class=\"editable\"><strong>Activit\u00e9&nbsp;A<\/strong><\/h3>\n\n<p class=\"lt-human-83820\">Un conte s\u00e9n\u00e9galais. Regardez la vid\u00e9o <a title=\"https:\/\/enseigner.tv5monde.com\/fiches-pedagogiques-fle\/lhyene-et-laveugle\" href=\"https:\/\/enseigner.tv5monde.com\/fiches-pedagogiques-fle\/lhyene-et-laveugle\" target=\"_blank\" rel=\"external noopener nofollow\" class=\"link-https\">L\u2019hy\u00e8ne et l\u2019aveugle<\/a> et r\u00e9pondez aux questions suivantes :<\/p>\n\n<ol>\n    <li class=\"lt-human-83820\">Comment est-ce que l\u2019aveugle remplissait son sac de nourriture ?<\/li>\n    <li class=\"lt-human-83820\">Pourquoi est-ce que l\u2019hy\u00e8ne \u00e9tait jalouse de l\u2019aveugle ?<\/li>\n    <li class=\"lt-human-83820\">Qu\u2019est-ce que l\u2019hy\u00e8ne&nbsp;a propos\u00e9 \u00e0 l\u2019aveugle ?<\/li>\n    <li class=\"lt-human-83820\">Que s'est-il pass\u00e9&nbsp;apr\u00e8s l\u2019\u00e9change ?<\/li>\n    <li class=\"lt-human-83820\">Pourquoi est-ce que l\u2019hy\u00e8ne&nbsp;n'est plus all\u00e9e&nbsp;demander de la nourriture ?<\/li>\n    <li class=\"lt-human-83820\">Quelle \u00e9tait la morale de cette histoire ? \u00cates-vous d\u2019accord ?<\/li>\n<\/ol>\n\n<\/div><div class=\"mt-section\" id=\"section_4\"><span id=\"Activit.C3.A9_B\"><\/span><h3 class=\"editable\">Activit\u00e9 B<\/h3>\n\n<p><a target=\"_blank\" title=\"https:\/\/youtu.be\/jFgCs7D-Te8\" href=\"https:\/\/youtu.be\/jFgCs7D-Te8\" rel=\"external noopener nofollow\" class=\"link-https\">Le petit pain au chocolat (Joe Dassin)<\/a>. Ecoutez la chanson de Joe Dassin tout en lisant les paroles. Ensuite, r\u00e9pondez aux questions suivantes.&nbsp;<\/p>\n\n<ol>\n    <li>Que faisait le jeune homme&nbsp;chaque matin ?&nbsp;<\/li>\n    <li>Pourquoi est-ce la boulang\u00e8re souriait au jeune homme ?&nbsp;<\/li>\n    <li>Comment \u00e9tait l'apparence de la boulang\u00e8re ?&nbsp;<\/li>\n    <li>Que pensaient les clients de la boulang\u00e8re ?&nbsp;<\/li>\n    <li>Pourquoi est-ce que le jeune homme ne remarquait pas la boulang\u00e8re ?&nbsp;<\/li>\n    <li>Qu'est-ce que la jeune femme a fait pour que le jeune homme la remarque ?&nbsp;<\/li>\n    <li>Qu'est-ce qui s'est pass\u00e9 \u00e0 la fin de l'histoire ?&nbsp;<\/li>\n    <li>Est-ce que vous avez aim\u00e9 cette chanson ? Pourquoi ?&nbsp;<\/li>\n<\/ol>\n\n<\/div><div class=\"mt-section\" id=\"section_5\"><span id=\"Activit.C3.A9_C\"><\/span><h3 class=\"editable\">Activit\u00e9&nbsp;C<\/h3>\n\n<p>Qui est Barbara, la chanteuse&nbsp;?<\/p>\n\n<p>\u00c9coutez la chanson \"Mon enfance\" par Barbara.<\/p>\n\n<ul>\n    <li><a title=\"https:\/\/youtu.be\/_4xxCULF3O4\" href=\"https:\/\/youtu.be\/_4xxCULF3O4\" target=\"_blank\" rel=\"external noopener nofollow\" class=\"link-https\">Barbara \u2014 Mon enfance <\/a><\/li>\n    <li><a title=\"https:\/\/youtu.be\/H2XSUq4Dp60\" href=\"https:\/\/youtu.be\/H2XSUq4Dp60\" target=\"_blank\" rel=\"external noopener nofollow\" class=\"link-https\">Mon enfance chant\u00e9 par&nbsp;Ang\u00e9lina Wismes | The Voice France 2013 | Blind Audition<\/a><\/li>\n<\/ul>\n\n<p>Lisez sur <a title=\"https:\/\/fr.wikipedia.org\/wiki\/Barbara\" href=\"https:\/\/fr.wikipedia.org\/wiki\/Barbara\" target=\"_blank\" rel=\"external noopener nofollow\" class=\"link-https\">Barbara<\/a>&nbsp;et sa chanson \"<a title=\"https:\/\/www.nouvelobs.com\/culture\/20170825.OBS3791\/barbara-un-jour-une-chanson-mon-enfance-la-dechirante.html\" href=\"https:\/\/www.nouvelobs.com\/culture\/20170825.OBS3791\/barbara-un-jour-une-chanson-mon-enfance-la-dechirante.html\" target=\"_blank\" rel=\"external noopener nofollow\" class=\"link-https\">Mon enfance<\/a>\".<\/p>\n\n<p>On approfondit !<\/p>\n\n<div class=\"box-definition\">\n<div class=\"mt-section\"><span id=\"Ressources_en_ligne\"><\/span><h3 class=\"box-legend lt-human-104348 editable\"><span class=\"lt-icon-default\">Ressources&nbsp;en ligne<\/span><\/h3>\n\n<p class=\"lt-human-104333\">Use the following resources&nbsp;to&nbsp;type accents and\/or search for words:<\/p>\n\n<ul>\n    <li><a target=\"_blank\" href=\"https:\/\/french.typeit.org\/\" rel=\"external noopener nofollow\" class=\"link-https\">Accents<\/a>:&nbsp;\u00e7,&nbsp;\u00e0,&nbsp;\u00e9,&nbsp;\u00e8,&nbsp;\u00e2,&nbsp;\u00ea,&nbsp;\u00ee,&nbsp;\u00f4,&nbsp;\u00fb,&nbsp;\u00f9,&nbsp;\u00eb,&nbsp;\u00ef,&nbsp;\u00fc&nbsp;<\/li>\n    <li><a target=\"_blank\" href=\"https:\/\/www.wordreference.com\/\" rel=\"external noopener nofollow\" class=\"link-https\">Dictionnaire<\/a>&nbsp;fran\u00e7ais-anglais<\/li>\n<\/ul>\n<\/div><\/div>\n\n<div class=\"mt-section\" id=\"section_6\"><span id=\"Exercice_1_:_La_Boh.C3.A8me_de_Charles_Aznavour_(imparfait)\"><\/span><h3 class=\"editable\"><strong>Exercice&nbsp;1 : La Boh\u00e8me&nbsp;de Charles Aznavour&nbsp;(imparfait<\/strong>)<\/h3>\n\n[embed]https:\/\/studio.libretexts.org\/h5p\/5277\/embed[\/embed]\n\n<\/div><div class=\"mt-section\" id=\"section_7\"><span id=\"Exercice_2_:_Extrait_de_L'.C3.AEle_myst.C3.A9rieuse_de_Jules_Verne_(imparfait)\"><\/span><h3 class=\"editable\"><strong>Exercice&nbsp;2 : Extrait de <em>L'\u00eele myst\u00e9rieuse <\/em>de Jules Verne&nbsp;(imparfait<\/strong>)<\/h3>\n\n[embed]https:\/\/studio.libretexts.org\/h5p\/6936\/embed[\/embed]\n<\/div><\/div><\/div><!-- pb_fixme -->\n","rendered":"<p class=\"lt-human-104290\">In this section, you will explore the past tenses (<strong>pass\u00e9 compos\u00e9<\/strong> vs. <strong>imparfait<\/strong>) in context.<\/p>\n<div class=\"mt-section\" id=\"section_1\"><span id=\"On_d.C3.A9couvre_!\"><\/span><\/p>\n<h2 class=\"editable\">On d\u00e9couvre&nbsp;!<\/h2>\n<div class=\"mt-section\" id=\"section_2\"><span id=\"Francophonie\"><\/span><\/p>\n<h3 class=\"editable\">Francophonie<\/h3>\n<\/div>\n<div class=\"mt-section\" id=\"section_3\"><span id=\"Activit.C3.A9_A\"><\/span><\/p>\n<h3 class=\"editable\"><strong>Activit\u00e9&nbsp;A<\/strong><\/h3>\n<p class=\"lt-human-83820\">Un conte s\u00e9n\u00e9galais. Regardez la vid\u00e9o <a title=\"https:\/\/enseigner.tv5monde.com\/fiches-pedagogiques-fle\/lhyene-et-laveugle\" href=\"https:\/\/enseigner.tv5monde.com\/fiches-pedagogiques-fle\/lhyene-et-laveugle\" target=\"_blank\" rel=\"external noopener nofollow\" class=\"link-https\">L\u2019hy\u00e8ne et l\u2019aveugle<\/a> et r\u00e9pondez aux questions suivantes :<\/p>\n<ol>\n<li class=\"lt-human-83820\">Comment est-ce que l\u2019aveugle remplissait son sac de nourriture ?<\/li>\n<li class=\"lt-human-83820\">Pourquoi est-ce que l\u2019hy\u00e8ne \u00e9tait jalouse de l\u2019aveugle ?<\/li>\n<li class=\"lt-human-83820\">Qu\u2019est-ce que l\u2019hy\u00e8ne&nbsp;a propos\u00e9 \u00e0 l\u2019aveugle ?<\/li>\n<li class=\"lt-human-83820\">Que s&#8217;est-il pass\u00e9&nbsp;apr\u00e8s l\u2019\u00e9change ?<\/li>\n<li class=\"lt-human-83820\">Pourquoi est-ce que l\u2019hy\u00e8ne&nbsp;n&#8217;est plus all\u00e9e&nbsp;demander de la nourriture ?<\/li>\n<li class=\"lt-human-83820\">Quelle \u00e9tait la morale de cette histoire ? \u00cates-vous d\u2019accord ?<\/li>\n<\/ol>\n<\/div>\n<div class=\"mt-section\" id=\"section_4\"><span id=\"Activit.C3.A9_B\"><\/span><\/p>\n<h3 class=\"editable\">Activit\u00e9 B<\/h3>\n<p><a target=\"_blank\" title=\"https:\/\/youtu.be\/jFgCs7D-Te8\" href=\"https:\/\/youtu.be\/jFgCs7D-Te8\" rel=\"external noopener nofollow\" class=\"link-https\">Le petit pain au chocolat (Joe Dassin)<\/a>. Ecoutez la chanson de Joe Dassin tout en lisant les paroles. Ensuite, r\u00e9pondez aux questions suivantes.&nbsp;<\/p>\n<ol>\n<li>Que faisait le jeune homme&nbsp;chaque matin ?&nbsp;<\/li>\n<li>Pourquoi est-ce la boulang\u00e8re souriait au jeune homme ?&nbsp;<\/li>\n<li>Comment \u00e9tait l&#8217;apparence de la boulang\u00e8re ?&nbsp;<\/li>\n<li>Que pensaient les clients de la boulang\u00e8re ?&nbsp;<\/li>\n<li>Pourquoi est-ce que le jeune homme ne remarquait pas la boulang\u00e8re ?&nbsp;<\/li>\n<li>Qu&#8217;est-ce que la jeune femme a fait pour que le jeune homme la remarque ?&nbsp;<\/li>\n<li>Qu&#8217;est-ce qui s&#8217;est pass\u00e9 \u00e0 la fin de l&#8217;histoire ?&nbsp;<\/li>\n<li>Est-ce que vous avez aim\u00e9 cette chanson ? Pourquoi ?&nbsp;<\/li>\n<\/ol>\n<\/div>\n<div class=\"mt-section\" id=\"section_5\"><span id=\"Activit.C3.A9_C\"><\/span><\/p>\n<h3 class=\"editable\">Activit\u00e9&nbsp;C<\/h3>\n<p>Qui est Barbara, la chanteuse&nbsp;?<\/p>\n<p>\u00c9coutez la chanson &#8220;Mon enfance&#8221; par Barbara.<\/p>\n<ul>\n<li><a title=\"https:\/\/youtu.be\/_4xxCULF3O4\" href=\"https:\/\/youtu.be\/_4xxCULF3O4\" target=\"_blank\" rel=\"external noopener nofollow\" class=\"link-https\">Barbara \u2014 Mon enfance <\/a><\/li>\n<li><a title=\"https:\/\/youtu.be\/H2XSUq4Dp60\" href=\"https:\/\/youtu.be\/H2XSUq4Dp60\" target=\"_blank\" rel=\"external noopener nofollow\" class=\"link-https\">Mon enfance chant\u00e9 par&nbsp;Ang\u00e9lina Wismes | The Voice France 2013 | Blind Audition<\/a><\/li>\n<\/ul>\n<p>Lisez sur <a title=\"https:\/\/fr.wikipedia.org\/wiki\/Barbara\" href=\"https:\/\/fr.wikipedia.org\/wiki\/Barbara\" target=\"_blank\" rel=\"external noopener nofollow\" class=\"link-https\">Barbara<\/a>&nbsp;et sa chanson &#8220;<a title=\"https:\/\/www.nouvelobs.com\/culture\/20170825.OBS3791\/barbara-un-jour-une-chanson-mon-enfance-la-dechirante.html\" href=\"https:\/\/www.nouvelobs.com\/culture\/20170825.OBS3791\/barbara-un-jour-une-chanson-mon-enfance-la-dechirante.html\" target=\"_blank\" rel=\"external noopener nofollow\" class=\"link-https\">Mon enfance<\/a>&#8220;.<\/p>\n<p>On approfondit !<\/p>\n<div class=\"box-definition\">\n<div class=\"mt-section\"><span id=\"Ressources_en_ligne\"><\/span><\/p>\n<h3 class=\"box-legend lt-human-104348 editable\"><span class=\"lt-icon-default\">Ressources&nbsp;en ligne<\/span><\/h3>\n<p class=\"lt-human-104333\">Use the following resources&nbsp;to&nbsp;type accents and\/or search for words:<\/p>\n<ul>\n<li><a target=\"_blank\" href=\"https:\/\/french.typeit.org\/\" rel=\"external noopener nofollow\" class=\"link-https\">Accents<\/a>:&nbsp;\u00e7,&nbsp;\u00e0,&nbsp;\u00e9,&nbsp;\u00e8,&nbsp;\u00e2,&nbsp;\u00ea,&nbsp;\u00ee,&nbsp;\u00f4,&nbsp;\u00fb,&nbsp;\u00f9,&nbsp;\u00eb,&nbsp;\u00ef,&nbsp;\u00fc&nbsp;<\/li>\n<li><a target=\"_blank\" href=\"https:\/\/www.wordreference.com\/\" rel=\"external noopener nofollow\" class=\"link-https\">Dictionnaire<\/a>&nbsp;fran\u00e7ais-anglais<\/li>\n<\/ul>\n<\/div>\n<\/div>\n<div class=\"mt-section\" id=\"section_6\"><span id=\"Exercice_1_:_La_Boh.C3.A8me_de_Charles_Aznavour_(imparfait)\"><\/span><\/p>\n<h3 class=\"editable\"><strong>Exercice&nbsp;1 : La Boh\u00e8me&nbsp;de Charles Aznavour&nbsp;(imparfait<\/strong>)<\/h3>\n<p><a href=\"https:\/\/studio.libretexts.org\/h5p\/5277\/embed\">https:\/\/studio.libretexts.org\/h5p\/5277\/embed<\/a><\/p>\n<\/div>\n<div class=\"mt-section\" id=\"section_7\"><span id=\"Exercice_2_:_Extrait_de_L'.C3.AEle_myst.C3.A9rieuse_de_Jules_Verne_(imparfait)\"><\/span><\/p>\n<h3 class=\"editable\"><strong>Exercice&nbsp;2 : Extrait de <em>L&#8217;\u00eele myst\u00e9rieuse <\/em>de Jules Verne&nbsp;(imparfait<\/strong>)<\/h3>\n<p><a href=\"https:\/\/studio.libretexts.org\/h5p\/6936\/embed\">https:\/\/studio.libretexts.org\/h5p\/6936\/embed<\/a>\n<\/div>\n<\/div>\n<\/div>\n<p><!-- pb_fixme --><\/p>\n","protected":false},"author":1231,"menu_order":5,"template":"","meta":{"pb_show_title":"on","pb_short_title":"","pb_subtitle":"","pb_authors":[],"pb_section_license":""},"chapter-type":[],"contributor":[],"license":[],"class_list":["post-98","chapter","type-chapter","status-publish","hentry"],"part":88,"_links":{"self":[{"href":"https:\/\/pressbooks.bccampus.ca\/frenchoer2\/wp-json\/pressbooks\/v2\/chapters\/98","targetHints":{"allow":["GET"]}}],"collection":[{"href":"https:\/\/pressbooks.bccampus.ca\/frenchoer2\/wp-json\/pressbooks\/v2\/chapters"}],"about":[{"href":"https:\/\/pressbooks.bccampus.ca\/frenchoer2\/wp-json\/wp\/v2\/types\/chapter"}],"author":[{"embeddable":true,"href":"https:\/\/pressbooks.bccampus.ca\/frenchoer2\/wp-json\/wp\/v2\/users\/1231"}],"version-history":[{"count":2,"href":"https:\/\/pressbooks.bccampus.ca\/frenchoer2\/wp-json\/pressbooks\/v2\/chapters\/98\/revisions"}],"predecessor-version":[{"id":131,"href":"https:\/\/pressbooks.bccampus.ca\/frenchoer2\/wp-json\/pressbooks\/v2\/chapters\/98\/revisions\/131"}],"part":[{"href":"https:\/\/pressbooks.bccampus.ca\/frenchoer2\/wp-json\/pressbooks\/v2\/parts\/88"}],"metadata":[{"href":"https:\/\/pressbooks.bccampus.ca\/frenchoer2\/wp-json\/pressbooks\/v2\/chapters\/98\/metadata\/"}],"wp:attachment":[{"href":"https:\/\/pressbooks.bccampus.ca\/frenchoer2\/wp-json\/wp\/v2\/media?parent=98"}],"wp:term":[{"taxonomy":"chapter-type","embeddable":true,"href":"https:\/\/pressbooks.bccampus.ca\/frenchoer2\/wp-json\/pressbooks\/v2\/chapter-type?post=98"},{"taxonomy":"contributor","embeddable":true,"href":"https:\/\/pressbooks.bccampus.ca\/frenchoer2\/wp-json\/wp\/v2\/contributor?post=98"},{"taxonomy":"license","embeddable":true,"href":"https:\/\/pressbooks.bccampus.ca\/frenchoer2\/wp-json\/wp\/v2\/license?post=98"}],"curies":[{"name":"wp","href":"https:\/\/api.w.org\/{rel}","templated":true}]}}