{"id":242,"date":"2018-06-04T20:20:26","date_gmt":"2018-06-05T00:20:26","guid":{"rendered":"https:\/\/pressbooks.bccampus.ca\/oerguideuvic\/chapter\/law-general\/"},"modified":"2024-03-14T16:51:14","modified_gmt":"2024-03-14T20:51:14","slug":"law-general","status":"publish","type":"chapter","link":"https:\/\/pressbooks.bccampus.ca\/oerguideuvic\/chapter\/law-general\/","title":{"raw":"Law - General","rendered":"Law &#8211; General"},"content":{"raw":"<div class=\"textbox textbox--sidebar\">Last update: Mar 14\/24<\/div>\r\n<h1>Documents<\/h1>\r\n<img class=\"alignnone size-full wp-image-20\" src=\"https:\/\/pressbooks.bccampus.ca\/oerguideuvic\/wp-content\/uploads\/sites\/2108\/2023\/10\/icons8-canada-map-50.png\" alt=\"\" width=\"50\" height=\"50\" \/> <a href=\"https:\/\/www.canlii.org\/en\/commentary\/doc\/2013CanLIIDocs590#!fragment\/\/BQCwhgziBcwMYgK4DsDWszIQewE4BUBTADwBdoByCgSgBpltTCIBFRQ3AT0otokLC4EbDtyp8BQkAGU8pAELcASgFEAMioBqAQQByAYRW1SYAEbRS2ONWpA\">Sarah Sutherland on Law Library Management<\/a> (CC BY-NC-ND 4.0)\r\n\r\nThis is a collection of writing about law library management I wrote and published between 2011 and 2013. For newer writing on the subject, please see my writing published in\u00a0<a href=\"http:\/\/www.slaw.ca\/author\/ssutherland\/\" target=\"_blank\" rel=\"noopener\">my bi-monthly column in Slaw.ca<i class=\"external-indicator icon-external-link\"><\/i><\/a>\u00a0and on CanLII in\u00a0<i>Sarah Sutherland on Legal Information - Selected Slaw Columns From 2013-2019<\/i>, Slaw.ca,\u00a0<a class=\"reflex-docs reflex2-link\" href=\"https:\/\/www.canlii.org\/w\/canlii\/2019CanLIIDocs2759\">2019 CanLIIDocs 2759<\/a>.\r\n\r\n<img class=\"alignnone size-full wp-image-20\" src=\"https:\/\/pressbooks.bccampus.ca\/oerguideuvic\/wp-content\/uploads\/sites\/2108\/2023\/10\/icons8-canada-map-50.png\" alt=\"\" width=\"50\" height=\"50\" \/> <a href=\"https:\/\/www.canlii.org\/en\/commentary\/doc\/2016CanLIIDocs235#!fragment\/\/BQCwhgziBcwMYgK4DsDWszIQewE4BUBTADwBdoByCgSgBpltTCIBFRQ3AT0otokLC4EbDtyp8BQkAGU8pAELcASgFEAMioBqAQQByAYRW1SYAEbRS2ONWpA\">The CanLII Primer: Legal Research Principles and CanLII Navigation for Self-Represented Litigants<\/a> (CC BY-NC-ND 4.0)\r\n\r\n<span class=\"pdf-viewer-line\">The goal of this document is to help self-represented litigants (SRLs) navigate CanLll in <\/span><span class=\"pdf-viewer-line\">order to prepare for the presentation of their cases - in court, in chambers, or as part of a <\/span><span class=\"pdf-viewer-line\">negotiation or mediation<\/span>\r\n<h1>Journals<\/h1>\r\n<a href=\"https:\/\/www.canlii.org\/en\/commentary\/doc\/2021CanLIIDocs13667#!fragment\/zoupio-_Tocpdf_bk_0_1\/BQCwhgziBcwMYgK4DsDWszIQewE4BUBTADwBdoAvbRABwEtsBaAfX2zhoBMAzZgI1TMADMwCMASgA0ybKUIQAiokK4AntADkGyREJhcCJSvVadegyADKeUgCF1AJQCiAGScA1AIIA5AMJPJUjA+aFJ2cXEgA\">Legal Knowledge and Information Systems - JURIX 2021<\/a> (CC BY-NC 4.0)\r\n\r\nThis book presents proceedings of the 34th annual JURIX conference, which, due to pandemic restrictions, was hosted online in a virtual format from 8 - 10 December 2021 in Vilnius, Lithuania. Since its inception as a mainly Dutch event, the JURIX conference has become truly international and now, as a platform for the exchange of knowledge between theoretical research and applications, attracts academics, legal practitioners, software companies, governmental agencies and judiciary from around the world.\r\n\r\n<a href=\"https:\/\/www.canlii.org\/en\/commentary\/doc\/2020CanLIIDocs3237#!fragment\/zoupio-_Tocpdf_bk_1\/BQCwhgziBcwMYgK4DsDWszIQewE4BUBTADwBdoAvbRABwEtsBaAfX2zhoBMAzZgI1TMAjAEoANMmylCEAIqJCuAJ7QA5KrERCYXAnmKV6zdt0gAynlIAhFQCUAogBl7ANQCCAOQDC9saTB80KTsIiJAA\">Legal Knowledge and Information Systems - JURIX 2020<\/a> (CC BY-NC 4.0)\r\n\r\nThis book presents the proceedings of the 33rd International Conference on Legal Knowledge and Information Systems (JURIX 2020), organised this year as a virtual events on 9-11 December 2020 due to restrictions resulting from the Covid-19 pandemic. For more than three decades, the annual JURIX international conference, which now also includes demo papers, has provided a platform for academics an practitioners to exchange knowledge about theoretical research and applications in concrete legal cases.\r\n\r\n<a href=\"https:\/\/www.canlii.org\/en\/commentary\/doc\/2019CanLIIDocs4283#!fragment\/zoupio-_Tocpdf_bk_1\/BQCwhgziBcwMYgK4DsDWszIQewE4BUBTADwBdoAvbRABwEtsBaAfX2zhoBMAzZgI1TMAjAEoANMmylCEAIqJCuAJ7QA5KrERCYXAnmKV6zdt0gAynlIAhFQCUAogBl7ANQCCAOQDC9saTB80KTsIiJAA\">Legal Knowledge and Information Systems - JURIX 2019<\/a> (CC BY-NC 4.0)\r\n\r\nThis book presents the proceedings of the 32nd International Conference on Legal Knowledge and Information Systems (JURIX 2019), held in Madrid, Spain, from 11 to 13 December 2019. Traditionally focused on legal knowledge representation and engineering, computational models of legal reasoning, and analyses of legal data, more recently the conference has also encompassed the use of machine learning tools.\r\n\r\n<a href=\"https:\/\/www.canlii.org\/en\/commentary\/doc\/2018CanLIIDocs10575#!fragment\/\/BQCwhgziBcwMYgK4DsDWszIQewE4BUBTADwBdoByCgSgBpltTCIBFRQ3AT0otokLC4EbDtyp8BQkAGU8pAELcASgFEAMioBqAQQByAYRW1SYAEbRS2ONWpA\">Legal Knowledge and Information Systems - JURIX 2018<\/a> (CC BY-NC 4.0)\r\n\r\nThis book presents papers from the 31st International Conference on Legal Knowledge and Information Systems (JURIX 2018), held in Groningen, the Netherlands, in December 2018. The support of the Dutch Foundation for Legal Knowledge Based Systems for the JURIX conference has transformed a domestic workshop into an international events, with theoretical contributions, applied work, demo prototypes, a hackathon, and a doctoral consortium.\r\n\r\n<a href=\"https:\/\/www.canlii.org\/en\/commentary\/doc\/2017CanLIIDocs3523#!fragment\/\/BQCwhgziBcwMYgK4DsDWszIQewE4BUBTADwBdoByCgSgBpltTCIBFRQ3AT0otokLC4EbDtyp8BQkAGU8pAELcASgFEAMioBqAQQByAYRW1SYAEbRS2ONWpA\">Legal Knowledge and Information Systems - JURIX 2017<\/a> (CC BY-NC 4.0)\r\n\r\n<span class=\"pdf-viewer-line\">We are pleased to present to you the proceedings of the 30th International Conference <\/span><span class=\"pdf-viewer-line\">on Legal Knowledge and Information Systems \u2013 JURIX 2017. For three decades, the <\/span><span class=\"pdf-viewer-line\">JURIX conferences have been held under the auspices of the Dutch Foundation for <\/span><span class=\"pdf-viewer-line\">Legal Knowledge Based Systems (www.jurix.nl). In the time, it has become a Europe\u00ad<\/span><span class=\"pdf-viewer-line\">an conference in terms of the diverse venues throughout Europe and the nationalities of <\/span><span class=\"pdf-viewer-line\">participants. The conference continues to address familiar topics and extending known <\/span><span class=\"pdf-viewer-line\">techniques as well as reaching out to newer topics such as question-answering and us\u00ad<\/span><span class=\"pdf-viewer-line\">ing data-mining and machine-learning.<\/span>\r\n<h1>Manuals<\/h1>\r\n<img class=\"alignnone size-full wp-image-19\" src=\"https:\/\/pressbooks.bccampus.ca\/oerguideuvic\/wp-content\/uploads\/sites\/2108\/2018\/11\/BCOutlineFlag-e1601489104809.png\" alt=\"This is a British Columbia created resource.\" width=\"50\" height=\"56\" \/> <a href=\"https:\/\/www.canlii.org\/en\/commentary\/doc\/2019CanLIIDocs3957#!fragment\/\/BQCwhgziBcwMYgK4DsDWszIQewE4BUBTADwBdoByCgSgBpltTCIBFRQ3AT0otokLC4EbDtyp8BQkAGU8pAELcASgFEAMioBqAQQByAYRW1SYAEbRS2ONWpA\">Law Student's Legal Advice Manual, 47th Edition<\/a> (<a href=\"https:\/\/www.canlii.org\/en\/info\/terms.html\">CanLII user licence<\/a>)\r\n\r\nCreated by the greater Vancouver Law Students' Legal Advice Society.\r\n<h1>Supplementary Materials<\/h1>\r\n<img class=\"alignnone size-full wp-image-19\" src=\"https:\/\/pressbooks.bccampus.ca\/oerguideuvic\/wp-content\/uploads\/sites\/2108\/2018\/11\/BCOutlineFlag-e1601489104809.png\" alt=\"This is a British Columbia created resource.\" width=\"50\" height=\"56\" \/>\u00a0<a href=\"https:\/\/www.canlii.org\/en\/commentary\/doc\/2019CanLIIDocs4007#!fragment\/\/BQCwhgziBcwMYgK4DsDWszIQewE4BUBTADwBdoByCgSgBpltTCIBFRQ3AT0otokLC4EbDtyp8BQkAGU8pAELcASgFEAMioBqAQQByAYRW1SYAEbRS2ONWpA\">Practice Checklists Manual<\/a> (<a href=\"https:\/\/www.canlii.org\/en\/info\/terms.html\">CanLII user licence<\/a>)\r\n\r\nFrom the Law Society of British Columbia.\r\n<h1>Textbooks<\/h1>\r\n<img class=\"alignnone size-full wp-image-20\" src=\"https:\/\/pressbooks.bccampus.ca\/oerguideuvic\/wp-content\/uploads\/sites\/2108\/2023\/10\/icons8-canada-map-50.png\" alt=\"\" width=\"50\" height=\"50\" \/> <a href=\"https:\/\/www.canlii.org\/en\/commentary\/doc\/2021CanLIIDocs82#!fragment\/zoupio-_Toc63261971\/BQCwhgziBcwMYgK4DsDWszIQewE4BUBTADwBdoAvbRABwEtsBaAfX2zgDYBmAJg4EYAnAHZ+ASgA0ybKUIQAiokK4AntADk6iREJhcCRcrWbtu-SADKeUgCE1AJQCiAGUcA1AIIA5AMKOJpGAARtCk7GJiQA\">An Introduction to Civil Procedure: Readings<\/a> (<a href=\"https:\/\/www.canlii.org\/en\/info\/terms.html\">CanLII user licence<\/a>)\r\n\r\nReadings and accompanying lectures by Prof. Noel Semple of the University of Windsor Faculty of Law.\r\n\r\n<a href=\"https:\/\/openbooks.uct.ac.za\/uct\/catalog\/book\/25\">Constitutional Law for Student: Part 1<\/a> and <a href=\"https:\/\/openbooks.uct.ac.za\/uct\/catalog\/book\/30\">Constitutional Law for Students: Part 2<\/a> (CC BY-SA)\r\n\r\nFor students by students, to help navigate the complex world of Constitutional Law in South Africa. Constitutional Law is one of the most challenging courses in the LLB programme. This book aims to clarify concepts and increase understanding around the various aspects of Constitutional Law. Each chapter has a workbook to help prepare students. This book has been published open access to ensure that every law student and the public has access to it. This book has been designed to be as inclusive as possible with the addition of an audiobook format.\r\n\r\n<img class=\"alignnone size-full wp-image-20\" src=\"https:\/\/pressbooks.bccampus.ca\/oerguideuvic\/wp-content\/uploads\/sites\/2108\/2023\/10\/icons8-canada-map-50.png\" alt=\"\" width=\"50\" height=\"50\" \/> <a href=\"https:\/\/www.canlii.org\/en\/commentary\/doc\/2020CanLIIDocs4141#!fragment\/zoupio-_Tocpdf_bk_0_2\/BQCwhgziBcwMYgK4DsDWszIQewE4BUBTADwBdoAvbRABwEtsBaAfX2zhoBMAzZgI1TMADMwBMASgA0ybKUIQAiokK4AntADkGyREJhcCJSvVadegyADKeUgCF1AJQCiAGScA1AIIA5AMJPJUjA+aFJ2cXEgA\">Contemporary Criminological Issues: Moving Beyond Insecurity and Exclusion<\/a> (CC BY-NC-ND 4.0)\r\n\r\nT<span class=\"pdf-viewer-line\">his edited collection, which features both an English and a French <\/span><span class=\"pdf-viewer-line\">volume, was assembled to mark the 50th anniversary of the <\/span><span class=\"pdf-viewer-line\">Department of Criminology at the University of Ottawa in 2018. <\/span><span class=\"pdf-viewer-line\">The project is the result of a collective process and support from many <\/span><span class=\"pdf-viewer-line\">colleagues along the way, whom we would like to take the opportu\u00ad<\/span><span class=\"pdf-viewer-line\">nity to thank.<\/span>\r\n\r\n<a href=\"https:\/\/www.canlii.org\/en\/commentary\/doc\/2021CanLIIDocs13247#!fragment\/zoupio-_Toc104549044\/BQCwhgziBcwMYgK4DsDWszIQewE4BUBTADwBdoAvbRABwEtsBaAfX2zgEYAGAFgFYeATl48AlABpk2UoQgBFRIVwBPaAHI14iITC4ECpao1adekAGU8pAEKqASgFEAMg4BqAQQByAYQfjSYABG0KTsoqJAA\">Cyberlibel: Information warfare in the 21st century?, 2nd Edition<\/a> (<a href=\"https:\/\/www.canlii.org\/en\/info\/terms.html\">CanLII user licence<\/a>)\r\n\r\nThis book is not designed to be read cover to cover. Rather, it is designed to provide judges and lawyers, faced with a problem or number of problems arising from cyberlibel, a source of pertinent information as needed.\r\n\r\n<img class=\"alignnone size-full wp-image-20\" src=\"https:\/\/pressbooks.bccampus.ca\/oerguideuvic\/wp-content\/uploads\/sites\/2108\/2023\/10\/icons8-canada-map-50.png\" alt=\"\" width=\"50\" height=\"50\" \/> <a href=\"https:\/\/www.canlii.org\/en\/commentary\/doc\/2016CanLIIDocs415#!fragment\/zoupio-_Tocpdf_bk_1\/BQCwhgziBcwMYgK4DsDWszIQewE4BUBTADwBdoAvbRABwEtsBaAfX2zhoBMAzZgI1TMAjAEoANMmylCEAIqJCuAJ7QA5KrERCYXAnmKV6zdt0gAynlIAhFQCUAogBl7ANQCCAOQDC9saTB80KTsIiJAA\">eAccess to Justice<\/a> (CC BY-NC-ND 4.0)\r\n\r\n<span class=\"pdf-viewer-line\">The significant expansion of digital technologies over recent years <\/span><span class=\"pdf-viewer-line\">has rendered them ubiquitous. They have been integrated into <\/span><span class=\"pdf-viewer-line\">numerous domains throughout society, and the justice sector is no <\/span><span class=\"pdf-viewer-line\">exception. This incorporation of modern technologies into the justice <\/span><span class=\"pdf-viewer-line\">system has led to the emergence of a new and innovative field <\/span><span class=\"pdf-viewer-line\">referred to as cyberjustice. This term encompasses both the integra\u00ad<\/span><span class=\"pdf-viewer-line\">tion of information and communication technologies into judicial <\/span><span class=\"pdf-viewer-line\">and extrajudicial dispute resolution processes and the digital net\u00ad<\/span><span class=\"pdf-viewer-line\">working of all stakeholders involved in judicial cases. Conceived in <\/span><span class=\"pdf-viewer-line\">this manner, the primary aim of cyberjustice is to use modern tech\u00ad<\/span><span class=\"pdf-viewer-line\">nologies to aid in the administration of justice such as to allow for <\/span><span class=\"pdf-viewer-line\">the conceptualization of a more efficient method of achieving justice <\/span><span class=\"pdf-viewer-line\">for litigants, thus ultimately reducing the abounding access to justice <\/span><span class=\"pdf-viewer-line\">issues with which the legal system is plagued.<\/span>\r\n\r\n<a href=\"https:\/\/www.canlii.org\/en\/commentary\/doc\/2012CanLIIDocs1#!fragment\/\/BQCwhgziBcwMYgK4DsDWszIQewE4BUBTADwBdoByCgSgBpltTCIBFRQ3AT0otokLC4EbDtyp8BQkAGU8pAELcASgFEAMioBqAQQByAYRW1SYAEbRS2ONWpA\"><img class=\"alignnone size-full wp-image-20\" src=\"https:\/\/pressbooks.bccampus.ca\/oerguideuvic\/wp-content\/uploads\/sites\/2108\/2023\/10\/icons8-canada-map-50.png\" alt=\"\" width=\"50\" height=\"50\" \/> eText on Wrongful Dismissal and Employment Law<\/a> (<a href=\"https:\/\/www.canlii.org\/en\/info\/terms.html\">CanLII user licence<\/a>)\r\n\r\nFirst edition, eleventh update.\r\n\r\n<img class=\"alignnone size-full wp-image-19\" src=\"https:\/\/pressbooks.bccampus.ca\/oerguideuvic\/wp-content\/uploads\/sites\/2108\/2018\/11\/BCOutlineFlag-e1601489104809.png\" alt=\"This is a British Columbia created resource.\" width=\"50\" height=\"56\" \/> <a href=\"https:\/\/www.canlii.org\/en\/commentary\/doc\/2015CanLIIDocs5287#!fragment\/zoupio-_Tocpdf_bk_2\/BQCwhgziBcwMYgK4DsDWszIQewE4BUBTADwBdoAvbRABwEtsBaAfX2zhoBMAzZgI1TMATAEoANMmylCEAIqJCuAJ7QA5KrERCYXAnmKV6zdt0gAynlIAhFQCUAogBl7ANQCCAOQDC9saTB80KTsIiJAA\">Ethics in Law Enforcement<\/a> (CC BY 4.0)\r\n\r\n<span class=\"pdf-viewer-line\">In this book, you will examine the moral and ethical issues that exist within law enforcement. This <\/span><span class=\"pdf-viewer-line\">book will also familiarize you with the basic history, principles, and theories of ethics. These concepts <\/span><span class=\"pdf-viewer-line\">will then be applied to the major components of the criminal justice system: policing, the courts, <\/span><span class=\"pdf-viewer-line\">and corrections. Discussion will focus on personal values, individual responsibility, decision making, <\/span><span class=\"pdf-viewer-line\">discretion, and the structure of accountability. Specific topics covered will include core values, codes <\/span><span class=\"pdf-viewer-line\">of conduct, ethical dilemmas, organizational consequences, liability, and the importance of critical <\/span><span class=\"pdf-viewer-line\">thinking. By the end of this book, you will be able to distinguish and critically debate contemporary <\/span><span class=\"pdf-viewer-line\">ethical issues in law enforcement. <\/span>\r\n\r\n<img class=\"alignnone size-full wp-image-19\" src=\"https:\/\/pressbooks.bccampus.ca\/oerguideuvic\/wp-content\/uploads\/sites\/2108\/2018\/11\/BCOutlineFlag-e1601489104809.png\" alt=\"This is a British Columbia created resource.\" width=\"50\" height=\"56\" \/> <a href=\"http:\/\/hdl.handle.net\/1828\/13759\">Global Corruption: Its Regulation under International Conventions, US, UK, and Canadian Law and Practice, Fourth Edition<\/a> (CC BY-SA-NC 4.0)\r\n\r\nCreated as part of the UNODC\u2019s Anti-Corruption Academic Initiative (ACAD), Global corruption: its regulation under international conventions, US, UK and Canadian law and practice is a key resource for lawyers, public officials, and business persons of tomorrow on anti-corruption laws and strategies. Published by the University of Victoria Libraries ePublishing Services. Both volume one and volume two can be found at the link above.\r\n\r\n<a href=\"https:\/\/www.canlii.org\/en\/commentary\/doc\/2019CanLIIDocs1959#!fragment\/zoupio-_Tocpdf_bk_1\/BQCwhgziBcwMYgK4DsDWszIQewE4BUBTADwBdoAvbRABwEtsBaAfX2zhoBMAzZgI1TMAjAEoANMmylCEAIqJCuAJ7QA5KrERCYXAnmKV6zdt0gAynlIAhFQCUAogBl7ANQCCAOQDC9saTB80KTsIiJAA\">Knowledge of the Law in the Big Data Age<\/a> (CC BY-NC 4.0)\r\n\r\nThis book, Knowledge of the Law in the Big Data Age contains a selection of papers presented at the conference 'Law via the Internet 2018', held in Florence, Italy, on 11-12 October 2018. This annual conference of the 'Free Access to Law Movement' (http:\/\/www.fatlm.org) hosted more than 60 international speakers from universities, government and research bodies as well as EU institutions.\r\n\r\n<img class=\"alignnone size-full wp-image-20\" src=\"https:\/\/pressbooks.bccampus.ca\/oerguideuvic\/wp-content\/uploads\/sites\/2108\/2023\/10\/icons8-canada-map-50.png\" alt=\"\" width=\"50\" height=\"50\" \/> <a href=\"https:\/\/pum.umontreal.ca\/catalogue\/reforme_du_droit_de_la_famille_la\/fichiers\">La r\u00e9forme du droit de la famille - Une comparaison S\u00e9n\u00e9gal-Maroc<\/a> (<a href=\"http:\/\/www.openedition.org\/6540\">Licence OpenEdition pour les livres<\/a>)\r\n\r\nDans plusieurs pays musulmans, le statut juridique des femmes dans le droit de la famille fait d\u00e9bat. Ainsi, les \u00c9tats, premiers responsables de l'\u00e9laboration des lois, se retrouvent devant un d\u00e9fi de taille en tentant \u00e0 la fois d'int\u00e9grer les normes internationales d'\u00e9galit\u00e9 entre les sexes et de respecter les prescriptions islamiques. De plus, ils voient leur autorit\u00e9 contest\u00e9e par les acteurs religieux qui consid\u00e8rent que le droit de la famille, traditionnellement r\u00e9gi par les normes coutumi\u00e8res et religieuses, est sacr\u00e9, et qu'il n'a donc pas \u00e0 \u00eatre r\u00e9form\u00e9.\r\nLa comparaison entre les deux pays o\u00f9 la religion musulmane est majoritaire - le S\u00e9n\u00e9gal, une r\u00e9publique la\u00efque, et le Maroc, une monarchie o\u00f9 elle est religion d'\u00c9tat - montre la diversit\u00e9 des islams et de la charia, mais ne s'y attarde pas uniquement. Elle met \u00e9galement en lumi\u00e8re la progression des luttes f\u00e9ministes, men\u00e9es sur plusieurs fronts, et l'importance des capacit\u00e9s et des sources de l\u00e9gitimit\u00e9 de l'\u00c9tat pour mener \u00e0 bien la r\u00e9forme.\r\n\r\n<img class=\"alignnone size-full wp-image-20\" src=\"https:\/\/pressbooks.bccampus.ca\/oerguideuvic\/wp-content\/uploads\/sites\/2108\/2023\/10\/icons8-canada-map-50.png\" alt=\"\" width=\"50\" height=\"50\" \/> <a href=\"https:\/\/www.canlii.org\/en\/commentary\/doc\/2018CanLIIDocs267#!fragment\/\/BQCwhgziBcwMYgK4DsDWszIQewE4BUBTADwBdoByCgSgBpltTCIBFRQ3AT0otokLC4EbDtyp8BQkAGU8pAELcASgFEAMioBqAQQByAYRW1SYAEbRS2ONWpA\">Law and the \"Sharing Economy\": Regulating Online Market Platforms<\/a> (CC BY-NC-ND 4.0)\r\n\r\nThis book is organized around five themes: technologies of regulation; regulating technology; the sites of regulation (local to global); regulating markets; and regulating labour. Together, the chapters offer a rich variety of insights on the regulation of the sharing economy, both in terms of the traditional areas of law they bring to bear, and the theoretical perspectives that inform their analysis.\r\n\r\n<img class=\"alignnone size-full wp-image-20\" src=\"https:\/\/pressbooks.bccampus.ca\/oerguideuvic\/wp-content\/uploads\/sites\/2108\/2023\/10\/icons8-canada-map-50.png\" alt=\"\" width=\"50\" height=\"50\" \/> <a href=\"https:\/\/ecampusontario.pressbooks.pub\/legalresearchonline\/\">Legal Research Online: Information Seeking in the Digital Environment<\/a> (CC BY-NC-SA 4.0)\r\n\r\nLegal Research Online provides students of legal research with a comprehensive strategy for managing the ever-expanding volume of legal information available online. The authors offer guidance, practical frameworks, and clear explanations of optimal online research access points, tools, and techniques. This textbook serves as a foundational resource for students, and aims to enhance their proficiency in conducting legal research in the evolving digital landscape.\r\n\r\n<img class=\"alignnone size-full wp-image-20\" src=\"https:\/\/pressbooks.bccampus.ca\/oerguideuvic\/wp-content\/uploads\/sites\/2108\/2023\/10\/icons8-canada-map-50.png\" alt=\"\" width=\"50\" height=\"50\" \/> <a href=\"https:\/\/www.canlii.org\/en\/commentary\/doc\/2019CanLIIDocs4377#!fragment\/\/BQCwhgziBcwMYgK4DsDWszIQewE4BUBTADwBdoByCgSgBpltTCIBFRQ3AT0otokLC4EbDtyp8BQkAGU8pAELcASgFEAMioBqAQQByAYRW1SYAEbRS2ONWpA\">Protest and Democracy<\/a> (CC BY-NC-ND 4.0)\r\n<div class=\"item-page-field\">\r\n<div class=\"simple-view-element\">\r\n<div class=\"simple-view-element-body\"><span class=\"dont-break-out preserve-line-breaks ng-star-inserted\">In 2011, political protests sprang up across the world. In the Middle East, Europe, Latin America, the United States unlikely people sparked or led massive protest campaigns from the Arab Spring to Occupy Wall Street. These protests were made up of educated and precariously employed young people who challenged the legitimacy of their political leaders, exposed a failure of representation, and expressed their dissatisfaction with their place in the aftermath of financial and economic crisis. This book interrogates what impacts\u2014if any\u2014this global protest cycle had on politics and policy and shows the sometimes unintended ways it continues to influence contemporary political dynamics throughout the world. Proposing a new framework of analysis that calls attention to the content and claims of protests, their global connections, and the responsiveness of political institutions to protest demands, this is one of the few books that not only asks how protest movements are formed but also provides an in-depth examination of what protest movements can accomplish. With contributions examining the political consequences of protest, the roles of social media and the internet in protest organization, left- and right-wing movements in the United States, Chile\u2019s student movements, the Arab Uprisings, and much more this collection is essential reading for all those interested in the power of protest to shape our world.<\/span><\/div>\r\n<div><\/div>\r\n<div><img class=\"alignnone size-full wp-image-20\" src=\"https:\/\/pressbooks.bccampus.ca\/oerguideuvic\/wp-content\/uploads\/sites\/2108\/2023\/10\/icons8-canada-map-50.png\" alt=\"\" width=\"50\" height=\"50\" \/> <a style=\"text-align: initial;font-size: 14pt\" href=\"https:\/\/www.canlii.org\/en\/commentary\/doc\/2017CanLIIDocs3494#!fragment\/\/BQCwhgziBcwMYgK4DsDWszIQewE4BUBTADwBdoByCgSgBpltTCIBFRQ3AT0otokLC4EbDtyp8BQkAGU8pAELcASgFEAMioBqAQQByAYRW1SYAEbRS2ONWpA\">The Path to a Successful Divorce<\/a><span style=\"text-align: initial;font-size: 14pt\"> (<\/span><a style=\"text-align: initial;font-size: 14pt\" href=\"https:\/\/www.canlii.org\/en\/info\/terms.html\">CanLII user licence<\/a><span style=\"text-align: initial;font-size: 14pt\">)<\/span><\/div>\r\n<div>Created by Russell Alexander Collaborative Family Lawyers.<\/div>\r\n<div><\/div>\r\n<div><img class=\"alignnone size-full wp-image-20\" src=\"https:\/\/pressbooks.bccampus.ca\/oerguideuvic\/wp-content\/uploads\/sites\/2108\/2023\/10\/icons8-canada-map-50.png\" alt=\"\" width=\"50\" height=\"50\" \/> <a href=\"https:\/\/www.canlii.org\/en\/commentary\/doc\/2020CanLIIDocs1866#!fragment\/zoupio-_Tocpdf_bk_0_4\/BQCwhgziBcwMYgK4DsDWszIQewE4BUBTADwBdoAvbRABwEtsBaAfX2zhoBMAzZgI1TMADMwAsASgA0ybKUIQAiokK4AntADkGyREJhcCJSvVadegyADKeUgCF1AJQCiAGScA1AIIA5AMJPJUjA+aFJ2cXEgA\">Vulnerable: The Law, Policy and Ethics of COVID-19<\/a> (CC BY-NC-ND 4.0)<\/div>\r\n<div><span class=\"pdf-viewer-line\">The book, comprising 43 short chapters, is divided into 6 sub-<\/span><span class=\"pdf-viewer-line\">themes: federalism and governance, accountability, civil liberties, <\/span><span class=\"pdf-viewer-line\">equity, labour, and global health. Our approach is one primarily <\/span><span class=\"pdf-viewer-line\">grounded in law, because of the critical nature of law in defining <\/span><span class=\"pdf-viewer-line\">responsibilities, accountability, rights, distribution of wealth, and, <\/span><span class=\"pdf-viewer-line\">indeed, health. We have included other important disciplines, includ\u00ad<\/span><span class=\"pdf-viewer-line\">ing ethics, public policy, public health, and medicine.<\/span><\/div>\r\n<\/div>\r\n<\/div>\r\n<h1>Tools<\/h1>\r\n<a href=\"https:\/\/opencasebook.org\/\">H2O - Open Casebooks<\/a> (CC BY-NC-SA)\r\n\r\nH2O helps law faculty create high quality, open-licensed digital textbooks for free.\u00a0Collect materials, hide and annotate text, and distribute casebooks to your students quickly and reliably. H2O is easy to add to your class.","rendered":"<div class=\"textbox textbox--sidebar\">Last update: Mar 14\/24<\/div>\n<h1>Documents<\/h1>\n<p><img loading=\"lazy\" decoding=\"async\" class=\"alignnone size-full wp-image-20\" src=\"https:\/\/pressbooks.bccampus.ca\/oerguideuvic\/wp-content\/uploads\/sites\/2108\/2023\/10\/icons8-canada-map-50.png\" alt=\"\" width=\"50\" height=\"50\" \/> <a href=\"https:\/\/www.canlii.org\/en\/commentary\/doc\/2013CanLIIDocs590#!fragment\/\/BQCwhgziBcwMYgK4DsDWszIQewE4BUBTADwBdoByCgSgBpltTCIBFRQ3AT0otokLC4EbDtyp8BQkAGU8pAELcASgFEAMioBqAQQByAYRW1SYAEbRS2ONWpA\">Sarah Sutherland on Law Library Management<\/a> (CC BY-NC-ND 4.0)<\/p>\n<p>This is a collection of writing about law library management I wrote and published between 2011 and 2013. For newer writing on the subject, please see my writing published in\u00a0<a href=\"http:\/\/www.slaw.ca\/author\/ssutherland\/\" target=\"_blank\" rel=\"noopener\">my bi-monthly column in Slaw.ca<i class=\"external-indicator icon-external-link\"><\/i><\/a>\u00a0and on CanLII in\u00a0<i>Sarah Sutherland on Legal Information &#8211; Selected Slaw Columns From 2013-2019<\/i>, Slaw.ca,\u00a0<a class=\"reflex-docs reflex2-link\" href=\"https:\/\/www.canlii.org\/w\/canlii\/2019CanLIIDocs2759\">2019 CanLIIDocs 2759<\/a>.<\/p>\n<p><img loading=\"lazy\" decoding=\"async\" class=\"alignnone size-full wp-image-20\" src=\"https:\/\/pressbooks.bccampus.ca\/oerguideuvic\/wp-content\/uploads\/sites\/2108\/2023\/10\/icons8-canada-map-50.png\" alt=\"\" width=\"50\" height=\"50\" \/> <a href=\"https:\/\/www.canlii.org\/en\/commentary\/doc\/2016CanLIIDocs235#!fragment\/\/BQCwhgziBcwMYgK4DsDWszIQewE4BUBTADwBdoByCgSgBpltTCIBFRQ3AT0otokLC4EbDtyp8BQkAGU8pAELcASgFEAMioBqAQQByAYRW1SYAEbRS2ONWpA\">The CanLII Primer: Legal Research Principles and CanLII Navigation for Self-Represented Litigants<\/a> (CC BY-NC-ND 4.0)<\/p>\n<p><span class=\"pdf-viewer-line\">The goal of this document is to help self-represented litigants (SRLs) navigate CanLll in <\/span><span class=\"pdf-viewer-line\">order to prepare for the presentation of their cases &#8211; in court, in chambers, or as part of a <\/span><span class=\"pdf-viewer-line\">negotiation or mediation<\/span><\/p>\n<h1>Journals<\/h1>\n<p><a href=\"https:\/\/www.canlii.org\/en\/commentary\/doc\/2021CanLIIDocs13667#!fragment\/zoupio-_Tocpdf_bk_0_1\/BQCwhgziBcwMYgK4DsDWszIQewE4BUBTADwBdoAvbRABwEtsBaAfX2zhoBMAzZgI1TMADMwCMASgA0ybKUIQAiokK4AntADkGyREJhcCJSvVadegyADKeUgCF1AJQCiAGScA1AIIA5AMJPJUjA+aFJ2cXEgA\">Legal Knowledge and Information Systems &#8211; JURIX 2021<\/a> (CC BY-NC 4.0)<\/p>\n<p>This book presents proceedings of the 34th annual JURIX conference, which, due to pandemic restrictions, was hosted online in a virtual format from 8 &#8211; 10 December 2021 in Vilnius, Lithuania. Since its inception as a mainly Dutch event, the JURIX conference has become truly international and now, as a platform for the exchange of knowledge between theoretical research and applications, attracts academics, legal practitioners, software companies, governmental agencies and judiciary from around the world.<\/p>\n<p><a href=\"https:\/\/www.canlii.org\/en\/commentary\/doc\/2020CanLIIDocs3237#!fragment\/zoupio-_Tocpdf_bk_1\/BQCwhgziBcwMYgK4DsDWszIQewE4BUBTADwBdoAvbRABwEtsBaAfX2zhoBMAzZgI1TMAjAEoANMmylCEAIqJCuAJ7QA5KrERCYXAnmKV6zdt0gAynlIAhFQCUAogBl7ANQCCAOQDC9saTB80KTsIiJAA\">Legal Knowledge and Information Systems &#8211; JURIX 2020<\/a> (CC BY-NC 4.0)<\/p>\n<p>This book presents the proceedings of the 33rd International Conference on Legal Knowledge and Information Systems (JURIX 2020), organised this year as a virtual events on 9-11 December 2020 due to restrictions resulting from the Covid-19 pandemic. For more than three decades, the annual JURIX international conference, which now also includes demo papers, has provided a platform for academics an practitioners to exchange knowledge about theoretical research and applications in concrete legal cases.<\/p>\n<p><a href=\"https:\/\/www.canlii.org\/en\/commentary\/doc\/2019CanLIIDocs4283#!fragment\/zoupio-_Tocpdf_bk_1\/BQCwhgziBcwMYgK4DsDWszIQewE4BUBTADwBdoAvbRABwEtsBaAfX2zhoBMAzZgI1TMAjAEoANMmylCEAIqJCuAJ7QA5KrERCYXAnmKV6zdt0gAynlIAhFQCUAogBl7ANQCCAOQDC9saTB80KTsIiJAA\">Legal Knowledge and Information Systems &#8211; JURIX 2019<\/a> (CC BY-NC 4.0)<\/p>\n<p>This book presents the proceedings of the 32nd International Conference on Legal Knowledge and Information Systems (JURIX 2019), held in Madrid, Spain, from 11 to 13 December 2019. Traditionally focused on legal knowledge representation and engineering, computational models of legal reasoning, and analyses of legal data, more recently the conference has also encompassed the use of machine learning tools.<\/p>\n<p><a href=\"https:\/\/www.canlii.org\/en\/commentary\/doc\/2018CanLIIDocs10575#!fragment\/\/BQCwhgziBcwMYgK4DsDWszIQewE4BUBTADwBdoByCgSgBpltTCIBFRQ3AT0otokLC4EbDtyp8BQkAGU8pAELcASgFEAMioBqAQQByAYRW1SYAEbRS2ONWpA\">Legal Knowledge and Information Systems &#8211; JURIX 2018<\/a> (CC BY-NC 4.0)<\/p>\n<p>This book presents papers from the 31st International Conference on Legal Knowledge and Information Systems (JURIX 2018), held in Groningen, the Netherlands, in December 2018. The support of the Dutch Foundation for Legal Knowledge Based Systems for the JURIX conference has transformed a domestic workshop into an international events, with theoretical contributions, applied work, demo prototypes, a hackathon, and a doctoral consortium.<\/p>\n<p><a href=\"https:\/\/www.canlii.org\/en\/commentary\/doc\/2017CanLIIDocs3523#!fragment\/\/BQCwhgziBcwMYgK4DsDWszIQewE4BUBTADwBdoByCgSgBpltTCIBFRQ3AT0otokLC4EbDtyp8BQkAGU8pAELcASgFEAMioBqAQQByAYRW1SYAEbRS2ONWpA\">Legal Knowledge and Information Systems &#8211; JURIX 2017<\/a> (CC BY-NC 4.0)<\/p>\n<p><span class=\"pdf-viewer-line\">We are pleased to present to you the proceedings of the 30th International Conference <\/span><span class=\"pdf-viewer-line\">on Legal Knowledge and Information Systems \u2013 JURIX 2017. For three decades, the <\/span><span class=\"pdf-viewer-line\">JURIX conferences have been held under the auspices of the Dutch Foundation for <\/span><span class=\"pdf-viewer-line\">Legal Knowledge Based Systems (www.jurix.nl). In the time, it has become a Europe\u00ad<\/span><span class=\"pdf-viewer-line\">an conference in terms of the diverse venues throughout Europe and the nationalities of <\/span><span class=\"pdf-viewer-line\">participants. The conference continues to address familiar topics and extending known <\/span><span class=\"pdf-viewer-line\">techniques as well as reaching out to newer topics such as question-answering and us\u00ad<\/span><span class=\"pdf-viewer-line\">ing data-mining and machine-learning.<\/span><\/p>\n<h1>Manuals<\/h1>\n<p><img loading=\"lazy\" decoding=\"async\" class=\"alignnone size-full wp-image-19\" src=\"https:\/\/pressbooks.bccampus.ca\/oerguideuvic\/wp-content\/uploads\/sites\/2108\/2018\/11\/BCOutlineFlag-e1601489104809.png\" alt=\"This is a British Columbia created resource.\" width=\"50\" height=\"56\" \/> <a href=\"https:\/\/www.canlii.org\/en\/commentary\/doc\/2019CanLIIDocs3957#!fragment\/\/BQCwhgziBcwMYgK4DsDWszIQewE4BUBTADwBdoByCgSgBpltTCIBFRQ3AT0otokLC4EbDtyp8BQkAGU8pAELcASgFEAMioBqAQQByAYRW1SYAEbRS2ONWpA\">Law Student&#8217;s Legal Advice Manual, 47th Edition<\/a> (<a href=\"https:\/\/www.canlii.org\/en\/info\/terms.html\">CanLII user licence<\/a>)<\/p>\n<p>Created by the greater Vancouver Law Students&#8217; Legal Advice Society.<\/p>\n<h1>Supplementary Materials<\/h1>\n<p><img loading=\"lazy\" decoding=\"async\" class=\"alignnone size-full wp-image-19\" src=\"https:\/\/pressbooks.bccampus.ca\/oerguideuvic\/wp-content\/uploads\/sites\/2108\/2018\/11\/BCOutlineFlag-e1601489104809.png\" alt=\"This is a British Columbia created resource.\" width=\"50\" height=\"56\" \/>\u00a0<a href=\"https:\/\/www.canlii.org\/en\/commentary\/doc\/2019CanLIIDocs4007#!fragment\/\/BQCwhgziBcwMYgK4DsDWszIQewE4BUBTADwBdoByCgSgBpltTCIBFRQ3AT0otokLC4EbDtyp8BQkAGU8pAELcASgFEAMioBqAQQByAYRW1SYAEbRS2ONWpA\">Practice Checklists Manual<\/a> (<a href=\"https:\/\/www.canlii.org\/en\/info\/terms.html\">CanLII user licence<\/a>)<\/p>\n<p>From the Law Society of British Columbia.<\/p>\n<h1>Textbooks<\/h1>\n<p><img loading=\"lazy\" decoding=\"async\" class=\"alignnone size-full wp-image-20\" src=\"https:\/\/pressbooks.bccampus.ca\/oerguideuvic\/wp-content\/uploads\/sites\/2108\/2023\/10\/icons8-canada-map-50.png\" alt=\"\" width=\"50\" height=\"50\" \/> <a href=\"https:\/\/www.canlii.org\/en\/commentary\/doc\/2021CanLIIDocs82#!fragment\/zoupio-_Toc63261971\/BQCwhgziBcwMYgK4DsDWszIQewE4BUBTADwBdoAvbRABwEtsBaAfX2zgDYBmAJg4EYAnAHZ+ASgA0ybKUIQAiokK4AntADk6iREJhcCRcrWbtu-SADKeUgCE1AJQCiAGUcA1AIIA5AMKOJpGAARtCk7GJiQA\">An Introduction to Civil Procedure: Readings<\/a> (<a href=\"https:\/\/www.canlii.org\/en\/info\/terms.html\">CanLII user licence<\/a>)<\/p>\n<p>Readings and accompanying lectures by Prof. Noel Semple of the University of Windsor Faculty of Law.<\/p>\n<p><a href=\"https:\/\/openbooks.uct.ac.za\/uct\/catalog\/book\/25\">Constitutional Law for Student: Part 1<\/a> and <a href=\"https:\/\/openbooks.uct.ac.za\/uct\/catalog\/book\/30\">Constitutional Law for Students: Part 2<\/a> (CC BY-SA)<\/p>\n<p>For students by students, to help navigate the complex world of Constitutional Law in South Africa. Constitutional Law is one of the most challenging courses in the LLB programme. This book aims to clarify concepts and increase understanding around the various aspects of Constitutional Law. Each chapter has a workbook to help prepare students. This book has been published open access to ensure that every law student and the public has access to it. This book has been designed to be as inclusive as possible with the addition of an audiobook format.<\/p>\n<p><img loading=\"lazy\" decoding=\"async\" class=\"alignnone size-full wp-image-20\" src=\"https:\/\/pressbooks.bccampus.ca\/oerguideuvic\/wp-content\/uploads\/sites\/2108\/2023\/10\/icons8-canada-map-50.png\" alt=\"\" width=\"50\" height=\"50\" \/> <a href=\"https:\/\/www.canlii.org\/en\/commentary\/doc\/2020CanLIIDocs4141#!fragment\/zoupio-_Tocpdf_bk_0_2\/BQCwhgziBcwMYgK4DsDWszIQewE4BUBTADwBdoAvbRABwEtsBaAfX2zhoBMAzZgI1TMADMwBMASgA0ybKUIQAiokK4AntADkGyREJhcCJSvVadegyADKeUgCF1AJQCiAGScA1AIIA5AMJPJUjA+aFJ2cXEgA\">Contemporary Criminological Issues: Moving Beyond Insecurity and Exclusion<\/a> (CC BY-NC-ND 4.0)<\/p>\n<p>T<span class=\"pdf-viewer-line\">his edited collection, which features both an English and a French <\/span><span class=\"pdf-viewer-line\">volume, was assembled to mark the 50th anniversary of the <\/span><span class=\"pdf-viewer-line\">Department of Criminology at the University of Ottawa in 2018. <\/span><span class=\"pdf-viewer-line\">The project is the result of a collective process and support from many <\/span><span class=\"pdf-viewer-line\">colleagues along the way, whom we would like to take the opportu\u00ad<\/span><span class=\"pdf-viewer-line\">nity to thank.<\/span><\/p>\n<p><a href=\"https:\/\/www.canlii.org\/en\/commentary\/doc\/2021CanLIIDocs13247#!fragment\/zoupio-_Toc104549044\/BQCwhgziBcwMYgK4DsDWszIQewE4BUBTADwBdoAvbRABwEtsBaAfX2zgEYAGAFgFYeATl48AlABpk2UoQgBFRIVwBPaAHI14iITC4ECpao1adekAGU8pAEKqASgFEAMg4BqAQQByAYQfjSYABG0KTsoqJAA\">Cyberlibel: Information warfare in the 21st century?, 2nd Edition<\/a> (<a href=\"https:\/\/www.canlii.org\/en\/info\/terms.html\">CanLII user licence<\/a>)<\/p>\n<p>This book is not designed to be read cover to cover. Rather, it is designed to provide judges and lawyers, faced with a problem or number of problems arising from cyberlibel, a source of pertinent information as needed.<\/p>\n<p><img loading=\"lazy\" decoding=\"async\" class=\"alignnone size-full wp-image-20\" src=\"https:\/\/pressbooks.bccampus.ca\/oerguideuvic\/wp-content\/uploads\/sites\/2108\/2023\/10\/icons8-canada-map-50.png\" alt=\"\" width=\"50\" height=\"50\" \/> <a href=\"https:\/\/www.canlii.org\/en\/commentary\/doc\/2016CanLIIDocs415#!fragment\/zoupio-_Tocpdf_bk_1\/BQCwhgziBcwMYgK4DsDWszIQewE4BUBTADwBdoAvbRABwEtsBaAfX2zhoBMAzZgI1TMAjAEoANMmylCEAIqJCuAJ7QA5KrERCYXAnmKV6zdt0gAynlIAhFQCUAogBl7ANQCCAOQDC9saTB80KTsIiJAA\">eAccess to Justice<\/a> (CC BY-NC-ND 4.0)<\/p>\n<p><span class=\"pdf-viewer-line\">The significant expansion of digital technologies over recent years <\/span><span class=\"pdf-viewer-line\">has rendered them ubiquitous. They have been integrated into <\/span><span class=\"pdf-viewer-line\">numerous domains throughout society, and the justice sector is no <\/span><span class=\"pdf-viewer-line\">exception. This incorporation of modern technologies into the justice <\/span><span class=\"pdf-viewer-line\">system has led to the emergence of a new and innovative field <\/span><span class=\"pdf-viewer-line\">referred to as cyberjustice. This term encompasses both the integra\u00ad<\/span><span class=\"pdf-viewer-line\">tion of information and communication technologies into judicial <\/span><span class=\"pdf-viewer-line\">and extrajudicial dispute resolution processes and the digital net\u00ad<\/span><span class=\"pdf-viewer-line\">working of all stakeholders involved in judicial cases. Conceived in <\/span><span class=\"pdf-viewer-line\">this manner, the primary aim of cyberjustice is to use modern tech\u00ad<\/span><span class=\"pdf-viewer-line\">nologies to aid in the administration of justice such as to allow for <\/span><span class=\"pdf-viewer-line\">the conceptualization of a more efficient method of achieving justice <\/span><span class=\"pdf-viewer-line\">for litigants, thus ultimately reducing the abounding access to justice <\/span><span class=\"pdf-viewer-line\">issues with which the legal system is plagued.<\/span><\/p>\n<p><a href=\"https:\/\/www.canlii.org\/en\/commentary\/doc\/2012CanLIIDocs1#!fragment\/\/BQCwhgziBcwMYgK4DsDWszIQewE4BUBTADwBdoByCgSgBpltTCIBFRQ3AT0otokLC4EbDtyp8BQkAGU8pAELcASgFEAMioBqAQQByAYRW1SYAEbRS2ONWpA\"><img loading=\"lazy\" decoding=\"async\" class=\"alignnone size-full wp-image-20\" src=\"https:\/\/pressbooks.bccampus.ca\/oerguideuvic\/wp-content\/uploads\/sites\/2108\/2023\/10\/icons8-canada-map-50.png\" alt=\"\" width=\"50\" height=\"50\" \/> eText on Wrongful Dismissal and Employment Law<\/a> (<a href=\"https:\/\/www.canlii.org\/en\/info\/terms.html\">CanLII user licence<\/a>)<\/p>\n<p>First edition, eleventh update.<\/p>\n<p><img loading=\"lazy\" decoding=\"async\" class=\"alignnone size-full wp-image-19\" src=\"https:\/\/pressbooks.bccampus.ca\/oerguideuvic\/wp-content\/uploads\/sites\/2108\/2018\/11\/BCOutlineFlag-e1601489104809.png\" alt=\"This is a British Columbia created resource.\" width=\"50\" height=\"56\" \/> <a href=\"https:\/\/www.canlii.org\/en\/commentary\/doc\/2015CanLIIDocs5287#!fragment\/zoupio-_Tocpdf_bk_2\/BQCwhgziBcwMYgK4DsDWszIQewE4BUBTADwBdoAvbRABwEtsBaAfX2zhoBMAzZgI1TMATAEoANMmylCEAIqJCuAJ7QA5KrERCYXAnmKV6zdt0gAynlIAhFQCUAogBl7ANQCCAOQDC9saTB80KTsIiJAA\">Ethics in Law Enforcement<\/a> (CC BY 4.0)<\/p>\n<p><span class=\"pdf-viewer-line\">In this book, you will examine the moral and ethical issues that exist within law enforcement. This <\/span><span class=\"pdf-viewer-line\">book will also familiarize you with the basic history, principles, and theories of ethics. These concepts <\/span><span class=\"pdf-viewer-line\">will then be applied to the major components of the criminal justice system: policing, the courts, <\/span><span class=\"pdf-viewer-line\">and corrections. Discussion will focus on personal values, individual responsibility, decision making, <\/span><span class=\"pdf-viewer-line\">discretion, and the structure of accountability. Specific topics covered will include core values, codes <\/span><span class=\"pdf-viewer-line\">of conduct, ethical dilemmas, organizational consequences, liability, and the importance of critical <\/span><span class=\"pdf-viewer-line\">thinking. By the end of this book, you will be able to distinguish and critically debate contemporary <\/span><span class=\"pdf-viewer-line\">ethical issues in law enforcement. <\/span><\/p>\n<p><img loading=\"lazy\" decoding=\"async\" class=\"alignnone size-full wp-image-19\" src=\"https:\/\/pressbooks.bccampus.ca\/oerguideuvic\/wp-content\/uploads\/sites\/2108\/2018\/11\/BCOutlineFlag-e1601489104809.png\" alt=\"This is a British Columbia created resource.\" width=\"50\" height=\"56\" \/> <a href=\"http:\/\/hdl.handle.net\/1828\/13759\">Global Corruption: Its Regulation under International Conventions, US, UK, and Canadian Law and Practice, Fourth Edition<\/a> (CC BY-SA-NC 4.0)<\/p>\n<p>Created as part of the UNODC\u2019s Anti-Corruption Academic Initiative (ACAD), Global corruption: its regulation under international conventions, US, UK and Canadian law and practice is a key resource for lawyers, public officials, and business persons of tomorrow on anti-corruption laws and strategies. Published by the University of Victoria Libraries ePublishing Services. Both volume one and volume two can be found at the link above.<\/p>\n<p><a href=\"https:\/\/www.canlii.org\/en\/commentary\/doc\/2019CanLIIDocs1959#!fragment\/zoupio-_Tocpdf_bk_1\/BQCwhgziBcwMYgK4DsDWszIQewE4BUBTADwBdoAvbRABwEtsBaAfX2zhoBMAzZgI1TMAjAEoANMmylCEAIqJCuAJ7QA5KrERCYXAnmKV6zdt0gAynlIAhFQCUAogBl7ANQCCAOQDC9saTB80KTsIiJAA\">Knowledge of the Law in the Big Data Age<\/a> (CC BY-NC 4.0)<\/p>\n<p>This book, Knowledge of the Law in the Big Data Age contains a selection of papers presented at the conference &#8216;Law via the Internet 2018&#8217;, held in Florence, Italy, on 11-12 October 2018. This annual conference of the &#8216;Free Access to Law Movement&#8217; (http:\/\/www.fatlm.org) hosted more than 60 international speakers from universities, government and research bodies as well as EU institutions.<\/p>\n<p><img loading=\"lazy\" decoding=\"async\" class=\"alignnone size-full wp-image-20\" src=\"https:\/\/pressbooks.bccampus.ca\/oerguideuvic\/wp-content\/uploads\/sites\/2108\/2023\/10\/icons8-canada-map-50.png\" alt=\"\" width=\"50\" height=\"50\" \/> <a href=\"https:\/\/pum.umontreal.ca\/catalogue\/reforme_du_droit_de_la_famille_la\/fichiers\">La r\u00e9forme du droit de la famille &#8211; Une comparaison S\u00e9n\u00e9gal-Maroc<\/a> (<a href=\"http:\/\/www.openedition.org\/6540\">Licence OpenEdition pour les livres<\/a>)<\/p>\n<p>Dans plusieurs pays musulmans, le statut juridique des femmes dans le droit de la famille fait d\u00e9bat. Ainsi, les \u00c9tats, premiers responsables de l&#8217;\u00e9laboration des lois, se retrouvent devant un d\u00e9fi de taille en tentant \u00e0 la fois d&#8217;int\u00e9grer les normes internationales d&#8217;\u00e9galit\u00e9 entre les sexes et de respecter les prescriptions islamiques. De plus, ils voient leur autorit\u00e9 contest\u00e9e par les acteurs religieux qui consid\u00e8rent que le droit de la famille, traditionnellement r\u00e9gi par les normes coutumi\u00e8res et religieuses, est sacr\u00e9, et qu&#8217;il n&#8217;a donc pas \u00e0 \u00eatre r\u00e9form\u00e9.<br \/>\nLa comparaison entre les deux pays o\u00f9 la religion musulmane est majoritaire &#8211; le S\u00e9n\u00e9gal, une r\u00e9publique la\u00efque, et le Maroc, une monarchie o\u00f9 elle est religion d&#8217;\u00c9tat &#8211; montre la diversit\u00e9 des islams et de la charia, mais ne s&#8217;y attarde pas uniquement. Elle met \u00e9galement en lumi\u00e8re la progression des luttes f\u00e9ministes, men\u00e9es sur plusieurs fronts, et l&#8217;importance des capacit\u00e9s et des sources de l\u00e9gitimit\u00e9 de l&#8217;\u00c9tat pour mener \u00e0 bien la r\u00e9forme.<\/p>\n<p><img loading=\"lazy\" decoding=\"async\" class=\"alignnone size-full wp-image-20\" src=\"https:\/\/pressbooks.bccampus.ca\/oerguideuvic\/wp-content\/uploads\/sites\/2108\/2023\/10\/icons8-canada-map-50.png\" alt=\"\" width=\"50\" height=\"50\" \/> <a href=\"https:\/\/www.canlii.org\/en\/commentary\/doc\/2018CanLIIDocs267#!fragment\/\/BQCwhgziBcwMYgK4DsDWszIQewE4BUBTADwBdoByCgSgBpltTCIBFRQ3AT0otokLC4EbDtyp8BQkAGU8pAELcASgFEAMioBqAQQByAYRW1SYAEbRS2ONWpA\">Law and the &#8220;Sharing Economy&#8221;: Regulating Online Market Platforms<\/a> (CC BY-NC-ND 4.0)<\/p>\n<p>This book is organized around five themes: technologies of regulation; regulating technology; the sites of regulation (local to global); regulating markets; and regulating labour. Together, the chapters offer a rich variety of insights on the regulation of the sharing economy, both in terms of the traditional areas of law they bring to bear, and the theoretical perspectives that inform their analysis.<\/p>\n<p><img loading=\"lazy\" decoding=\"async\" class=\"alignnone size-full wp-image-20\" src=\"https:\/\/pressbooks.bccampus.ca\/oerguideuvic\/wp-content\/uploads\/sites\/2108\/2023\/10\/icons8-canada-map-50.png\" alt=\"\" width=\"50\" height=\"50\" \/> <a href=\"https:\/\/ecampusontario.pressbooks.pub\/legalresearchonline\/\">Legal Research Online: Information Seeking in the Digital Environment<\/a> (CC BY-NC-SA 4.0)<\/p>\n<p>Legal Research Online provides students of legal research with a comprehensive strategy for managing the ever-expanding volume of legal information available online. The authors offer guidance, practical frameworks, and clear explanations of optimal online research access points, tools, and techniques. This textbook serves as a foundational resource for students, and aims to enhance their proficiency in conducting legal research in the evolving digital landscape.<\/p>\n<p><img loading=\"lazy\" decoding=\"async\" class=\"alignnone size-full wp-image-20\" src=\"https:\/\/pressbooks.bccampus.ca\/oerguideuvic\/wp-content\/uploads\/sites\/2108\/2023\/10\/icons8-canada-map-50.png\" alt=\"\" width=\"50\" height=\"50\" \/> <a href=\"https:\/\/www.canlii.org\/en\/commentary\/doc\/2019CanLIIDocs4377#!fragment\/\/BQCwhgziBcwMYgK4DsDWszIQewE4BUBTADwBdoByCgSgBpltTCIBFRQ3AT0otokLC4EbDtyp8BQkAGU8pAELcASgFEAMioBqAQQByAYRW1SYAEbRS2ONWpA\">Protest and Democracy<\/a> (CC BY-NC-ND 4.0)<\/p>\n<div class=\"item-page-field\">\n<div class=\"simple-view-element\">\n<div class=\"simple-view-element-body\"><span class=\"dont-break-out preserve-line-breaks ng-star-inserted\">In 2011, political protests sprang up across the world. In the Middle East, Europe, Latin America, the United States unlikely people sparked or led massive protest campaigns from the Arab Spring to Occupy Wall Street. These protests were made up of educated and precariously employed young people who challenged the legitimacy of their political leaders, exposed a failure of representation, and expressed their dissatisfaction with their place in the aftermath of financial and economic crisis. This book interrogates what impacts\u2014if any\u2014this global protest cycle had on politics and policy and shows the sometimes unintended ways it continues to influence contemporary political dynamics throughout the world. Proposing a new framework of analysis that calls attention to the content and claims of protests, their global connections, and the responsiveness of political institutions to protest demands, this is one of the few books that not only asks how protest movements are formed but also provides an in-depth examination of what protest movements can accomplish. With contributions examining the political consequences of protest, the roles of social media and the internet in protest organization, left- and right-wing movements in the United States, Chile\u2019s student movements, the Arab Uprisings, and much more this collection is essential reading for all those interested in the power of protest to shape our world.<\/span><\/div>\n<div><\/div>\n<div><img loading=\"lazy\" decoding=\"async\" class=\"alignnone size-full wp-image-20\" src=\"https:\/\/pressbooks.bccampus.ca\/oerguideuvic\/wp-content\/uploads\/sites\/2108\/2023\/10\/icons8-canada-map-50.png\" alt=\"\" width=\"50\" height=\"50\" \/> <a style=\"text-align: initial;font-size: 14pt\" href=\"https:\/\/www.canlii.org\/en\/commentary\/doc\/2017CanLIIDocs3494#!fragment\/\/BQCwhgziBcwMYgK4DsDWszIQewE4BUBTADwBdoByCgSgBpltTCIBFRQ3AT0otokLC4EbDtyp8BQkAGU8pAELcASgFEAMioBqAQQByAYRW1SYAEbRS2ONWpA\">The Path to a Successful Divorce<\/a><span style=\"text-align: initial;font-size: 14pt\"> (<\/span><a style=\"text-align: initial;font-size: 14pt\" href=\"https:\/\/www.canlii.org\/en\/info\/terms.html\">CanLII user licence<\/a><span style=\"text-align: initial;font-size: 14pt\">)<\/span><\/div>\n<div>Created by Russell Alexander Collaborative Family Lawyers.<\/div>\n<div><\/div>\n<div><img loading=\"lazy\" decoding=\"async\" class=\"alignnone size-full wp-image-20\" src=\"https:\/\/pressbooks.bccampus.ca\/oerguideuvic\/wp-content\/uploads\/sites\/2108\/2023\/10\/icons8-canada-map-50.png\" alt=\"\" width=\"50\" height=\"50\" \/> <a href=\"https:\/\/www.canlii.org\/en\/commentary\/doc\/2020CanLIIDocs1866#!fragment\/zoupio-_Tocpdf_bk_0_4\/BQCwhgziBcwMYgK4DsDWszIQewE4BUBTADwBdoAvbRABwEtsBaAfX2zhoBMAzZgI1TMADMwAsASgA0ybKUIQAiokK4AntADkGyREJhcCJSvVadegyADKeUgCF1AJQCiAGScA1AIIA5AMJPJUjA+aFJ2cXEgA\">Vulnerable: The Law, Policy and Ethics of COVID-19<\/a> (CC BY-NC-ND 4.0)<\/div>\n<div><span class=\"pdf-viewer-line\">The book, comprising 43 short chapters, is divided into 6 sub-<\/span><span class=\"pdf-viewer-line\">themes: federalism and governance, accountability, civil liberties, <\/span><span class=\"pdf-viewer-line\">equity, labour, and global health. Our approach is one primarily <\/span><span class=\"pdf-viewer-line\">grounded in law, because of the critical nature of law in defining <\/span><span class=\"pdf-viewer-line\">responsibilities, accountability, rights, distribution of wealth, and, <\/span><span class=\"pdf-viewer-line\">indeed, health. We have included other important disciplines, includ\u00ad<\/span><span class=\"pdf-viewer-line\">ing ethics, public policy, public health, and medicine.<\/span><\/div>\n<\/div>\n<\/div>\n<h1>Tools<\/h1>\n<p><a href=\"https:\/\/opencasebook.org\/\">H2O &#8211; Open Casebooks<\/a> (CC BY-NC-SA)<\/p>\n<p>H2O helps law faculty create high quality, open-licensed digital textbooks for free.\u00a0Collect materials, hide and annotate text, and distribute casebooks to your students quickly and reliably. H2O is easy to add to your class.<\/p>\n","protected":false},"author":20,"menu_order":1,"template":"","meta":{"pb_show_title":"on","pb_short_title":"","pb_subtitle":"","pb_authors":[],"pb_section_license":""},"chapter-type":[],"contributor":[],"license":[],"class_list":["post-242","chapter","type-chapter","status-publish","hentry"],"part":241,"_links":{"self":[{"href":"https:\/\/pressbooks.bccampus.ca\/oerguideuvic\/wp-json\/pressbooks\/v2\/chapters\/242","targetHints":{"allow":["GET"]}}],"collection":[{"href":"https:\/\/pressbooks.bccampus.ca\/oerguideuvic\/wp-json\/pressbooks\/v2\/chapters"}],"about":[{"href":"https:\/\/pressbooks.bccampus.ca\/oerguideuvic\/wp-json\/wp\/v2\/types\/chapter"}],"author":[{"embeddable":true,"href":"https:\/\/pressbooks.bccampus.ca\/oerguideuvic\/wp-json\/wp\/v2\/users\/20"}],"version-history":[{"count":20,"href":"https:\/\/pressbooks.bccampus.ca\/oerguideuvic\/wp-json\/pressbooks\/v2\/chapters\/242\/revisions"}],"predecessor-version":[{"id":1038,"href":"https:\/\/pressbooks.bccampus.ca\/oerguideuvic\/wp-json\/pressbooks\/v2\/chapters\/242\/revisions\/1038"}],"part":[{"href":"https:\/\/pressbooks.bccampus.ca\/oerguideuvic\/wp-json\/pressbooks\/v2\/parts\/241"}],"metadata":[{"href":"https:\/\/pressbooks.bccampus.ca\/oerguideuvic\/wp-json\/pressbooks\/v2\/chapters\/242\/metadata\/"}],"wp:attachment":[{"href":"https:\/\/pressbooks.bccampus.ca\/oerguideuvic\/wp-json\/wp\/v2\/media?parent=242"}],"wp:term":[{"taxonomy":"chapter-type","embeddable":true,"href":"https:\/\/pressbooks.bccampus.ca\/oerguideuvic\/wp-json\/pressbooks\/v2\/chapter-type?post=242"},{"taxonomy":"contributor","embeddable":true,"href":"https:\/\/pressbooks.bccampus.ca\/oerguideuvic\/wp-json\/wp\/v2\/contributor?post=242"},{"taxonomy":"license","embeddable":true,"href":"https:\/\/pressbooks.bccampus.ca\/oerguideuvic\/wp-json\/wp\/v2\/license?post=242"}],"curies":[{"name":"wp","href":"https:\/\/api.w.org\/{rel}","templated":true}]}}